{"id":91936,"date":"2026-04-09T02:54:17","date_gmt":"2026-04-09T05:54:17","guid":{"rendered":"https:\/\/concertacaoamazonia.com.br\/plenaria\/como-amplificar-a-bioeconomia-amazonica\/"},"modified":"2026-04-09T02:54:17","modified_gmt":"2026-04-09T05:54:17","slug":"como-amplificar-a-bioeconomia-amazonica","status":"publish","type":"plenarias","link":"https:\/\/concertacaoamazonia.com.br\/en\/plenaria\/como-amplificar-a-bioeconomia-amazonica\/","title":{"rendered":"Como amplificar a bioeconomia amaz\u00f4nica por meio da CT&amp;I"},"content":{"rendered":"\t\t<div data-elementor-type=\"wp-post\" data-elementor-id=\"91936\" class=\"elementor elementor-91936 elementor-58440\" data-elementor-post-type=\"plenarias\">\n\t\t\t\t<div class=\"elementor-element elementor-element-1260a563 e-flex e-con-boxed e-con e-parent\" data-id=\"1260a563\" data-element_type=\"container\" data-e-type=\"container\">\n\t\t\t\t\t<div class=\"e-con-inner\">\n\t\t\t\t<div class=\"elementor-element elementor-element-1ecc592f elementor-widget elementor-widget-text-editor\" data-id=\"1ecc592f\" data-element_type=\"widget\" data-e-type=\"widget\" data-widget_type=\"text-editor.default\">\n\t\t\t\t\t\t\t\t\t\n<h4 class=\"wp-block-heading\"><em>Encontro da rede Uma Concerta\u00e7\u00e3o pela Amaz\u00f4nia debate os desafios e as oportunidades geradas pela\u00a0<a class=\"google-anno\" href=\"https:\/\/pagina22.com.br\/2024\/06\/28\/como-amplificar-a-bioeconomia-amazonica-por-meio-da-cti\/#\">\u00a0<span class=\"google-anno-t\">ci\u00eancia<\/span><\/a>, tecnologia e inova\u00e7\u00e3o na regi\u00e3o. E traz o exemplo bem sucedido de uma ind\u00fastria que conseguiu harmonizar um processo produtivo altamente tecnol\u00f3gico com os conhecimentos ancestrais dos povos da floresta<\/em><\/h4>\n<p><strong><em>Por Magali Cabral<\/em><\/strong><\/p>\n\t\t\t\t\t\t\t\t<\/div>\n\t\t\t\t<div class=\"elementor-element elementor-element-4e9b66f elementor-widget elementor-widget-text-editor\" data-id=\"4e9b66f\" data-element_type=\"widget\" data-e-type=\"widget\" data-widget_type=\"text-editor.default\">\n\t\t\t\t\t\t\t\t\t<p>O que \u00e9 preciso fazer para que em cinco anos a regi\u00e3o amaz\u00f4nica tenha 25 empresas com um padr\u00e3o de automa\u00e7\u00e3o e sustentabilidade similar ao da 100% Amaz\u00f4nia, que em uma d\u00e9cada e meia de exist\u00eancia exportou cerca de R$ 100 milh\u00f5es em produtos florestais n\u00e3o made\u00ad\u00adireiros para mais de 70 pa\u00edses? Investir em\u00a0<a class=\"google-anno\" href=\"https:\/\/pagina22.com.br\/2024\/06\/28\/como-amplificar-a-bioeconomia-amazonica-por-meio-da-cti\/#\">\u00a0<span class=\"google-anno-t\">ci\u00eancia<\/span><\/a>, tecnologia e inova\u00e7\u00e3o \u00e9 uma resposta vaga em se tratando da complexidade amaz\u00f4nica. O desafio \u00e9 abrir caminhos para a CT&amp;I penetrar pelas florestas e cooperar com as comunidades tradicionais detentoras dos conhecimentos sobre a biodiversidade local, diante de tantos obst\u00e1culos que ainda se imp\u00f5em sobre a regi\u00e3o.<\/p>\t\t\t\t\t\t\t\t<\/div>\n\t\t\t\t<div class=\"elementor-element elementor-element-b755380 elementor-widget elementor-widget-text-editor\" data-id=\"b755380\" data-element_type=\"widget\" data-e-type=\"widget\" data-widget_type=\"text-editor.default\">\n\t\t\t\t\t\t\t\t\t<p>A pergunta inicial deste texto foi uma provoca\u00e7\u00e3o ret\u00f3rica do empres\u00e1rio e presidente do Conselho Superior de Inova\u00e7\u00e3o e Competitividade da Fiesp, Pedro Wongtschowski, feita \u00e0 cofundadora e CEO da 100% Amaz\u00f4nia, Fernanda Stefani, ambos convidados para falar na terceira plen\u00e1ria do ano realizada pela rede Uma Concerta\u00e7\u00e3o pela Amaz\u00f4nia, em 24 de junho. O encontro\u00a0<em>online,<\/em>\u00a0intitulado \u201cAmaz\u00f4nias no Centro:\u00a0<a class=\"google-anno\" href=\"https:\/\/pagina22.com.br\/2024\/06\/28\/como-amplificar-a-bioeconomia-amazonica-por-meio-da-cti\/#\">\u00a0<span class=\"google-anno-t\">ci\u00eancia<\/span><\/a>, tecnologia e inova\u00e7\u00e3o para a transforma\u00e7\u00e3o socioecol\u00f3gica\u201d, contou com media\u00e7\u00e3o da secret\u00e1ria executiva da Concerta\u00e7\u00e3o, L\u00edvia Pagotto, audi\u00eancia superior a uma centena de pessoas e acessibilidade em libras.<\/p>\n<p>O evento ainda apresentou algumas telas abstratas da artista pl\u00e1stica manaura Adriana Ramalho, que amplificam detalhes microsc\u00f3picos da natureza \u2013 suas obras passam a ilustrar neste momento todos os canais de\u00a0<a class=\"google-anno\" href=\"https:\/\/pagina22.com.br\/2024\/06\/28\/como-amplificar-a-bioeconomia-amazonica-por-meio-da-cti\/#\">\u00a0<span class=\"google-anno-t\">comunica\u00e7\u00e3o<\/span><\/a>\u00a0da Concerta\u00e7\u00e3o. Da mesma forma, como a\u00a0<a class=\"google-anno\" href=\"https:\/\/pagina22.com.br\/2024\/06\/28\/como-amplificar-a-bioeconomia-amazonica-por-meio-da-cti\/#\">\u00a0<span class=\"google-anno-t\">ci\u00eancia<\/span><\/a>, a tecnologia e a inova\u00e7\u00e3o podem amplificar o imenso potencial guardado na regi\u00e3o amaz\u00f4nica?<\/p>\n<p>A certeza maior de Fernanda Stefani \u00e9 que o uso da ci\u00eancia e da tecnologia sob o olhar ancestral do conhecimento local deve ser o grande diferencial dos neg\u00f3cios dentro da Amaz\u00f4nia. Mas, exce\u00e7\u00f5es \u00e0 parte, s\u00e3o os processos artesanais que ainda preponderam na realidade amaz\u00f4nica, segundo Wongtschowski, devido ao grande vazio de dados, que dificulta a formula\u00e7\u00e3o de pol\u00edticas p\u00fablicas e a atra\u00e7\u00e3o de investimentos privados. Ele lembra, no entanto, que a pr\u00f3pria Concerta\u00e7\u00e3o tem incentivado nos \u00faltimos anos a apresenta\u00e7\u00e3o de informa\u00e7\u00f5es cient\u00edficas importantes, bem como o MapBiomas, \u201coutro exemplo feliz de uma cole\u00e7\u00e3o precisa de dados sobre a ocupa\u00e7\u00e3o territorial da Amaz\u00f4nia Legal e do Brasil inteiro\u201d.<\/p>\t\t\t\t\t\t\t\t<\/div>\n\t\t\t\t<div class=\"elementor-element elementor-element-94bd7f8 elementor-widget elementor-widget-heading\" data-id=\"94bd7f8\" data-element_type=\"widget\" data-e-type=\"widget\" data-widget_type=\"heading.default\">\n\t\t\t\t\t<h2 class=\"elementor-heading-title elementor-size-default\">Para acender a luz<\/h2>\t\t\t\t<\/div>\n\t\t\t\t<div class=\"elementor-element elementor-element-51a1730 elementor-widget elementor-widget-text-editor\" data-id=\"51a1730\" data-element_type=\"widget\" data-e-type=\"widget\" data-widget_type=\"text-editor.default\">\n\t\t\t\t\t\t\t\t\t<p>O empres\u00e1rio destaca tr\u00eas medidas urgentes para fomentar o campo da CT&amp;I. Em primeiro lugar, \u00e9 necess\u00e1rio reequipar com urg\u00eancia os Institutos de\u00a0<a class=\"google-anno\" href=\"https:\/\/pagina22.com.br\/2024\/06\/28\/como-amplificar-a-bioeconomia-amazonica-por-meio-da-cti\/#\">\u00a0<span class=\"google-anno-t\">Ci\u00eancia<\/span><\/a>\u00a0e Tecnologia (ICTs) da Amaz\u00f4nia. A grande maioria deles opera em escala pequena, com recursos escassos e equipamentos antigos. \u201cEstive h\u00e1 um ano no Instituto Nacional de Pesquisas da Amaz\u00f4nia (Inpa) e testemunhei um punhado de her\u00f3is tentando desenvolver\u00a0<a class=\"google-anno\" href=\"https:\/\/pagina22.com.br\/2024\/06\/28\/como-amplificar-a-bioeconomia-amazonica-por-meio-da-cti\/#\">\u00a0<span class=\"google-anno-t\">ci\u00eancia<\/span><\/a>\u00a0de qualidade em instala\u00e7\u00f5es prec\u00e1rias e equipamentos antigos. Na \u00e9poca, o mesmo acontecia no Centro de Bioneg\u00f3cios da Amaz\u00f4nia (CBA) e em outros centros de pesquisa\u201d, aponta.<\/p>\n<p>Uma segunda medida \u00e9 buscar formas de essas institui\u00e7\u00f5es atra\u00edrem, reterem e fixarem jovens talentos na regi\u00e3o. \u201cNo caso do Inpa, sabemos que h\u00e1 um grande n\u00famero de aposentados trabalhando\u201d, informa. De acordo com o empres\u00e1rio, h\u00e1 expectativa de um concurso p\u00fablico para preencher um n\u00famero pequeno de vagas, que possibilitar\u00e1 um come\u00e7o, ainda que t\u00edmido, de repovoamento de suas unidades com novos recursos humanos.<\/p>\n<p>O terceiro ponto diz respeito \u00e0 governan\u00e7a. Wongtschowski acredita que, sem uma mudan\u00e7a dram\u00e1tica nos modelos atuais, ser\u00e1 muito dif\u00edcil obter avan\u00e7os. Por serem geralmente p\u00fablicas, as institui\u00e7\u00f5es de pesquisa cient\u00edfica ficam submetidas \u00e0s limita\u00e7\u00f5es dos recursos financeiros e \u00e0 lentid\u00e3o dos processos p\u00fablicos \u2013 concursos que levam meses para acontecer, dificuldade de substituir pessoas com baixa performance, entre outros empecilhos.<\/p>\n<p>Uma solu\u00e7\u00e3o sugerida \u00e9 transformar alguns desses ICTs em organiza\u00e7\u00f5es sociais. Na defesa dessa tese, ele cita algumas experi\u00eancias que considera exitosas. \u00c9 o caso do Centro Nacional de Pesquisa em Energia e Materiais (CNPEM), em Campinas (SP), da Empresa Brasileira de Pesquisa e Inova\u00e7\u00e3o (Embrapii), do Instituto de Matem\u00e1tica Aplicada (Impa), no Rio de Janeiro, e do Instituto de Desenvolvimento Sustent\u00e1vel Mamirau\u00e1, em Tef\u00e9 (AM). \u201cOrganiza\u00e7\u00f5es sociais s\u00e3o administradas como institui\u00e7\u00f5es privadas, via contratos de gest\u00e3o, e financiadas pelo Estado, mas n\u00e3o s\u00f3\u201d, explica.<\/p>\n<p>O empres\u00e1rio chama a aten\u00e7\u00e3o ainda para o fato de a Amaz\u00f4nia estar perdendo\u00a0<em>market share<\/em>\u00a0no mundo. \u201cA castanha-do-par\u00e1 j\u00e1 n\u00e3o \u00e9 mais s\u00f3 do Par\u00e1. O grosso da demanda pelo produto \u00e9 suprido atualmente pela Bol\u00edvia, muitas vezes com castanhas que o pa\u00eds importa do Brasil. Essas castanhas s\u00e3o tratadas, embaladas e padronizadas na Bol\u00edvia e depois exportadas para o mundo\u201d, afirma. Outros exemplos s\u00e3o o do pirarucu, em produ\u00e7\u00e3o na China, e do a\u00e7a\u00ed, que j\u00e1 pode ser encontrado na Col\u00f4mbia, no Equador e tamb\u00e9m no sul da Bahia e no Distrito Federal.<\/p>\t\t\t\t\t\t\t\t<\/div>\n\t\t\t\t<div class=\"elementor-element elementor-element-e6d7054 elementor-widget elementor-widget-text-editor\" data-id=\"e6d7054\" data-element_type=\"widget\" data-e-type=\"widget\" data-widget_type=\"text-editor.default\">\n\t\t\t\t\t\t\t\t\t<p style=\"text-align: center;\">\u201cCulturas tipicamente amaz\u00f4nicas come\u00e7am a se espalhar por outros locais que talvez n\u00e3o tenham as condi\u00e7\u00f5es clim\u00e1ticas ideais, mas contam com melhor log\u00edstica e m\u00e3o de obra dispon\u00edvel para fazer delas um produto rent\u00e1vel\u201d, arremata Wongtschowski.<\/p>\t\t\t\t\t\t\t\t<\/div>\n\t\t\t\t<div class=\"elementor-element elementor-element-92f361e elementor-widget elementor-widget-heading\" data-id=\"92f361e\" data-element_type=\"widget\" data-e-type=\"widget\" data-widget_type=\"heading.default\">\n\t\t\t\t\t<h2 class=\"elementor-heading-title elementor-size-default\">Driblando dificuldades<\/h2>\t\t\t\t<\/div>\n\t\t\t\t<div class=\"elementor-element elementor-element-06ae22a elementor-widget elementor-widget-text-editor\" data-id=\"06ae22a\" data-element_type=\"widget\" data-e-type=\"widget\" data-widget_type=\"text-editor.default\">\n\t\t\t\t\t\t\t\t\t<p>Fernanda Stefani conhece bem o comportamento do mercado internacional de produtos amaz\u00f4nicos. Ela e a s\u00f3cia, Joziane Alves, montaram 15 anos atr\u00e1s a empresa comercial de exporta\u00e7\u00e3o de castanhas e frutos amaz\u00f4nicos, mas n\u00e3o demoraram a perceber que para sair do lugar teriam de fazer diferente. \u201cFicar trocando a castanha de A pela castanha de B n\u00e3o nos levaria, nem a ningu\u00e9m, a lugar nenhum. Era preciso transformar a castanha em um produto que fosse \u00fanico no mundo. Afinal, castanha por castanha, como o Pedro [Wongtschowski] afirmou, j\u00e1 tem em outras regi\u00f5es do mundo\u201d.<\/p>\n<p>Foi o que fizeram as empres\u00e1rias da 100% Amaz\u00f4nia, o que naturalmente exigiu muito investimento em CT&amp;I. Atuando em parceria com centros de pesquisa e fomentando a cria\u00e7\u00e3o de cooperativas entre agricultores familiares, elas foram transformando os frutos amaz\u00f4nicos org\u00e2nicos em pur\u00eas, polpas, xaropes, p\u00f3s, manteigas, \u00f3leos, esfoliantes etc., sempre valorizando e incorporando o conhecimento ancestral aos produtos, o que para Stefani tamb\u00e9m \u00e9\u00a0<a class=\"google-anno\" href=\"https:\/\/pagina22.com.br\/2024\/06\/28\/como-amplificar-a-bioeconomia-amazonica-por-meio-da-cti\/#\">\u00a0<span class=\"google-anno-t\">ci\u00eancia<\/span><\/a>.<\/p>\t\t\t\t\t\t\t\t<\/div>\n\t\t\t\t<div class=\"elementor-element elementor-element-fd0b7a0 elementor-widget elementor-widget-text-editor\" data-id=\"fd0b7a0\" data-element_type=\"widget\" data-e-type=\"widget\" data-widget_type=\"text-editor.default\">\n\t\t\t\t\t\t\t\t\t<blockquote class=\"wp-block-quote is-layout-flow wp-block-quote-is-layout-flow\">\n<p>\u201cAqui na Amaz\u00f4nia, esbarramos em\u00a0<a class=\"google-anno\" href=\"https:\/\/pagina22.com.br\/2024\/06\/28\/como-amplificar-a-bioeconomia-amazonica-por-meio-da-cti\/#\">\u00a0<span class=\"google-anno-t\">ci\u00eancia<\/span><\/a>\u00a0todos os dias, em todos os lugares\u201d, afirma. \u201cA diferen\u00e7a \u00e9 que \u00e9 uma ci\u00eancia pouco valorizada e quase nunca percebida\u201d, diz Stafani .<\/p>\n<\/blockquote>\t\t\t\t\t\t\t\t<\/div>\n\t\t\t\t<div class=\"elementor-element elementor-element-0262551 elementor-widget elementor-widget-text-editor\" data-id=\"0262551\" data-element_type=\"widget\" data-e-type=\"widget\" data-widget_type=\"text-editor.default\">\n\t\t\t\t\t\t\t\t\t<p>O modelo de neg\u00f3cios sobre o qual se desenhou a 100% Amaz\u00f4nia envolve, portanto, dois pilares importantes. Um deles se refere ao fortalecimento das comunidades locais, via agricultura familiar. Isso \u00e9 feito por meio do fomento de cooperativas dentro da Amaz\u00f4nia. \u00c9 a partir delas que a ind\u00fastria garante grandes volumes de produ\u00e7\u00e3o para dar conta de escalas anuais em torno de 20 toneladas de cumaru, 60 toneladas de guaran\u00e1 e 3 mil toneladas de a\u00e7a\u00ed. E s\u00e3o elas tamb\u00e9m que contribuem com a conserva\u00e7\u00e3o de 160 mil hectares de floresta.<\/p>\n<p>Sempre que poss\u00edvel, Stefani gosta de exibir os bons resultados obtidos pelas cooperativas parceiras da 100% Amaz\u00f4nia aos produtores de commodities, como a soja, para demonstrar que se ganha dinheiro com bioeconomia e com a conserva\u00e7\u00e3o da biodiversidade.<\/p>\n<p>O outro pilar do neg\u00f3cio \u00e9 o complexo industrial que criaram em Bel\u00e9m, constituindo a empresa. A planta \u00e9 composta pela F\u00e1brica da Floresta \u2013 cujas linhas automatizadas, com o uso de rob\u00f3tica em algumas fases da cadeia de produ\u00e7\u00e3o, transformam frutas, sementes e outros recursos naturais em bioingredientes para ind\u00fastrias de diversos setores; pela empresa comercial de exporta\u00e7\u00e3o, que manda pra fora do Pa\u00eds mais de 50 produtos, todos com tecnologia de rastreabilidade incorporada e selos de sustentabilidade; e, por fim, h\u00e1 um\u00a0<em>lab<\/em>\u00a0de inova\u00e7\u00e3o de produtos e servi\u00e7os. \u201cJ\u00e1 temos projetos em andamento nesse\u00a0<em>lab<\/em>, outros sendo incubados e alguns prontos para ganhar escala\u201d, comemora Stefani.<\/p>\n<p>A 100% Amaz\u00f4nia impacta diretamente em seu conjunto de atividades 590 fam\u00edlias, que representam hoje 40% do potencial projetado. Isso significa que mais de mil fam\u00edlias ser\u00e3o beneficiadas quando toda a capacidade de produ\u00e7\u00e3o for trazida para dentro da f\u00e1brica. A inclus\u00e3o socioprodutiva da F\u00e1brica da Floresta, segundo Stefani, \u00e9 o que garante tanto a sustentabilidade dos recursos naturais como a implementa\u00e7\u00e3o da integra\u00e7\u00e3o de TI \u2013 que opera QR Codes, drones, sensores IoT e imagens de sat\u00e9lite.<\/p>\n<p>A empres\u00e1ria procura demonstrar com essas informa\u00e7\u00f5es que a tecnologia n\u00e3o tira o trabalho das pessoas: \u201cEu prefiro contratar algu\u00e9m para programar rob\u00f4 do que para ficar colocando e tirando castanhas do lugar em tarefas fabris repetitivas. O futuro do trabalho n\u00e3o \u00e9 repetitivo\u201d, diz.<\/p>\t\t\t\t\t\t\t\t<\/div>\n\t\t\t\t<div class=\"elementor-element elementor-element-227ba37 elementor-widget elementor-widget-heading\" data-id=\"227ba37\" data-element_type=\"widget\" data-e-type=\"widget\" data-widget_type=\"heading.default\">\n\t\t\t\t\t<h2 class=\"elementor-heading-title elementor-size-default\">A retomada<\/h2>\t\t\t\t<\/div>\n\t\t\t\t<div class=\"elementor-element elementor-element-bb146c6 elementor-widget elementor-widget-text-editor\" data-id=\"bb146c6\" data-element_type=\"widget\" data-e-type=\"widget\" data-widget_type=\"text-editor.default\">\n\t\t\t\t\t\t\t\t\t<p>Cinco anos talvez n\u00e3o sejam suficientes para povoar a imensid\u00e3o da Amaz\u00f4nia Legal com modelos semelhantes \u00e0 100%Amaz\u00f4nia, como gostaria Pedro Wongtschowski, o que n\u00e3o impede que caminhos continuem sendo \u201cpavimentados\u201d. A tamb\u00e9m convidada para a plen\u00e1ria Tanara Lauschener, subsecret\u00e1ria de\u00a0<a class=\"google-anno\" href=\"https:\/\/pagina22.com.br\/2024\/06\/28\/como-amplificar-a-bioeconomia-amazonica-por-meio-da-cti\/#\">\u00a0<span class=\"google-anno-t\">Ci\u00eancia<\/span><\/a>\u00a0e Tecnologia para a Amaz\u00f4nia no Minist\u00e9rio de\u00a0<a class=\"google-anno\" href=\"https:\/\/pagina22.com.br\/2024\/06\/28\/como-amplificar-a-bioeconomia-amazonica-por-meio-da-cti\/#\">\u00a0<span class=\"google-anno-t\">Ci\u00eancia<\/span><\/a>, Tecnologia e Inova\u00e7\u00e3o (MCTI), sabe bem das condi\u00e7\u00f5es de sucateamento dos centros de pesquisa da regi\u00e3o e justifica: \u201cEstamos vindo de um per\u00edodo muito complicado para a\u00a0<a class=\"google-anno\" href=\"https:\/\/pagina22.com.br\/2024\/06\/28\/como-amplificar-a-bioeconomia-amazonica-por-meio-da-cti\/#\">\u00a0<span class=\"google-anno-t\">ci\u00eancia<\/span><\/a>\u00a0brasileira e ainda n\u00e3o conseguimos retomar o ritmo ideal. Nos \u00faltimos anos tamb\u00e9m perdemos muitas pessoas para o exterior e estamos tratando de recuper\u00e1-las\u201d.<\/p>\n<p>Das provid\u00eancias que o governo federal est\u00e1 tomando para reanimar o setor de pesquisas cient\u00edficas, Tanara Lauschener destaca a retomada do Fundo Nacional de Desenvolvimento Cient\u00edfico e Tecnol\u00f3gico (FNDCT), um importante mecanismo para financiar pesquisas cient\u00edficas, que conta com uma linha de quase R$ 13 bilh\u00f5es. Ela explica que os recursos n\u00e3o ser\u00e3o mais aplicados de maneira pulverizada como no passado. Para receber uma inje\u00e7\u00e3o desses recursos foram contemplados dez programas, um dos quais, o Pr\u00f3-Amaz\u00f4nia, espec\u00edfico para a regi\u00e3o.\u00a0<\/p>\t\t\t\t\t\t\t\t<\/div>\n\t\t\t\t<div class=\"elementor-element elementor-element-06c0d7f elementor-widget elementor-widget-text-editor\" data-id=\"06c0d7f\" data-element_type=\"widget\" data-e-type=\"widget\" data-widget_type=\"text-editor.default\">\n\t\t\t\t\t\t\t\t\t<blockquote class=\"wp-block-quote is-layout-flow wp-block-quote-is-layout-flow\">\n<p>\u201cUm dos objetivos desse programa \u00e9 tentar diminuir a diferen\u00e7a de recursos do FNDCT aplicados no Sul e Sudeste em rela\u00e7\u00e3o ao que vai para o Norte e Nordeste. O programa visa tamb\u00e9m reduzir as assimetrias regionais no sistema de\u00a0<a class=\"google-anno\" href=\"https:\/\/pagina22.com.br\/2024\/06\/28\/como-amplificar-a-bioeconomia-amazonica-por-meio-da-cti\/#\">\u00a0<span class=\"google-anno-t\">ci\u00eancia<\/span><\/a>\u00a0e tecnologia\u201d, informa Lauschener.<\/p>\n<\/blockquote>\t\t\t\t\t\t\t\t<\/div>\n\t\t\t\t<div class=\"elementor-element elementor-element-6111a73 elementor-widget elementor-widget-text-editor\" data-id=\"6111a73\" data-element_type=\"widget\" data-e-type=\"widget\" data-widget_type=\"text-editor.default\">\n\t\t\t\t\t\t\t\t\t<p>Entre os demais programas, alguns tamb\u00e9m contemplam a Amaz\u00f4nia Legal. \u00c9 o caso do Proinfra, programa de infraestrutura, que reservar\u00e1 30% dos recursos para a regi\u00e3o Norte, Nordeste e Centro-Oeste; e do Mais Inova\u00e7\u00e3o, que publicar\u00e1 v\u00e1rios editais na \u00e1rea de bioeconomia, com aten\u00e7\u00e3o para a conserva\u00e7\u00e3o dos biomas.<\/p>\n<p>Ela adianta que um dos editais para o Pr\u00f3-Amaz\u00f4nia, em elabora\u00e7\u00e3o pela Subsecretaria, prev\u00ea infraestrutura para cole\u00e7\u00f5es biol\u00f3gicas e museus, e infraestrutura geral no interior do Amazonas. A estrat\u00e9gia \u00e9 oferecer a coordena\u00e7\u00e3o desse projeto a institui\u00e7\u00f5es preferencialmente sediadas no interior, e n\u00e3o na capital. Outro edital abrir\u00e1 uma linha de subven\u00e7\u00e3o n\u00e3o reembols\u00e1vel para empresas investidoras em forma\u00e7\u00e3o de empreendedores, em bioeconomia, em solu\u00e7\u00f5es de conectividade, em energias renov\u00e1veis e em tratamento de \u00e1gua. E um terceiro destina-se a fomentar a cria\u00e7\u00e3o de redes de pesquisa com vistas ao aumento do conhecimento da sociobiodiversidade da regi\u00e3o. \u201cA proposta \u00e9 que as redes se concentrem em um tema, mas que possam receber a colabora\u00e7\u00e3o de v\u00e1rios setores\u201d, explica a gestora p\u00fablica.<\/p>\n<p>Por fim, a Subsecretaria trabalha tamb\u00e9m em uma linha para coopera\u00e7\u00e3o internacional. \u201cEstamos tendo boas conversas com pesquisadores da Organiza\u00e7\u00e3o do Tratado de Coopera\u00e7\u00e3o Amaz\u00f4nica (OTCA), para que possamos compartilhar pesquisas e pesquisadores no \u00e2mbito da regi\u00e3o pan-amaz\u00f4nica\u201d.<\/p>\n<p>Cientes da import\u00e2ncia da agenda de CT&amp;I na regi\u00e3o amaz\u00f4nica, dois institutos brasileiros \u2013 Arapya\u00fa e Agni \u2013 uniram-se em torno da iniciativa \u201cEstrat\u00e9gia para fortalecer CT&amp;I em bioeconomia na Amaz\u00f4nia\u201d, criada em 2023. Para conhecer as principais linhas e informa\u00e7\u00f5es sobre a estrat\u00e9gia e ler uma reportagem que aprofunda o tema<a href=\"https:\/\/pagina22.com.br\/2024\/01\/31\/cti-na-amazonia-e-hora-de-criar-pontes\/\">\u00a0<\/a><a href=\"https:\/\/pagina22.com.br\/2024\/01\/31\/cti-na-amazonia-e-hora-de-criar-pontes\/\" target=\"_blank\" rel=\"noreferrer noopener\">clique aqui<\/a>.<\/p>\t\t\t\t\t\t\t\t<\/div>\n\t\t\t\t<div class=\"elementor-element elementor-element-fd4a6cc elementor-widget elementor-widget-heading\" data-id=\"fd4a6cc\" data-element_type=\"widget\" data-e-type=\"widget\" data-widget_type=\"heading.default\">\n\t\t\t\t\t<h2 class=\"elementor-heading-title elementor-size-default\">Muita legisla\u00e7\u00e3o e pouca a\u00e7\u00e3o\n\n<\/h2>\t\t\t\t<\/div>\n\t\t\t\t<div class=\"elementor-element elementor-element-d6ab7ba elementor-widget elementor-widget-text-editor\" data-id=\"d6ab7ba\" data-element_type=\"widget\" data-e-type=\"widget\" data-widget_type=\"text-editor.default\">\n\t\t\t\t\t\t\t\t\t<p>Ana L\u00facia Assad, diretora executiva da Associa\u00e7\u00e3o Brasileira de Estudo das Abelhas, em um aparte durante a plen\u00e1ria, falou sobre a dificuldade de encontrar recursos humanos dispostos a se fixarem em CTIs amaz\u00f4nicas, um dos desafios levantados por Pedro Wongtschowski. Para ela, \u201cformar pessoas da regi\u00e3o para a regi\u00e3o\u201d parece ser o caminho mais curto e \u00f3bvio para solucionar o problema. \u00c9 natural que um pesquisador de Minas Gerais, acostumado a certos confortos urbanos, n\u00e3o se adapte \u00e0s condi\u00e7\u00f5es de vida no interior amaz\u00f4nico \u2013 o que dificilmente aconteceria com jovens locais diante da oportunidade de trabalhar pela conserva\u00e7\u00e3o de seus pr\u00f3prios territ\u00f3rios, como pesquisadores ou parataxonomistas (mais conhecidos por mateiros).<\/p>\n<p>Tanara Lauschener, embora nascida em Santa Catarina, vive na Amaz\u00f4nia desde os cinco anos de idade e tamb\u00e9m acredita que investir em forma\u00e7\u00e3o local de pesquisadores \u00e9 central para superar esse desafio. \u201cCapacitar pessoas que t\u00eam rela\u00e7\u00e3o afetiva com o territ\u00f3rio \u00e9, de fato, a melhor maneira de evitar um \u00eaxodo, principalmente de jovens\u201d. O edital para compor as redes de pesquisa em sociobiodiversidade, segundo ela, tentar\u00e1 atrair candidatos locais mais comprometidos com os territ\u00f3rios.<\/p>\n<p>Mas enquanto a infraestrutura n\u00e3o chegar para valer, muito pouco desses projetos t\u00eam chance de se capilarizar pela regi\u00e3o. Afinal, sem energia e internet ningu\u00e9m coleta, organiza, nem difunde dados cient\u00edficos. Sem dados, n\u00e3o h\u00e1 CT&amp;I, e sem CT&amp;I a Amaz\u00f4nia seguir\u00e1, em grande parte, desconhecida. Assad afirma que s\u00e3o d\u00e9cadas de discuss\u00e3o sobre o tema, mas pouco acontece. N\u00e3o por falta de legisla\u00e7\u00e3o. Criar mais pol\u00edticas e programas \u00e9 perda de tempo, na opini\u00e3o dela. \u201cAs pol\u00edticas j\u00e1 existem em quantidade mais do que suficiente, o que falta \u00e9 implant\u00e1-las. J\u00e1 temos os programas de infraestrutura da Finep, os de subven\u00e7\u00e3o econ\u00f4mica, as bolsas e programas de desenvolvimento regional, tudo isso j\u00e1 existe\u201d, insiste.<\/p>\n<p>Fernanda Stefani explica que vivenciar as dificuldades log\u00edsticas e de infraestrutura provocam muita ang\u00fastia no dia a dia. Sua empresa mant\u00e9m um projeto de guaran\u00e1 org\u00e2nico certificado com agricultores familiares do Alto Urupadi, no munic\u00edpio de Mau\u00e9s (AM). Ali, a comunidade n\u00e3o \u00e9 servida de eletricidade, nem de sinal de celular. \u201cS\u00f3 conseguimos nos\u00a0<a class=\"google-anno\" href=\"https:\/\/pagina22.com.br\/2024\/06\/28\/como-amplificar-a-bioeconomia-amazonica-por-meio-da-cti\/#\">\u00a0<span class=\"google-anno-t\">comunicar<\/span><\/a>\u00a0uma vez por m\u00eas, quando eles se deslocam at\u00e9 o centro de Mau\u00e9s\u201d.<\/p>\n<p>Essa falta de infraestrutura atrapalha muito a vida deles e a dela tamb\u00e9m. \u201cS\u00f3 quem vive em territ\u00f3rio amaz\u00f4nico entende a dor que sentimos no dia a dia diante dessas dificuldades pelas quais passam as popula\u00e7\u00f5es mais isoladas. Felizmente s\u00e3o dores que v\u00eam acompanhadas tamb\u00e9m do prazer de estarmos colhendo bons resultados no nosso trabalho e, sobretudo, provocando mudan\u00e7as importantes na vida de tanta gente\u201d.<\/p>\t\t\t\t\t\t\t\t<\/div>\n\t\t\t\t\t<\/div>\n\t\t\t\t<\/div>\n\t\t\t\t<\/div>\n\t\t","protected":false},"excerpt":{"rendered":"","protected":false},"author":226,"featured_media":0,"template":"","veiculo":[],"ano":[],"eixos":[],"class_list":["post-91936","plenarias","type-plenarias","status-publish","hentry"],"_links":{"self":[{"href":"https:\/\/concertacaoamazonia.com.br\/en\/wp-json\/wp\/v2\/plenarias\/91936","targetHints":{"allow":["GET"]}}],"collection":[{"href":"https:\/\/concertacaoamazonia.com.br\/en\/wp-json\/wp\/v2\/plenarias"}],"about":[{"href":"https:\/\/concertacaoamazonia.com.br\/en\/wp-json\/wp\/v2\/types\/plenarias"}],"author":[{"embeddable":true,"href":"https:\/\/concertacaoamazonia.com.br\/en\/wp-json\/wp\/v2\/users\/226"}],"version-history":[{"count":0,"href":"https:\/\/concertacaoamazonia.com.br\/en\/wp-json\/wp\/v2\/plenarias\/91936\/revisions"}],"wp:attachment":[{"href":"https:\/\/concertacaoamazonia.com.br\/en\/wp-json\/wp\/v2\/media?parent=91936"}],"wp:term":[{"taxonomy":"veiculo","embeddable":true,"href":"https:\/\/concertacaoamazonia.com.br\/en\/wp-json\/wp\/v2\/veiculo?post=91936"},{"taxonomy":"ano","embeddable":true,"href":"https:\/\/concertacaoamazonia.com.br\/en\/wp-json\/wp\/v2\/ano?post=91936"},{"taxonomy":"eixos","embeddable":true,"href":"https:\/\/concertacaoamazonia.com.br\/en\/wp-json\/wp\/v2\/eixos?post=91936"}],"curies":[{"name":"wp","href":"https:\/\/api.w.org\/{rel}","templated":true}]}}