{"id":47206,"date":"2023-10-25T15:26:38","date_gmt":"2023-10-25T18:26:38","guid":{"rendered":"https:\/\/concertacaoamazonia.com.br\/plenaria\/land-use-planning-and-land-regularization-between-challenges-and-opportunities\/"},"modified":"2023-11-17T15:32:22","modified_gmt":"2023-11-17T18:32:22","slug":"land-use-planning-and-land-regularization-between-challenges-and-opportunities","status":"publish","type":"plenarias","link":"https:\/\/concertacaoamazonia.com.br\/en\/plenaria\/land-use-planning-and-land-regularization-between-challenges-and-opportunities\/","title":{"rendered":"Land Use Planning and Land Regularization: Between Challenges and Opportunities"},"content":{"rendered":"\t\t<div data-elementor-type=\"wp-post\" data-elementor-id=\"47206\" class=\"elementor elementor-47206 elementor-47194\" data-elementor-post-type=\"plenarias\">\n\t\t\t\t<div class=\"elementor-element elementor-element-710fca9f e-flex e-con-boxed e-con e-parent\" data-id=\"710fca9f\" data-element_type=\"container\" data-e-type=\"container\">\n\t\t\t\t\t<div class=\"e-con-inner\">\n\t\t\t\t<div class=\"elementor-element elementor-element-19b495e5 elementor-widget elementor-widget-text-editor\" data-id=\"19b495e5\" data-element_type=\"widget\" data-e-type=\"widget\" data-widget_type=\"text-editor.default\">\n\t\t\t\t\t\t\t\t\t<p>The 5th Concertation Meeting of 2023 focused on the challenges and opportunities in land use planning and tenure regularization (OTRF, in Portuguese) in the Amazon. It was held on October 16th in partnership with the Land Governance Institute.<\/p>\n<p>With nearly 100 attendees and mediated by the Concertation&#8217;s executive secretaries, L\u00edvia Pagotto and Fernanda Renn\u00f3, the event began with the display of video \u201c<a href=\"https:\/\/www.youtube.com\/watch?v=5CP0xYOLEcM\" target=\"_blank\" rel=\"noopener\">A vida do solo<\/a>\u201d, by agroecologist<a href=\"https:\/\/anamariaprimavesi.com.br\/\" target=\"_blank\" rel=\"noopener\"> Ana Maria Primavesi,<\/a> in reference to the World Food Day (10\/16). Fernanda Renn\u00f3 highlighted the link between the topics covered in the video and the meeting\u00b4s agenda, particularly the biological complexity of the soil, an issue prior to the organization and use of the land itself:<\/p>\n\t\t\t\t\t\t\t\t<\/div>\n\t\t\t\t<div class=\"elementor-element elementor-element-c4d0865 elementor-widget elementor-widget-spacer\" data-id=\"c4d0865\" data-element_type=\"widget\" data-e-type=\"widget\" data-widget_type=\"spacer.default\">\n\t\t\t\t\t\t\t<div class=\"elementor-spacer\">\n\t\t\t<div class=\"elementor-spacer-inner\"><\/div>\n\t\t<\/div>\n\t\t\t\t\t\t<\/div>\n\t\t\t\t<div class=\"elementor-element elementor-element-c140112 elementor-widget elementor-widget-text-editor\" data-id=\"c140112\" data-element_type=\"widget\" data-e-type=\"widget\" data-widget_type=\"text-editor.default\">\n\t\t\t\t\t\t\t\t\t<p>Fernanda then announced that the visual identity of the Concertation is now inspired by the art of<a href=\"https:\/\/www.instagram.com\/ueliton_santanaa\" target=\"_blank\" rel=\"noopener\"> Ueliton Santana<\/a>, an artist from Acre whose work reflects the intertwining of local culture with the grandeur of the Amazon rainforest:<\/p>\n\t\t\t\t\t\t\t\t<\/div>\n\t\t\t\t<div class=\"elementor-element elementor-element-5fc0260 elementor-widget elementor-widget-image\" data-id=\"5fc0260\" data-element_type=\"widget\" data-e-type=\"widget\" data-widget_type=\"image.default\">\n\t\t\t\t\t\t\t\t\t\t\t\t\t\t\t<img loading=\"lazy\" decoding=\"async\" width=\"800\" height=\"312\" src=\"https:\/\/concertacaoamazonia.com.br\/wp-content\/uploads\/2022\/02\/IMAGEM_3_BAIXA-redim-1024x399.jpg\" class=\"attachment-large size-large wp-image-46287\" alt=\"\" srcset=\"https:\/\/concertacaoamazonia.com.br\/wp-content\/uploads\/2022\/02\/IMAGEM_3_BAIXA-redim-1024x399.jpg 1024w, https:\/\/concertacaoamazonia.com.br\/wp-content\/uploads\/2022\/02\/IMAGEM_3_BAIXA-redim-300x117.jpg 300w, https:\/\/concertacaoamazonia.com.br\/wp-content\/uploads\/2022\/02\/IMAGEM_3_BAIXA-redim-768x299.jpg 768w, https:\/\/concertacaoamazonia.com.br\/wp-content\/uploads\/2022\/02\/IMAGEM_3_BAIXA-redim-1536x598.jpg 1536w, https:\/\/concertacaoamazonia.com.br\/wp-content\/uploads\/2022\/02\/IMAGEM_3_BAIXA-redim.jpg 1600w\" sizes=\"auto, (max-width: 800px) 100vw, 800px\" loading=\"lazy\" \/>\t\t\t\t\t\t\t\t\t\t\t\t\t\t\t<\/div>\n\t\t\t\t<div class=\"elementor-element elementor-element-d0c16b6 elementor-widget elementor-widget-text-editor\" data-id=\"d0c16b6\" data-element_type=\"widget\" data-e-type=\"widget\" data-widget_type=\"text-editor.default\">\n\t\t\t\t\t\t\t\t\t<p style=\"text-align: center;\"><strong>&#8220;The first challenge is to build a land use planning registry for the Amazon, including the different layers of land use types&#8221;<\/strong><\/p>\r\n<p style=\"text-align: center;\"><strong>(Gabriel Siqueira)<\/strong><\/p>\t\t\t\t\t\t\t\t<\/div>\n\t\t\t\t<div class=\"elementor-element elementor-element-2528446 elementor-widget elementor-widget-spacer\" data-id=\"2528446\" data-element_type=\"widget\" data-e-type=\"widget\" data-widget_type=\"spacer.default\">\n\t\t\t\t\t\t\t<div class=\"elementor-spacer\">\n\t\t\t<div class=\"elementor-spacer-inner\"><\/div>\n\t\t<\/div>\n\t\t\t\t\t\t<\/div>\n\t\t\t\t<div class=\"elementor-element elementor-element-c5a2ce0 elementor-widget elementor-widget-text-editor\" data-id=\"c5a2ce0\" data-element_type=\"widget\" data-e-type=\"widget\" data-widget_type=\"text-editor.default\">\n\t\t\t\t\t\t\t\t\tGabriel Siqueira, president of the Land Governance Institute (IGT) and facilitator of the Concertation\u00b4s OTRF WG, was the first guest to speak. He sought to contextualize the level of knowledge available today about the Amazon territory, considering that there is no unified registry today that gathers all information in an organized, transparent and accessible manner. Therefore, the first challenge is to build this database.\r\n\r\n&nbsp;\r\n\r\nAs an example, Gabriel displayed a map of the Legal Amazon on which the IGT released data available in public agencies such as Incra (National Institute for Colonization and Agrarian Reform), Funai (National Foundation of Indigenous Peoples) and Sigef (Land Management System). As layers of information were added to the database, it was possible to visualize the overlapping of countless uses and land rights. Likewise, \u201cempty\u201d spaces emerged, which do not correspond to unoccupied areas, but to areas about which there is still no information.\r\n\r\n&nbsp;\r\n\r\nSuch data fragility and limitations compromise the understanding and planning of the territory. For him, \u201cknowing what belongs to whom, and where, is a task that precedes land use planning in the Amazon\u201d.\t\t\t\t\t\t\t\t<\/div>\n\t\t\t\t<div class=\"elementor-element elementor-element-f71a67a elementor-widget elementor-widget-text-editor\" data-id=\"f71a67a\" data-element_type=\"widget\" data-e-type=\"widget\" data-widget_type=\"text-editor.default\">\n\t\t\t\t\t\t\t\t\t<p style=\"text-align: center;\"><strong>&#8220;Environmental regularization cannot be carried out separately from land tenure regularization. One is a prerequisite for the other&#8221;<\/strong><\/p>\r\n<p style=\"text-align: center;\"><strong>(Andr\u00e9 Lima) <\/strong><\/p>\t\t\t\t\t\t\t\t<\/div>\n\t\t\t\t<div class=\"elementor-element elementor-element-8caae40 elementor-widget elementor-widget-spacer\" data-id=\"8caae40\" data-element_type=\"widget\" data-e-type=\"widget\" data-widget_type=\"spacer.default\">\n\t\t\t\t\t\t\t<div class=\"elementor-spacer\">\n\t\t\t<div class=\"elementor-spacer-inner\"><\/div>\n\t\t<\/div>\n\t\t\t\t\t\t<\/div>\n\t\t\t\t<div class=\"elementor-element elementor-element-92cbfe0 elementor-widget elementor-widget-text-editor\" data-id=\"92cbfe0\" data-element_type=\"widget\" data-e-type=\"widget\" data-widget_type=\"text-editor.default\">\n\t\t\t\t\t\t\t\t\tNext, Andr\u00e9 Lima, Special Secretary for Deforestation Control and Land Environmental Planning of the Ministry of Environment and Climate Change (MMA), explained the federal government&#8217;s efforts on OTRF. He highlighted the Permanent Interministerial Commission for the Prevention and Control of Deforestation and its subcommittee \u201cAmazonia\u201d, the resumption of actions by the Amazon Fund, the development of the fifth stage of the PPCDAm (Action Plan for the Prevention and Control of Deforestation in the Legal Amazon), the creation of program &#8220;Uni\u00e3o com Munic\u00edpios pela Redu\u00e7\u00e3o de Desmatamento e Inc\u00eandios Florestais&#8221; (Union with Municipalities for the Reduction of Deforestation and Forest Fires) and the establishment of the Land Use Planning office.\r\n\r\n&nbsp;\r\n\r\nAndr\u00e9 argued that, at this time, the government is facing three main challenges: accelerating studies for the allocation of public lands; blocking areas with an already defined destination, but the implementation process of which has not yet been completed; and deciding what to be done with federal areas that do not have a defined destination to prevent them from being used for forest-degrading activities.\t\t\t\t\t\t\t\t<\/div>\n\t\t\t\t<div class=\"elementor-element elementor-element-5ee7db6 elementor-widget elementor-widget-text-editor\" data-id=\"5ee7db6\" data-element_type=\"widget\" data-e-type=\"widget\" data-widget_type=\"text-editor.default\">\n\t\t\t\t\t\t\t\t\t<p style=\"text-align: center;\"><strong>&#8220;Our aim is to build a national land governance policy<\/strong>&#8220;<\/p>\r\n<p style=\"text-align: center;\"><strong>(Mois\u00e9s Savian)<\/strong><\/p>\t\t\t\t\t\t\t\t<\/div>\n\t\t\t\t<div class=\"elementor-element elementor-element-0a3a9c7 elementor-widget elementor-widget-spacer\" data-id=\"0a3a9c7\" data-element_type=\"widget\" data-e-type=\"widget\" data-widget_type=\"spacer.default\">\n\t\t\t\t\t\t\t<div class=\"elementor-spacer\">\n\t\t\t<div class=\"elementor-spacer-inner\"><\/div>\n\t\t<\/div>\n\t\t\t\t\t\t<\/div>\n\t\t\t\t<div class=\"elementor-element elementor-element-c01b768 elementor-widget elementor-widget-text-editor\" data-id=\"c01b768\" data-element_type=\"widget\" data-e-type=\"widget\" data-widget_type=\"text-editor.default\">\n\t\t\t\t\t\t\t\t\tIn turn, Mois\u00e9s Savian, Secretary of Land Governance, Tenure and Socio-Environmental Development of the Ministry of Agrarian Development (MDA), recalled that the MDA is being rebuilt and is already showing results, such as the resumption of the agrarian development policy and family farming, agrarian credit and participation in the Technical Chamber for Land Destination and Regularization of Federal Rural Public Lands.\r\n\r\n&nbsp;\r\n\r\nThe Ministry states that it is dedicated to working towards a long-term policy for the allocation of public lands, which does not consolidate a speculative perspective or favor those engaged in wrongdoing. For this purpose, a WG was created to study the proposal to build a national land governance policy. In addition to the dimensions of\u00a0 public land registration and management, this policy must include the dimension of agrarian reform, land assessment and taxation, agrarian conflicts and the guarantee of territory for original and traditional peoples.\r\n\r\n&nbsp;\r\n\r\nSavian considers that the land issue is historic and that the current presidential mandate will not be sufficient to resolve it. In this context, the MDA wishes to offer Brazilian society a permanent path to solving the problem, which cannot be susceptible to changes in power.\t\t\t\t\t\t\t\t<\/div>\n\t\t\t\t<div class=\"elementor-element elementor-element-3bc6927 elementor-widget elementor-widget-text-editor\" data-id=\"3bc6927\" data-element_type=\"widget\" data-e-type=\"widget\" data-widget_type=\"text-editor.default\">\n\t\t\t\t\t\t\t\t\t<p style=\"text-align: center;\"><strong>&#8220;Forest protection must be the focus of any discussion on climate emergency&#8221;<\/strong><\/p>\r\n<p style=\"text-align: center;\"><strong>(Jos\u00e9 Benatti)<\/strong><\/p>\t\t\t\t\t\t\t\t<\/div>\n\t\t\t\t<div class=\"elementor-element elementor-element-4ce44e0 elementor-widget elementor-widget-spacer\" data-id=\"4ce44e0\" data-element_type=\"widget\" data-e-type=\"widget\" data-widget_type=\"spacer.default\">\n\t\t\t\t\t\t\t<div class=\"elementor-spacer\">\n\t\t\t<div class=\"elementor-spacer-inner\"><\/div>\n\t\t<\/div>\n\t\t\t\t\t\t<\/div>\n\t\t\t\t<div class=\"elementor-element elementor-element-43ebdc4 elementor-widget elementor-widget-text-editor\" data-id=\"43ebdc4\" data-element_type=\"widget\" data-e-type=\"widget\" data-widget_type=\"text-editor.default\">\n\t\t\t\t\t\t\t\t\tFull professor at the Federal University of Par\u00e1 (UFPA) and holder of a PhD in Science and Environmental Development, Jos\u00e9 Benatti brought into discussion the recent attempts to review land rights based on the Marco Temporal (Time Frame) thesis, the climate emergency and rural violence.\r\n\r\n&nbsp;\r\n\r\nFor him, this debate must be broadened beyond specific issues, encompassing public policies, instances, instruments and socio-environmental solutions. The search for solutions must involve understanding the complexity of the issue, and proposals must encompass the transversality of public policies.\r\n\r\n&nbsp;\r\n\r\nBenatti explained that Brazil has numerous contradictory legal rules for the planning and allocation of space, which contributes to an increased territorial legal uncertainty. The Amazon, in particular, was occupied based on divergent views, which sometimes consider the territory as a source of resources, and sometimes as a space for coexistence between humans and non-humans, which has led to bloody conflicts.\r\n\r\n&nbsp;\r\n\r\nAccording to him, the legal-administrative framework we have today cannot respond to the most pressing issue of the 21st century, which is the climate emergency. Considering that several studies show that the most preserved forests are the inhabited forests, one way to fight the climate crisis is precisely to guarantee the territorial rights of indigenous peoples, quilombolas and traditional communities.\r\n\r\n&nbsp;\r\n\r\nThe professor argues that Brazilian society must decide \u201cwhether the Amazon will be a large farm that produces grains, cattle and minerals or a socio-biodiverse space. There is no middle ground.\u201d\t\t\t\t\t\t\t\t<\/div>\n\t\t\t\t<div class=\"elementor-element elementor-element-2b93a98 elementor-widget elementor-widget-text-editor\" data-id=\"2b93a98\" data-element_type=\"widget\" data-e-type=\"widget\" data-widget_type=\"text-editor.default\">\n\t\t\t\t\t\t\t\t\t<p style=\"text-align: center;\"><strong>&#8220;Demarcated territories are better preserved and help with the climate issue&#8221;<\/strong><\/p>\r\n<p style=\"text-align: center;\"><strong>(Cristiane Bar\u00e9)<\/strong><\/p>\t\t\t\t\t\t\t\t<\/div>\n\t\t\t\t<div class=\"elementor-element elementor-element-b7d97f4 elementor-widget elementor-widget-spacer\" data-id=\"b7d97f4\" data-element_type=\"widget\" data-e-type=\"widget\" data-widget_type=\"spacer.default\">\n\t\t\t\t\t\t\t<div class=\"elementor-spacer\">\n\t\t\t<div class=\"elementor-spacer-inner\"><\/div>\n\t\t<\/div>\n\t\t\t\t\t\t<\/div>\n\t\t\t\t<div class=\"elementor-element elementor-element-2ad5d17 elementor-widget elementor-widget-text-editor\" data-id=\"2ad5d17\" data-element_type=\"widget\" data-e-type=\"widget\" data-widget_type=\"text-editor.default\">\n\t\t\t\t\t\t\t\t\tLast guest to speak, Cristiane Bar\u00e9, legal advisor for the Coordination of Indigenous Organizations of the Brazilian Amazon (COIAB) and member of the CNJ (National Council of Justice) Working Group \u201cDireitos Ind\u00edgenas: Acesso \u00e0 justi\u00e7a e singularidades processuais&#8221; (Indigenous Rights: Access to justice and procedural singularities), addressed the setbacks in the rights of indigenous communities and environmental policies between 2016 and 2022.\r\n\r\n&nbsp;\r\n\r\nShe mentioned the current effort to reconstruct these policies, reinforcing her confidence that the indigenous movement will continue to resist pressure and threats and is focused on helping Funai in the demarcation of lands.\t\t\t\t\t\t\t\t<\/div>\n\t\t\t\t\t<\/div>\n\t\t\t\t<\/div>\n\t\t\t\t<\/div>\n\t\t","protected":false},"excerpt":{"rendered":"<p>The 5th Concertation Meeting of 2023 focused on the challenges and opportunities in land use planning and tenure regularization (OTRF, in Portuguese) in the Amazon. It was held on October 16th in partnership with the Land Governance Institute.<\/p>\n","protected":false},"author":226,"featured_media":46287,"template":"","veiculo":[822],"ano":[1987],"eixos":[],"class_list":["post-47206","plenarias","type-plenarias","status-publish","has-post-thumbnail","hentry","veiculo-concertacao"],"_links":{"self":[{"href":"https:\/\/concertacaoamazonia.com.br\/en\/wp-json\/wp\/v2\/plenarias\/47206","targetHints":{"allow":["GET"]}}],"collection":[{"href":"https:\/\/concertacaoamazonia.com.br\/en\/wp-json\/wp\/v2\/plenarias"}],"about":[{"href":"https:\/\/concertacaoamazonia.com.br\/en\/wp-json\/wp\/v2\/types\/plenarias"}],"author":[{"embeddable":true,"href":"https:\/\/concertacaoamazonia.com.br\/en\/wp-json\/wp\/v2\/users\/226"}],"version-history":[{"count":0,"href":"https:\/\/concertacaoamazonia.com.br\/en\/wp-json\/wp\/v2\/plenarias\/47206\/revisions"}],"wp:featuredmedia":[{"embeddable":true,"href":"https:\/\/concertacaoamazonia.com.br\/en\/wp-json\/wp\/v2\/media\/46287"}],"wp:attachment":[{"href":"https:\/\/concertacaoamazonia.com.br\/en\/wp-json\/wp\/v2\/media?parent=47206"}],"wp:term":[{"taxonomy":"veiculo","embeddable":true,"href":"https:\/\/concertacaoamazonia.com.br\/en\/wp-json\/wp\/v2\/veiculo?post=47206"},{"taxonomy":"ano","embeddable":true,"href":"https:\/\/concertacaoamazonia.com.br\/en\/wp-json\/wp\/v2\/ano?post=47206"},{"taxonomy":"eixos","embeddable":true,"href":"https:\/\/concertacaoamazonia.com.br\/en\/wp-json\/wp\/v2\/eixos?post=47206"}],"curies":[{"name":"wp","href":"https:\/\/api.w.org\/{rel}","templated":true}]}}