{"id":60014,"date":"2024-08-21T17:33:43","date_gmt":"2024-08-21T20:33:43","guid":{"rendered":"https:\/\/concertacaoamazonia.com.br\/?post_type=estudos&#038;p=60014"},"modified":"2025-01-28T18:22:28","modified_gmt":"2025-01-28T21:22:28","slug":"sirad-i-2024","status":"publish","type":"estudos","link":"https:\/\/concertacaoamazonia.com.br\/en\/estudos\/sirad-i-2024\/","title":{"rendered":"Sirad-I 2024"},"content":{"rendered":"\n<p>Uma iniciativa do Instituto Socioambiental (ISA), o Sirad-I \u00e9 um sistema que monitora o desmatamento em Terras Ind\u00edgenas com registros de povos ind\u00edgenas isolados. Por meio de radar e de imagens \u00f3pticas de alta resolu\u00e7\u00e3o, \u00e9 poss\u00edvel identificar as principais amea\u00e7as que colocam em risco a vida dos povos ind\u00edgenas isolados no Brasil. Para edi\u00e7\u00e3o deste boletim foram realizados cruzamentos utilizando dados de queimadas obtidas atrav\u00e9s do painel Amazon Dashboard 1, uma iniciativa que mapeia eventos de fogo a partir dos Instrumentos VIIRS nos sat\u00e9lites Suomi-NPP e NOAA-20 em tempo quase real para a Amaz\u00f4nia. O painel classifica cada ocorr\u00eancia em quatro tipos: inc\u00eandios de desmatamento; inc\u00eandios florestais de sub-bosque; pequenos inc\u00eandios agr\u00edcolas ou de clareira; e inc\u00eandios em savanas e pastagens. Al\u00e9m disso, tamb\u00e9m \u00e9 calculada a \u00e1rea queimada, perda de biomassa, entre outras vari\u00e1veis.<\/p>\n","protected":false},"featured_media":60017,"parent":0,"template":"","veiculo":[2118],"categoria-estudos":[],"ano":[2075],"eixos":[1148,187,598],"class_list":["post-60014","estudos","type-estudos","status-publish","has-post-thumbnail","hentry","veiculo-instituto-socioambiental"],"_links":{"self":[{"href":"https:\/\/concertacaoamazonia.com.br\/en\/wp-json\/wp\/v2\/estudos\/60014","targetHints":{"allow":["GET"]}}],"collection":[{"href":"https:\/\/concertacaoamazonia.com.br\/en\/wp-json\/wp\/v2\/estudos"}],"about":[{"href":"https:\/\/concertacaoamazonia.com.br\/en\/wp-json\/wp\/v2\/types\/estudos"}],"version-history":[{"count":0,"href":"https:\/\/concertacaoamazonia.com.br\/en\/wp-json\/wp\/v2\/estudos\/60014\/revisions"}],"wp:featuredmedia":[{"embeddable":true,"href":"https:\/\/concertacaoamazonia.com.br\/en\/wp-json\/wp\/v2\/media\/60017"}],"wp:attachment":[{"href":"https:\/\/concertacaoamazonia.com.br\/en\/wp-json\/wp\/v2\/media?parent=60014"}],"wp:term":[{"taxonomy":"veiculo","embeddable":true,"href":"https:\/\/concertacaoamazonia.com.br\/en\/wp-json\/wp\/v2\/veiculo?post=60014"},{"taxonomy":"categoria-estudos","embeddable":true,"href":"https:\/\/concertacaoamazonia.com.br\/en\/wp-json\/wp\/v2\/categoria-estudos?post=60014"},{"taxonomy":"ano","embeddable":true,"href":"https:\/\/concertacaoamazonia.com.br\/en\/wp-json\/wp\/v2\/ano?post=60014"},{"taxonomy":"eixos","embeddable":true,"href":"https:\/\/concertacaoamazonia.com.br\/en\/wp-json\/wp\/v2\/eixos?post=60014"}],"curies":[{"name":"wp","href":"https:\/\/api.w.org\/{rel}","templated":true}]}}