{"id":46771,"date":"2023-10-16T12:37:28","date_gmt":"2023-10-16T15:37:28","guid":{"rendered":"https:\/\/concertacaoamazonia.com.br\/?post_type=estudos&#038;p=46771"},"modified":"2026-05-01T00:44:18","modified_gmt":"2026-05-01T03:44:18","slug":"populacoes-tradicionais-e-o-reconhecimento-de-seus-territorios-uma-luta-sem-fim","status":"publish","type":"estudos","link":"https:\/\/concertacaoamazonia.com.br\/en\/estudos\/populacoes-tradicionais-e-o-reconhecimento-de-seus-territorios-uma-luta-sem-fim\/","title":{"rendered":"Popula\u00e7\u00f5es Tradicionais e o Reconhecimento de seus Territ\u00f3rios: Uma Luta Sem Fim"},"content":{"rendered":"\n<p>O presente trabalho tem como objetivo explorar aspectos que envolvem o reconhecimento dos direitos territoriais das popula\u00e7\u00f5es tradicionais. Observa-se o questionamento sobre se a exist\u00eancia de procedimentos legais e administrativos de reconhecimento dos territ\u00f3rios das popula\u00e7\u00f5es tradicionais conquistados nos \u00faltimos anos \u00e9 suficiente para assegurar, de fato, o direito ao territ\u00f3rio. Em um primeiro momento, se discute quem s\u00e3o as popula\u00e7\u00f5es tradicionais, trabalhando-se o seu conceito, abrang\u00eancia e importantes aspectos que devem ser considerados no estudo dessas popula\u00e7\u00f5es, como exemplo, a compress\u00e3o do territ\u00f3rio. Feito isso, parte-se para a an\u00e1lise de dados coletados das publica\u00e7\u00f5es da Comiss\u00e3o Pastoral da Terra referentes aos conflitos por terra envolvendo popula\u00e7\u00f5es tradicionais, especialmente na Amaz\u00f4nia, a fim de demonstrar as constantes viola\u00e7\u00f5es de direitos humanos \u00e0s quais est\u00e3o sujeitas diariamente no pa\u00eds. Por fim, s\u00e3o expostos dados referentes ao andamento dos processos de titula\u00e7\u00e3o de terras ind\u00edgenas e quilombolas, evidenciando-se, na pr\u00e1tica, os obst\u00e1culos e desafios para a concretiza\u00e7\u00e3o dos direitos territoriais das popula\u00e7\u00f5es tradicionais.<\/p>\n","protected":false},"featured_media":46795,"parent":0,"template":"","veiculo":[],"categoria-estudos":[1881],"ano":[1902],"eixos":[1148,2013],"class_list":["post-46771","estudos","type-estudos","status-publish","has-post-thumbnail","hentry"],"_links":{"self":[{"href":"https:\/\/concertacaoamazonia.com.br\/en\/wp-json\/wp\/v2\/estudos\/46771","targetHints":{"allow":["GET"]}}],"collection":[{"href":"https:\/\/concertacaoamazonia.com.br\/en\/wp-json\/wp\/v2\/estudos"}],"about":[{"href":"https:\/\/concertacaoamazonia.com.br\/en\/wp-json\/wp\/v2\/types\/estudos"}],"version-history":[{"count":0,"href":"https:\/\/concertacaoamazonia.com.br\/en\/wp-json\/wp\/v2\/estudos\/46771\/revisions"}],"wp:featuredmedia":[{"embeddable":true,"href":"https:\/\/concertacaoamazonia.com.br\/en\/wp-json\/wp\/v2\/media\/46795"}],"wp:attachment":[{"href":"https:\/\/concertacaoamazonia.com.br\/en\/wp-json\/wp\/v2\/media?parent=46771"}],"wp:term":[{"taxonomy":"veiculo","embeddable":true,"href":"https:\/\/concertacaoamazonia.com.br\/en\/wp-json\/wp\/v2\/veiculo?post=46771"},{"taxonomy":"categoria-estudos","embeddable":true,"href":"https:\/\/concertacaoamazonia.com.br\/en\/wp-json\/wp\/v2\/categoria-estudos?post=46771"},{"taxonomy":"ano","embeddable":true,"href":"https:\/\/concertacaoamazonia.com.br\/en\/wp-json\/wp\/v2\/ano?post=46771"},{"taxonomy":"eixos","embeddable":true,"href":"https:\/\/concertacaoamazonia.com.br\/en\/wp-json\/wp\/v2\/eixos?post=46771"}],"curies":[{"name":"wp","href":"https:\/\/api.w.org\/{rel}","templated":true}]}}