{"id":44950,"date":"2023-07-25T18:36:42","date_gmt":"2023-07-25T21:36:42","guid":{"rendered":"https:\/\/concertacaoamazonia.com.br\/?post_type=estudos&#038;p=44950"},"modified":"2025-01-28T18:28:18","modified_gmt":"2025-01-28T21:28:18","slug":"mundu-sa-turusu-waa-ubeuwa-maye-mira-ita-uiku-arama-puraga-ike-braziu-upe","status":"publish","type":"estudos","link":"https:\/\/concertacaoamazonia.com.br\/en\/estudos\/mundu-sa-turusu-waa-ubeuwa-maye-mira-ita-uiku-arama-puraga-ike-braziu-upe\/","title":{"rendered":"\u201cMundu sa Turusu\u201d wa\u00e1, \u0169b\u00eauwa may\u00e9 m\u00edra it\u00e1 uik\u00fa ar\u00e3ma pur\u00e3ga ik\u00e9 braziu up\u00e9"},"content":{"rendered":"\n<p>[Constitui\u00e7\u00e3o (1988)]<br>Mundu Sa Turusu Wa\u00e1 : Ub\u00eauwa May\u00e9 M\u00edra It\u00e1 Uik\u00fa Ar\u00e3ma Pur\u00e3ga Ik\u00e9 Braziu Up\u00e9 \/ Tradu\u00e7\u00e3o Dad\u00e1 Baniwa, EdsonBar\u00e9, Edilson Martins Baniwa, Melvino Fontes Ol\u00edmpio, Sidinha Gon\u00e7alves Tomas, Dime Pompilho Liberato, Gede\u00e3o Arapy\u00fa, Frank Bitencourt Fontes, Francisco Cirineu Martins Melgueiro, George Borari, Cau\u00e3 Borari, Inory Kanamari, Manuele Pimentel Serra, Lucas Ycard Marubo; Coordena\u00e7\u00e3o: Marco Lucchesi, Jos\u00e9 Ribamar Bessa Freira, Luis Geraldo Sant\u2019Ana Lanfredi, Andr\u00e9a Jane Silva de Medeiros e Luanna Marley; Supremo Tribunal Federal, Conselho Nacional de Justi\u00e7a. \u2013 Bras\u00edlia: CNJ, 2023.<br>196 p.Tradu\u00e7\u00e3o da Constitui\u00e7\u00e3o da Rep\u00fablica Federativa do Brasil para a l\u00edngua ind\u00edgena Nheengatu.<\/p>\n","protected":false},"featured_media":44953,"parent":0,"template":"","veiculo":[716],"categoria-estudos":[1882],"ano":[1902],"eixos":[178],"class_list":["post-44950","estudos","type-estudos","status-publish","has-post-thumbnail","hentry","veiculo-governo-federal"],"_links":{"self":[{"href":"https:\/\/concertacaoamazonia.com.br\/en\/wp-json\/wp\/v2\/estudos\/44950","targetHints":{"allow":["GET"]}}],"collection":[{"href":"https:\/\/concertacaoamazonia.com.br\/en\/wp-json\/wp\/v2\/estudos"}],"about":[{"href":"https:\/\/concertacaoamazonia.com.br\/en\/wp-json\/wp\/v2\/types\/estudos"}],"version-history":[{"count":0,"href":"https:\/\/concertacaoamazonia.com.br\/en\/wp-json\/wp\/v2\/estudos\/44950\/revisions"}],"wp:featuredmedia":[{"embeddable":true,"href":"https:\/\/concertacaoamazonia.com.br\/en\/wp-json\/wp\/v2\/media\/44953"}],"wp:attachment":[{"href":"https:\/\/concertacaoamazonia.com.br\/en\/wp-json\/wp\/v2\/media?parent=44950"}],"wp:term":[{"taxonomy":"veiculo","embeddable":true,"href":"https:\/\/concertacaoamazonia.com.br\/en\/wp-json\/wp\/v2\/veiculo?post=44950"},{"taxonomy":"categoria-estudos","embeddable":true,"href":"https:\/\/concertacaoamazonia.com.br\/en\/wp-json\/wp\/v2\/categoria-estudos?post=44950"},{"taxonomy":"ano","embeddable":true,"href":"https:\/\/concertacaoamazonia.com.br\/en\/wp-json\/wp\/v2\/ano?post=44950"},{"taxonomy":"eixos","embeddable":true,"href":"https:\/\/concertacaoamazonia.com.br\/en\/wp-json\/wp\/v2\/eixos?post=44950"}],"curies":[{"name":"wp","href":"https:\/\/api.w.org\/{rel}","templated":true}]}}