{"id":88763,"date":"2025-12-07T21:44:40","date_gmt":"2025-12-08T00:44:40","guid":{"rendered":"https:\/\/fabricioferrari.local:8484\/?post_type=linha-das-artes&#038;p=88479"},"modified":"2026-03-09T11:08:47","modified_gmt":"2026-03-09T14:08:47","slug":"yan-bentes-nos-convida-a-imaginar-futuros-possiveis-para-as-amazonias","status":"publish","type":"linha-das-artes","link":"https:\/\/concertacaoamazonia.com.br\/cultura\/linha-das-artes\/yan-bentes-nos-convida-a-imaginar-futuros-possiveis-para-as-amazonias\/","title":{"rendered":"Yan Bentes nos convida a imaginar futuros poss\u00edveis para as Amaz\u00f4nias"},"content":{"rendered":"\n<p class=\"has-text-align-center\"><em>Entre rios, mem\u00f3rias e encantarias, o artista constr\u00f3i uma Amaz\u00f4nia plural e afetiva, onde a ancestralidade inspira vis\u00f5es de futuro que transcendem a crise clim\u00e1tica<\/em><br><\/p>\n\n\n\n<p>Nascido em Juruti (PA) e residente em Manaus, o artista visual, ilustrador e designer Yan Bentes transforma lembran\u00e7as de inf\u00e2ncia em imagens que convidam a imaginar futuros poss\u00edveis para as Amaz\u00f4nias. Pela arte, ele se conecta com sua terra e seus antepassados, convertendo esse legado em inspira\u00e7\u00e3o para o presente e o amanh\u00e3.<\/p>\n\n\n\n<p>\u201cA arte foi o melhor caminho que encontrei para contar sobre tudo que aprendi com meus pais, meus av\u00f3s e as pessoas da minha terra\u201d, afirma Yan. Em suas obras, afeto, misticismo e ancestralidade se entrela\u00e7am para celebrar modos de vida e fortalecer mem\u00f3rias que resistem ao apagamento.&nbsp;<\/p>\n\n\n\n<p>Entre rios e seres m\u00edticos, Yan revela uma Amaz\u00f4nia onde o real e o maravilhoso coexistem. Fascinado pelas hist\u00f3rias de encantarias e pelos \u201cbichos do fundo\u201d narrados por <dfn class=\"word\"><a tabindex=\"0\">Zeneida Lima<\/a> <span class=\"word__explanation\">Zeneida Lima \u00e9 uma paj\u00e9, ambientalista e escritora brasileira, autora do livro \u201cO Mundo M\u00edstico dos Caruanas da Ilha do Maraj\u00f3\u201d, que explora o universo m\u00edstico dos Caruanas, seres encantados da mitologia da regi\u00e3o, que vivem no fundo de rios e lagos. <\/span><\/dfn>, o artista incorpora ao seu trabalho o mist\u00e9rio das \u00e1guas e a presen\u00e7a espiritual que habita o territ\u00f3rio.&nbsp;<\/p>\n\n\n\n<p>As figuras h\u00edbridas que cria, parte humanas, parte natureza, evocam a ideia de olhar o mundo tamb\u00e9m pelos olhos da floresta e dos rios, reconhecendo outras formas de vida e de sensibilidade. Por meio do desenho e da ilustra\u00e7\u00e3o, o artista percorre caminhos atrav\u00e9s dos quais transforma o cotidiano amaz\u00f4nico em hist\u00f3rias visuais que afirmam identidade e pertencimento.<\/p>\n\n\n\n<p><strong>Das margens do rio ao tra\u00e7o<\/strong><\/p>\n\n\n\n<p>O interesse de Yan pela arte come\u00e7ou na inf\u00e2ncia, observando seu tio Ednart desenhar alegorias para o Festribal, festival que celebra as culturas ind\u00edgenas Muirapinima e Munduruku em Juruti. Esses primeiros olhares para o ambiente despertaram a curiosidade e o encantamento que hoje orientam sua obra.&nbsp;<\/p>\n\n\n\n<p>A percep\u00e7\u00e3o de que poderia viver do fazer art\u00edstico s\u00f3 surgiu anos depois. Quando Yan se mudou para Manaus em busca de oportunidades de estudo e trabalho, foi a computa\u00e7\u00e3o que se apresentou primeiro como op\u00e7\u00e3o de carreira. Nessa \u00e9poca, ele estudou Gest\u00e3o e Tecnologia da Informa\u00e7\u00e3o e, trabalhando como estagi\u00e1rio no Centro de M\u00eddias de Educa\u00e7\u00e3o do Amazonas, teve seu primeiro contato com o Design Gr\u00e1fico.&nbsp;<\/p>\n\n\n\n<p>Logo se envolveu com a disciplina, passou a divulgar suas artes nas redes e buscou aprofundar seus conhecimentos com uma especializa\u00e7\u00e3o em Arte e Sociedade. Ainda assim, somente quando foi convidado pelo escritor Jan Santos a ilustrar a obra \u201cO Livro do Rio: Iguaragu\u00e1\u201d (2021) \u00e9 que Yan percebeu que \u201cconseguia falar com minhas ilustra\u00e7\u00f5es, com o meu tra\u00e7o\u201d. A obra venceu o Pr\u00eamio Manaus de Conex\u00f5es Culturais e, desde ent\u00e3o, a dupla j\u00e1 publicou mais um livro, &#8220;Rud\u00e1: Filho da terra e das estrelas&#8221; (2023), que conquistou o Pr\u00eamio Thiago de Mello.&nbsp;<\/p>\n\n\n\n<p>Em paralelo ao trabalho editorial e art\u00edstico, ele segue no Centro de M\u00eddias de Educa\u00e7\u00e3o do Amazonas, agora criando ilustra\u00e7\u00f5es did\u00e1ticas que aproximam o conte\u00fado escolar da realidade do territ\u00f3rio. \u201c\u00c9 gratificante ver as crian\u00e7as se reconhecendo nas imagens. Eu queria ter tido um material did\u00e1tico assim na minha \u00e9poca\u201d, conta.&nbsp;<\/p>\n\n\n\n<p>Hoje, como seu tio, ele tamb\u00e9m cria ilustra\u00e7\u00f5es e identidades visuais para grandes eventos, como o Festival de Cinema da Amaz\u00f4nia \u2013 Olhar do Norte, o Festival de Teatro da Amaz\u00f4nia (FTA) e a Feira Liter\u00e1ria do Amazonas (FLAMA).<\/p>\n\n\n\n<p>Esse trabalho voltado \u00e0 educa\u00e7\u00e3o e \u00e0 valoriza\u00e7\u00e3o cultural fortaleceu seu prop\u00f3sito de representar a Amaz\u00f4nia por dentro \u2014 com seus rostos, gestos e modos de viver \u2014 e revelar, pela arte, a pot\u00eancia de imaginar futuros poss\u00edveis a partir das pr\u00f3prias ra\u00edzes.<\/p>\n\n\n\n<p>Seu profundo sentido de conex\u00e3o com o territ\u00f3rio e de compromisso com a educa\u00e7\u00e3o \u00e9 uma das raz\u00f5es pelas quais Yan foi um dos artistas convidados pela Concerta\u00e7\u00e3o a criar duas cartas para o jogo <dfn class=\"word\"><a tabindex=\"0\"><em>Dixit Amaz\u00f4nias<\/em><\/a> <span class=\"word__explanation\"> O Dixit Amaz\u00f4nias \u00e9 a edi\u00e7\u00e3o especial do jogo, criada pela Concerta\u00e7\u00e3o em parceria com a editora Asmodee. Ela traz cartas ilustradas por artistas amaz\u00f4nidas, representando cinco vis\u00f5es da regi\u00e3o: Conservada, Convertida, Em Transi\u00e7\u00e3o, Urbana e das \u00c1guas. <\/span><\/dfn><em>.<\/em> Lan\u00e7ada em novembro de 2025, a edi\u00e7\u00e3o especial do jogo se prop\u00f5e como ferramenta para narrar o territ\u00f3rio pela sensibilidade e pela escuta. O jogo foi distribu\u00eddo gratuitamente \u00e0s escolas da regi\u00e3o que participam do programa <dfn class=\"word\"><a tabindex=\"0\">Itiner\u00e1rios Amaz\u00f4nicos<\/a> <span class=\"word__explanation\">O programa Itiner\u00e1rios Amaz\u00f4nicos \u00e9 uma realiza\u00e7\u00e3o dos institutos iungo e Re\u00fana e da Concerta\u00e7\u00e3o, em parceria com BNDES, Fundo de Sustentabilidade Hydro, Instituto Arapya\u00fa, Movimento Bem Maior e patroc\u00ednio da Vale.<\/span><\/dfn>, que j\u00e1 impactou 44 mil educadores por meio de materiais pedag\u00f3gicos e processos de forma\u00e7\u00e3o que promovem a Amaz\u00f4nia nas escolas brasileiras.<\/p>\n\n\n\n<p><strong>Amaz\u00f4nia que se reconhece: identidade e pertencimento<\/strong><\/p>\n\n\n\n<p>A obra de Yan rejeita os clich\u00eas sobre a regi\u00e3o. Seus trabalhos mostram uma Amaz\u00f4nia plural, formada por povos ind\u00edgenas, quilombolas, ribeirinhos e popula\u00e7\u00f5es urbanas que compartilham modos de vida entrela\u00e7ados. \u201cA gente n\u00e3o \u00e9 s\u00f3 arara-vermelha, vit\u00f3ria-r\u00e9gia ou boto\u201d. Para ele, esses s\u00e3o elementos importantes, mas n\u00e3o os \u00fanicos a serem lembrados. \u201cTemos muitas Amaz\u00f4nias\u201d, afirma o artista.<\/p>\n\n\n\n<p>\u201cO rio \u00e9 nossa estrada, nosso caminho, nossa rua. \u00c9 por onde meus pais ainda se conectam comigo\u201d, conta Yan. Ao transformar essas experi\u00eancias em imagens, ele faz da arte uma forma de continuidade: cada tra\u00e7o \u00e9 tamb\u00e9m um gesto de rever\u00eancia \u00e0 mem\u00f3ria e \u00e0 espiritualidade amaz\u00f4nicas.<\/p>\n\n\n\n<div style=\"height:2rem\" aria-hidden=\"true\" class=\"wp-block-spacer\"><\/div>\n\n\n\n<figure class=\"wp-block-image aligncenter size-full is-resized\"><img fetchpriority=\"high\" fetchpriority=\"high\" decoding=\"async\" width=\"1920\" height=\"2396\" src=\"https:\/\/s3.sa-east-1.amazonaws.com\/concertacaoamazonia-com-br-wp-static-dev-sa\/assets\/uploads\/2025\/12\/Arte-05-Mae-brasileira2-@inkbentes.jpg\" alt=\"\" class=\"wp-image-88271\" style=\"width:600px\" srcset=\"https:\/\/concertacaoamazonia.com.br\/cultura\/wp-content\/uploads\/2025\/12\/Arte-05-Mae-brasileira2-@inkbentes.jpg 1920w, https:\/\/concertacaoamazonia.com.br\/cultura\/wp-content\/uploads\/2025\/12\/Arte-05-Mae-brasileira2-@inkbentes-240x300.jpg 240w, https:\/\/concertacaoamazonia.com.br\/cultura\/wp-content\/uploads\/2025\/12\/Arte-05-Mae-brasileira2-@inkbentes-821x1024.jpg 821w, https:\/\/concertacaoamazonia.com.br\/cultura\/wp-content\/uploads\/2025\/12\/Arte-05-Mae-brasileira2-@inkbentes-768x958.jpg 768w, https:\/\/concertacaoamazonia.com.br\/cultura\/wp-content\/uploads\/2025\/12\/Arte-05-Mae-brasileira2-@inkbentes-1231x1536.jpg 1231w, https:\/\/concertacaoamazonia.com.br\/cultura\/wp-content\/uploads\/2025\/12\/Arte-05-Mae-brasileira2-@inkbentes-1641x2048.jpg 1641w\" sizes=\"(max-width: 1920px) 100vw, 1920px\" \/><figcaption class=\"wp-element-caption\">M\u00e3e brasileira (2022)<\/figcaption><\/figure>\n\n\n\n<div style=\"height:2rem\" aria-hidden=\"true\" class=\"wp-block-spacer\"><\/div>\n\n\n\n<p>Seu olhar para o cotidiano revela uma dimens\u00e3o pol\u00edtica e afetiva: desenhar a pr\u00f3pria terra \u00e9 um ato de afirma\u00e7\u00e3o. Yan valoriza gestos e objetos cotidianos \u2014 o leque de palha, as ervas da av\u00f3, a cuia que atravessa gera\u00e7\u00f5es \u2014 mostrando a sabedoria que existe na simplicidade e na continuidade entre gera\u00e7\u00f5es.<\/p>\n\n\n\n<p>Cada obra, diz o artista, \u00e9 um convite ao reencontro com as origens. Suas composi\u00e7\u00f5es recriam cenas familiares, cheias de cor e delicadeza, como quem insiste em lembrar que o cotidiano amaz\u00f4nico \u00e9 um espa\u00e7o de cria\u00e7\u00e3o e resist\u00eancia. \u201cA gente precisa se afirmar e celebrar a nossa exist\u00eancia. Atualmente, vivemos um esquecimento, e \u00e9 importante refor\u00e7ar o quanto somos grandes\u201d, observa.<\/p>\n\n\n\n<p>Para Yan, a COP30 representou uma oportunidade de superar essa invisibilidade: \u201cEspero que possam ver que a gente existe, que estamos fazendo muita coisa bacana.\u201d<\/p>\n\n\n\n<div class=\"wp-block-group has-border-color has-black-border-color has-background is-layout-constrained wp-container-core-group-is-layout-16d6e2d2 wp-block-group-is-layout-constrained\" style=\"border-width:2px;background-color:#452f6638;padding-top:3rem;padding-right:3rem;padding-bottom:3rem;padding-left:3rem\">\n<p><strong>Imaginar para existir: a arte amaz\u00f4nica p\u00f3s-COP30<\/strong><\/p>\n\n\n\n<p>Ao refletir sobre o que a arte pode revelar no debate clim\u00e1tico, Yan ressalta a import\u00e2ncia de recuperar a capacidade de imaginar. Inspirado no pensamento de A\u00edlton Krenak, ele reivindica a ideia de que \u201cprecisamos sonhar para adiar o fim do mundo. Em um mundo acelerado, as pessoas t\u00eam perdido o gesto de sonhar, algo essencial quando se trata do futuro das Amaz\u00f4nias. \u201cQuando se fala em crise clim\u00e1tica, pensamos em fim do mundo. A arte ajuda a sonhar futuros poss\u00edveis\u201d, afirma.<\/p>\n\n\n\n<p>Assim, ampliar a percep\u00e7\u00e3o, produzir outras imagens e expandir o campo de sensibilidade diante de um bioma frequentemente apresentado apenas pelo prisma da destrui\u00e7\u00e3o \u00e9 um dos eixos de seu trabalho. Nas cenas que cria, a floresta, os rios e os povos que os habitam aparecem n\u00e3o como s\u00edmbolos distantes, mas como protagonistas de um futuro que pode (e precisa) ser imaginado a partir da pr\u00f3pria regi\u00e3o.<\/p>\n\n\n\n<p>Para ele, a COP30 refor\u00e7ou a import\u00e2ncia de ouvir quem vive ali. E esse movimento \u00e9 tanto pol\u00edtico quanto simb\u00f3lico. \u201cEspero que possam ver que a gente existe, que estamos fazendo muita coisa bacana\u201d, diz. A visibilidade alcan\u00e7ada durante e ap\u00f3s a confer\u00eancia n\u00e3o \u00e9 apenas um reconhecimento individual, mas um chamado para que mais artistas amaz\u00f4nidas tenham espa\u00e7o, apoio e oportunidade de projetar outros horizontes poss\u00edveis para suas comunidades.<\/p>\n\n\n\n<p>Em seu trabalho, imaginar n\u00e3o \u00e9 escapismo. \u00c9 insistir na continuidade, afirmar a pot\u00eancia da vida amaz\u00f4nica e desafiar narrativas de apagamento. Suas composi\u00e7\u00f5es visuais prop\u00f5em fissuras nas imagens hegem\u00f4nicas sobre a regi\u00e3o, lembrando que a Amaz\u00f4nia produz cultura, pensamento, est\u00e9tica e futuro.<\/p>\n<\/div>\n\n\n\n<p><strong>Quando a vida vira imagem: obras que contam hist\u00f3rias<\/strong><\/p>\n\n\n\n<p>As ilustra\u00e7\u00f5es de Yan Bentes s\u00e3o atravessadas por lembran\u00e7as que, ao serem partilhadas, convidam outros a se reconhecerem nesses fragmentos da vida amaz\u00f4nica.<\/p>\n\n\n\n<p>Em <em>Criancice<\/em>, por exemplo, Yan revisita as tardes em que ele e os amigos se jogavam das \u00e1rvores no lago do Jar\u00e1, em Juruti. A imagem da crian\u00e7a em queda livre, rodeada por piranhas e botos, re\u00fane coragem, brincadeira e v\u00ednculo com o rio. No primeiro plano, m\u00e3os sustentam uma cuia cheia de a\u00e7a\u00ed. S\u00e3o as m\u00e3os do pr\u00f3prio artista, fotografadas por ele, em um gesto que simboliza oferta e partilha: entregar ao p\u00fablico uma mem\u00f3ria que ainda pulsa.<\/p>\n\n\n\n<p><br>\u201cTudo que eu fa\u00e7o \u00e9 feito pelas minhas m\u00e3os\u201d, diz Yan. Aqui, elas se tornam ponte entre passado e presente.<\/p>\n\n\n\n<div style=\"height:2rem\" aria-hidden=\"true\" class=\"wp-block-spacer\"><\/div>\n\n\n\n<figure class=\"wp-block-image aligncenter size-full is-resized\"><img decoding=\"async\" width=\"1920\" height=\"2396\" src=\"https:\/\/s3.sa-east-1.amazonaws.com\/concertacaoamazonia-com-br-wp-static-dev-sa\/assets\/uploads\/2025\/12\/Arte-09-Criancice-@inkbentes-2024.jpg\" alt=\"\" class=\"wp-image-88274\" style=\"width:600px\" srcset=\"https:\/\/concertacaoamazonia.com.br\/cultura\/wp-content\/uploads\/2025\/12\/Arte-09-Criancice-@inkbentes-2024.jpg 1920w, https:\/\/concertacaoamazonia.com.br\/cultura\/wp-content\/uploads\/2025\/12\/Arte-09-Criancice-@inkbentes-2024-240x300.jpg 240w, https:\/\/concertacaoamazonia.com.br\/cultura\/wp-content\/uploads\/2025\/12\/Arte-09-Criancice-@inkbentes-2024-821x1024.jpg 821w, https:\/\/concertacaoamazonia.com.br\/cultura\/wp-content\/uploads\/2025\/12\/Arte-09-Criancice-@inkbentes-2024-768x958.jpg 768w, https:\/\/concertacaoamazonia.com.br\/cultura\/wp-content\/uploads\/2025\/12\/Arte-09-Criancice-@inkbentes-2024-1231x1536.jpg 1231w, https:\/\/concertacaoamazonia.com.br\/cultura\/wp-content\/uploads\/2025\/12\/Arte-09-Criancice-@inkbentes-2024-1641x2048.jpg 1641w\" sizes=\"(max-width: 1920px) 100vw, 1920px\" \/><figcaption class=\"wp-element-caption\">Criancice 2 (2024)<\/figcaption><\/figure>\n\n\n\n<div style=\"height:2rem\" aria-hidden=\"true\" class=\"wp-block-spacer\"><\/div>\n\n\n\n<p>J\u00e1 a obra <em>Natureza e a Pandemia<\/em> imagina um retorno da floresta enquanto as pessoas permaneciam em casa. A M\u00e3e Natureza se expande sobre casas, canoas e objetos do cotidiano, como se retomasse o espa\u00e7o interrompido pela rotina urbana. Tons terrosos e quentes refor\u00e7am o clima de calor amaz\u00f4nico, mesmo em meio ao sil\u00eancio das ruas. \u201cQuis trazer essa perspectiva de como a natureza voltou a tomar conta de tudo por um tempo\u201d, explica.<\/p>\n\n\n\n<div style=\"height:2rem\" aria-hidden=\"true\" class=\"wp-block-spacer\"><\/div>\n\n\n\n<figure class=\"wp-block-image aligncenter size-full is-resized\"><img decoding=\"async\" width=\"1920\" height=\"2396\" src=\"https:\/\/s3.sa-east-1.amazonaws.com\/concertacaoamazonia-com-br-wp-static-dev-sa\/assets\/uploads\/2025\/12\/Arte-10-Natureza-e-a-pandemia-@inkbentes-12020.jpg\" alt=\"\" class=\"wp-image-88277\" style=\"width:600px\" srcset=\"https:\/\/concertacaoamazonia.com.br\/cultura\/wp-content\/uploads\/2025\/12\/Arte-10-Natureza-e-a-pandemia-@inkbentes-12020.jpg 1920w, https:\/\/concertacaoamazonia.com.br\/cultura\/wp-content\/uploads\/2025\/12\/Arte-10-Natureza-e-a-pandemia-@inkbentes-12020-240x300.jpg 240w, https:\/\/concertacaoamazonia.com.br\/cultura\/wp-content\/uploads\/2025\/12\/Arte-10-Natureza-e-a-pandemia-@inkbentes-12020-821x1024.jpg 821w, https:\/\/concertacaoamazonia.com.br\/cultura\/wp-content\/uploads\/2025\/12\/Arte-10-Natureza-e-a-pandemia-@inkbentes-12020-768x958.jpg 768w, https:\/\/concertacaoamazonia.com.br\/cultura\/wp-content\/uploads\/2025\/12\/Arte-10-Natureza-e-a-pandemia-@inkbentes-12020-1231x1536.jpg 1231w, https:\/\/concertacaoamazonia.com.br\/cultura\/wp-content\/uploads\/2025\/12\/Arte-10-Natureza-e-a-pandemia-@inkbentes-12020-1641x2048.jpg 1641w\" sizes=\"(max-width: 1920px) 100vw, 1920px\" \/><figcaption class=\"wp-element-caption\">Natureza e a Pandemia (2020)<\/figcaption><\/figure>\n\n\n\n<div style=\"height:2rem\" aria-hidden=\"true\" class=\"wp-block-spacer\"><\/div>\n\n\n\n<p><strong>Bal\u00e3o Pirarucu (2024)<\/strong><\/p>\n\n\n\n<p>Para o Festival de Teatro da Amaz\u00f4nia, Yan criou uma vis\u00e3o fant\u00e1stica: um pirarucu que se transforma em bal\u00e3o e carrega pessoas e animais de diferentes origens, como uma met\u00e1fora para a dimens\u00e3o coletiva das culturas amaz\u00f4nicas. Misturando boto, galo-da-serra, periquito, mico-le\u00e3o-dourado e outras figuras, a obra celebra a circula\u00e7\u00e3o cultural entre estados brasileiros e a presen\u00e7a de artistas de diversas regi\u00f5es.<br>\u201cQuis trazer uma Amaz\u00f4nia bem louca, como \u00e9 o teatro\u201d, brinca o artista.<\/p>\n\n\n\n<div style=\"height:2rem\" aria-hidden=\"true\" class=\"wp-block-spacer\"><\/div>\n\n\n\n<figure class=\"wp-block-image aligncenter size-full is-resized\"><img loading=\"lazy\" loading=\"lazy\" decoding=\"async\" width=\"1920\" height=\"2396\" src=\"https:\/\/s3.sa-east-1.amazonaws.com\/concertacaoamazonia-com-br-wp-static-dev-sa\/assets\/uploads\/2025\/12\/Arte-02-Balao-pirarucu-@inkbentes-2024.jpg\" alt=\"\" class=\"wp-image-88270\" style=\"width:600px\" srcset=\"https:\/\/concertacaoamazonia.com.br\/cultura\/wp-content\/uploads\/2025\/12\/Arte-02-Balao-pirarucu-@inkbentes-2024.jpg 1920w, https:\/\/concertacaoamazonia.com.br\/cultura\/wp-content\/uploads\/2025\/12\/Arte-02-Balao-pirarucu-@inkbentes-2024-240x300.jpg 240w, https:\/\/concertacaoamazonia.com.br\/cultura\/wp-content\/uploads\/2025\/12\/Arte-02-Balao-pirarucu-@inkbentes-2024-821x1024.jpg 821w, https:\/\/concertacaoamazonia.com.br\/cultura\/wp-content\/uploads\/2025\/12\/Arte-02-Balao-pirarucu-@inkbentes-2024-768x958.jpg 768w, https:\/\/concertacaoamazonia.com.br\/cultura\/wp-content\/uploads\/2025\/12\/Arte-02-Balao-pirarucu-@inkbentes-2024-1231x1536.jpg 1231w, https:\/\/concertacaoamazonia.com.br\/cultura\/wp-content\/uploads\/2025\/12\/Arte-02-Balao-pirarucu-@inkbentes-2024-1641x2048.jpg 1641w\" sizes=\"auto, (max-width: 1920px) 100vw, 1920px\" \/><figcaption class=\"wp-element-caption\">Bal\u00e3o Pirarucu (2024)<\/figcaption><\/figure>\n\n\n\n<div style=\"height:2rem\" aria-hidden=\"true\" class=\"wp-block-spacer\"><\/div>\n\n\n\n<p><strong>Com Yan, vemos a Amaz\u00f4nia que imagina, cria e continua<\/strong><\/p>\n\n\n\n<p>A obra de Yan Bentes reafirma a import\u00e2ncia de reconhecer quem vive e cria nas Amaz\u00f4nias como protagonista das narrativas sobre o pr\u00f3prio lar. Suas ilustra\u00e7\u00f5es mostram que imaginar o futuro exige sensibilidade para escutar conhecimentos, mem\u00f3rias e experi\u00eancias que nem sempre aparecem nos debates t\u00e9cnicos, mas sustentam a vida na regi\u00e3o.<\/p>\n\n\n\n<p>Ao compartilhar essas hist\u00f3rias, Yan amplia a compreens\u00e3o da pluralidade amaz\u00f4nica e inspira novas leituras sobre o presente e o futuro. Sua arte nos lembra que preservar e transformar as Amaz\u00f4nias passa por valorizar as pessoas, cosmologias e capacidade de imaginar mundos. Um chamado essencial para qualquer agenda comprometida com o territ\u00f3rio.<\/p>\n\n\n\n<style>\n    \/* corre\u00e7\u00e3o de hover dos \u00edcones sociais *\/\n    html .elementor-48223 .elementor-element.elementor-element-4154965 .elementor-share-btn:hover {\n        --e-share-buttons-secondary-color: var(--ucpa-color-2);\n    }\n<\/style>\n\n<!--  <dfn class=\"word\"><a>WORD<\/a> <span class=\"word__explanation\">LOREM<\/span><\/dfn>  -->\n\n<style>\n    .word {\n        position: relative;\n        color: var(--ucpa-color-main, #900);\n        display: inline-flex !important;\n        p {\n            display: inline !important;\n        }\n    }\n\n    .word a {\n        cursor: pointer;\n        text-decoration: underline;\n        text-decoration-style: dotted;\n        text-underline-offset: 3px;\n    }\n\n    .word__explanation {\n        position: absolute;\n        top: 100%;\n        left: 0;\n        width: 22rem;\n        padding: 0.5rem 0.8rem 0.8rem;\n        font-size: 0.9rem;\n        background-color: color-mix(in lab, var(--ucpa-color-offwhite, #eee), white 30%);\n        border-radius: 0 0.8rem 0.8rem 0.8rem;\n        visibility: hidden;\n        opacity: 0;\n        transition: opacity 0.3s;\n        z-index: 100000;\n        pointer-events: none;\n        box-shadow: 0 0 0.5rem rgba(0, 0, 0, 0.1);\n    }\n\n    :is(.word:hover, .word:focus, .word:focus-within) .word__explanation {\n        visibility: visible;\n        opacity: 1;\n        pointer-events: all;\n    }\nhtml .linha-das-artes-template-default figcaption {\ncolor: var(--ucpa-color-text, #333);\n}\n\nhtml .wp-block-image {\npadding-top: 0;\n}\n<\/style>\n","protected":false},"excerpt":{"rendered":"<p>Entre rios, mem\u00f3rias e encantarias, o artista constr\u00f3i uma Amaz\u00f4nia plural e afetiva, onde a ancestralidade inspira vis\u00f5es de futuro que transcendem a crise clim\u00e1tica<\/p>\n","protected":false},"featured_media":88728,"template":"","paises":[59],"estados":[74],"cidades":[98],"ano":[57],"eixos":[],"class_list":["post-88763","linha-das-artes","type-linha-das-artes","status-publish","has-post-thumbnail","hentry"],"_links":{"self":[{"href":"https:\/\/concertacaoamazonia.com.br\/cultura\/wp-json\/wp\/v2\/linha-das-artes\/88763","targetHints":{"allow":["GET"]}}],"collection":[{"href":"https:\/\/concertacaoamazonia.com.br\/cultura\/wp-json\/wp\/v2\/linha-das-artes"}],"about":[{"href":"https:\/\/concertacaoamazonia.com.br\/cultura\/wp-json\/wp\/v2\/types\/linha-das-artes"}],"wp:featuredmedia":[{"embeddable":true,"href":"https:\/\/concertacaoamazonia.com.br\/cultura\/wp-json\/wp\/v2\/media\/88728"}],"wp:attachment":[{"href":"https:\/\/concertacaoamazonia.com.br\/cultura\/wp-json\/wp\/v2\/media?parent=88763"}],"wp:term":[{"taxonomy":"paises","embeddable":true,"href":"https:\/\/concertacaoamazonia.com.br\/cultura\/wp-json\/wp\/v2\/paises?post=88763"},{"taxonomy":"estados","embeddable":true,"href":"https:\/\/concertacaoamazonia.com.br\/cultura\/wp-json\/wp\/v2\/estados?post=88763"},{"taxonomy":"cidades","embeddable":true,"href":"https:\/\/concertacaoamazonia.com.br\/cultura\/wp-json\/wp\/v2\/cidades?post=88763"},{"taxonomy":"ano","embeddable":true,"href":"https:\/\/concertacaoamazonia.com.br\/cultura\/wp-json\/wp\/v2\/ano?post=88763"},{"taxonomy":"eixos","embeddable":true,"href":"https:\/\/concertacaoamazonia.com.br\/cultura\/wp-json\/wp\/v2\/eixos?post=88763"}],"curies":[{"name":"wp","href":"https:\/\/api.w.org\/{rel}","templated":true}]}}