{"id":81637,"date":"2025-08-26T08:57:31","date_gmt":"2025-08-26T11:57:31","guid":{"rendered":"https:\/\/concertacaoamazonia.com.br\/?post_type=linha-das-artes&amp;p=81637"},"modified":"2025-08-26T08:57:31","modified_gmt":"2025-08-26T11:57:31","slug":"ao-pintar-sonoridades-pv-dias-imagina-novos-futuros-a-partir-da-cena-musical-urbana-das-amazonias","status":"publish","type":"linha-das-artes","link":"https:\/\/concertacaoamazonia.com.br\/cultura\/linha-das-artes\/ao-pintar-sonoridades-pv-dias-imagina-novos-futuros-a-partir-da-cena-musical-urbana-das-amazonias\/","title":{"rendered":"Ao pintar sonoridades, PV Dias imagina novos futuros a partir da cena musical urbana das Amaz\u00f4nias"},"content":{"rendered":"\n<p class=\"has-text-align-center\"><\/p>\n\n\n\n<p class=\"has-text-align-center\"><strong>Ao pintar sonoridades, PV Dias imagina novos futuros a partir da cena musical urbana das Amaz\u00f4nias<\/strong><\/p>\n\n\n\n<div style=\"height:10px\" aria-hidden=\"true\" class=\"wp-block-spacer\"><\/div>\n\n\n\n<p class=\"has-text-align-center\"><em>Fotografia, v\u00eddeo, arte digital, realidade aumentada. Cores saturadas e vibrantes, est\u00e9tica pop, refer\u00eancias ao <dfn class=\"word\"><a tabindex=\"0\">afrofuturismo<\/a> <span class=\"word__explanation\"> Movimento cultural, est\u00e9tico e pol\u00edtico que se manifesta nos diversos campos das artes a partir da perspectiva negra. Utiliza elementos da fic\u00e7\u00e3o cient\u00edfica e de fantasia para criar narrativas de protagonismo negro, celebrando sua identidade, ancestralidade e hist\u00f3ria<\/span><\/dfn><\/em><em> e \u00e0s Amaz\u00f4nias caribenha e sul-americana. Esses s\u00e3o elementos centrais na obra de Paulo Victor Dias, o PV Dias, artista que a partir de setembro inspira nossos canais digitais<\/em><\/p>\n\n\n\n<div style=\"height:10px\" aria-hidden=\"true\" class=\"wp-block-spacer\"><\/div>\n\n\n\n<p>PV Dias traz em sua arte a pulsa\u00e7\u00e3o sonora, visual e pol\u00edtica da Amaz\u00f4nia urbana. Inspirada pelo vibrante c\u00edrculo cultural das periferias, sua pintura traduz visualmente os ritmos do tecnobrega &#8211; batidas eletr\u00f4nicas que misturam sintetizadores a elementos da m\u00fasica regional amaz\u00f4nica.<\/p>\n\n\n\n<p>Calypso, carimb\u00f3, forr\u00f3 e zouk aparecem em sua obra associados a uma est\u00e9tica pop e ao movimento afrofuturista, em narrativas visuais que partem de uma escuta atenta do passado e do presente regional.<\/p>\n\n\n\n<p>Sua forte conex\u00e3o com a efervescente cena noturna inspira telas que exploram n\u00e3o apenas os ritmos, mas tamb\u00e9m o universo da economia criativa em torno das grandes festas de aparelhagem: transporte e montagem das estruturas, cen\u00e1rio, ilumina\u00e7\u00e3o, vendedores ambulantes e a exaust\u00e3o ao final dos eventos. Assim, o microcosmo das aparelhagens amaz\u00f4nidas representa uma valoriza\u00e7\u00e3o da est\u00e9tica das celebra\u00e7\u00f5es e do modo de vida urbano amaz\u00f4nico para al\u00e9m dos clich\u00eas.&nbsp;<\/p>\n\n\n\n<div style=\"height:10px\" aria-hidden=\"true\" class=\"wp-block-spacer\"><\/div>\n\n\n\n<p class=\"has-text-align-center\"><strong>A Amaz\u00f4nia art\u00edstica de PV Dias \u00e9 pouco conhecida do restante do Brasil<\/strong><\/p>\n\n\n\n<p>PV considera a Amaz\u00f4nia onde cresceu como sua refer\u00eancia visual fundamental. Ele \u00e9 natural de Bel\u00e9m e foi criado entre a capital e Ananindeua, mas tamb\u00e9m visitava com frequ\u00eancia o interior do Par\u00e1, onde tem fam\u00edlia. A experi\u00eancia de viver no Rio de Janeiro transformou sua compreens\u00e3o sobre a regi\u00e3o. \u201cMorar fora do Par\u00e1 agu\u00e7ou minha percep\u00e7\u00e3o. Coisas que antes eu achava normais, como a paisagem sonora de Bel\u00e9m, hoje me parecem \u00fanicas\u201d, relata.<\/p>\n\n\n\n<p>O contato com vis\u00f5es estereotipadas de sua terra natal instigou a vontade de reescrever narrativas, abordando ritmos e cores das periferias. Suas obras frequentemente associam a paisagem urbana \u00e0 dimens\u00e3o econ\u00f4mica dos bastidores das festas, ressaltando seu impacto social e cultural.&nbsp;<\/p>\n\n\n\n<p>As grandes festas que arrastam multid\u00f5es sob os ritmos do tecnobrega s\u00e3o presen\u00e7a frequente em suas telas. Fascinado com o impacto visual desses eventos, PV busca mostrar uma Amaz\u00f4nia diferente, que promove celebra\u00e7\u00f5es gigantescas todos os finais de semana, mas \u00e9 pouco conhecida no restante do Brasil.&nbsp;<\/p>\n\n\n\n<div style=\"height:10px\" aria-hidden=\"true\" class=\"wp-block-spacer\"><\/div>\n\n\n\n<p class=\"has-text-align-center\"><strong>A pulsa\u00e7\u00e3o cultural que move a economia criativa amaz\u00f4nica<\/strong><\/p>\n\n\n\n<p>As aparelhagens democratizam cultura e lazer, mas tamb\u00e9m t\u00eam forte impacto econ\u00f4mico. Movimentam caminhoneiros, carregadores, t\u00e9cnicos de som e luz, artistas visuais, DJs e vendedores ambulantes. S\u00e3o cadeias produtivas que sustentam milhares de pessoas que respiram m\u00fasica, profissionalizam-se em torno dela e t\u00eam na sua movimenta\u00e7\u00e3o financeira uma importante fonte de sustento.<\/p>\n\n\n\n<p>Ao lado de outros artistas, PV destaca o papel dos coletivos locais no fortalecimento da economia criativa amaz\u00f4nica, cada vez mais independente de grandes patrocinadores. \u201cH\u00e1 uma pulsa\u00e7\u00e3o cultural no interior\u201d, ele relata. \u201c<dfn class=\"word\"><a tabindex=\"0\">Camet\u00e1<\/a> <span class=\"word__explanation\"> Munic\u00edpio paraense<\/span><\/dfn>, por exemplo, est\u00e1 fervendo. O que fortalece n\u00e3o \u00e9 o artista sozinho, mas a coletividade, os pequenos circuitos, as redes de apoio\u201d. Assim, combinando documentos, personagens imagin\u00e1rios e elementos pop, ele cria o que chama de \u201ctramas perform\u00e1ticas visuais\u201d para narrar um territ\u00f3rio vivo e din\u00e2mico.<\/p>\n\n\n\n<div style=\"height:10px\" aria-hidden=\"true\" class=\"wp-block-spacer\"><\/div>\n\n\n\n<p class=\"has-text-align-center\"><strong>Amaz\u00f4nia conectada ao mundo<\/strong><\/p>\n\n\n\n<p>O tr\u00e2nsito livre da est\u00e9tica tecnobrega \u00e9 tema da tela \u201cQuinze anos na aparelhagem\/Quincea\u00f1era em Sound System\u201d (2023). A obra representa a converg\u00eancia cultural entre a Amaz\u00f4nia brasileira e os demais pa\u00edses da regi\u00e3o, \u00e0s vezes mais acentuada do que a identifica\u00e7\u00e3o do territ\u00f3rio com outras partes do pa\u00eds, um dos aspectos do cotidiano aos quais PV est\u00e1 atento.<\/p>\n\n\n\n<div style=\"height:32px\" aria-hidden=\"true\" class=\"wp-block-spacer\"><\/div>\n\n\n\n<figure class=\"wp-block-image aligncenter size-large is-resized\"><img fetchpriority=\"high\" fetchpriority=\"high\" decoding=\"async\" width=\"1024\" height=\"1024\" src=\"https:\/\/concertacaoamazonia.com.br\/wp-content\/uploads\/s3\/concertacaoamazonia.com.br\/assets\/uploads\/2025\/08\/Quinze-anos-na-Aparelhagem.-Quinceanera-en-Sound-System-2023-1024x1024.jpg\" alt=\"\" class=\"wp-image-81438\" style=\"width:600px\" srcset=\"https:\/\/concertacaoamazonia.com.br\/cultura\/wp-content\/uploads\/2025\/08\/Quinze-anos-na-Aparelhagem.-Quinceanera-en-Sound-System-2023-1024x1024.jpg 1024w, https:\/\/concertacaoamazonia.com.br\/cultura\/wp-content\/uploads\/2025\/08\/Quinze-anos-na-Aparelhagem.-Quinceanera-en-Sound-System-2023-300x300.jpg 300w, https:\/\/concertacaoamazonia.com.br\/cultura\/wp-content\/uploads\/2025\/08\/Quinze-anos-na-Aparelhagem.-Quinceanera-en-Sound-System-2023-150x150.jpg 150w, https:\/\/concertacaoamazonia.com.br\/cultura\/wp-content\/uploads\/2025\/08\/Quinze-anos-na-Aparelhagem.-Quinceanera-en-Sound-System-2023-768x768.jpg 768w, https:\/\/concertacaoamazonia.com.br\/cultura\/wp-content\/uploads\/2025\/08\/Quinze-anos-na-Aparelhagem.-Quinceanera-en-Sound-System-2023-1536x1536.jpg 1536w, https:\/\/concertacaoamazonia.com.br\/cultura\/wp-content\/uploads\/2025\/08\/Quinze-anos-na-Aparelhagem.-Quinceanera-en-Sound-System-2023-2048x2048.jpg 2048w\" sizes=\"(max-width: 1024px) 100vw, 1024px\" \/><figcaption class=\"wp-element-caption\">\u201cQuinze anos na Aparelhagem. Quincea\u00f1era en Sound System\u201d (2023)<br><\/figcaption><\/figure>\n\n\n\n<p>Essa conex\u00e3o aparece tamb\u00e9m pela presen\u00e7a de animais que fazem parte do cen\u00e1rio e imagin\u00e1rio visual das festas de aparelhagem do Par\u00e1. Um exemplo \u00e9 a obra \u201cO B\u00fafalo: A fauna futurista das aparelhagens\u201d, que integra uma trilogia de pinturas de grande porte que inclui tamb\u00e9m o crocodilo e a \u00e1guia.<\/p>\n\n\n\n<p>Essas figuras, presentes em festas de aparelhagem, atravessam fronteiras coloniais e conectam a Amaz\u00f4nia a territ\u00f3rios caribenhos e sul-americanos. Segundo PV, sua inclus\u00e3o nos cen\u00e1rios das festas simboliza como a cultura popular rompe limites geogr\u00e1ficos, levando sons, imagens e refer\u00eancias visuais para al\u00e9m das fronteiras estabelecidas.<\/p>\n\n\n\n<div style=\"height:32px\" aria-hidden=\"true\" class=\"wp-block-spacer\"><\/div>\n\n\n\n<figure class=\"wp-block-image aligncenter size-large is-resized\"><img decoding=\"async\" width=\"724\" height=\"1024\" src=\"https:\/\/concertacaoamazonia.com.br\/wp-content\/uploads\/s3\/concertacaoamazonia.com.br\/assets\/uploads\/2025\/08\/O-Bufalo.-A-Fauna-Futurista-das-Aparelhagens-2021-724x1024.jpg\" alt=\"\" class=\"wp-image-81442\" style=\"width:600px\" srcset=\"https:\/\/concertacaoamazonia.com.br\/cultura\/wp-content\/uploads\/2025\/08\/O-Bufalo.-A-Fauna-Futurista-das-Aparelhagens-2021-724x1024.jpg 724w, https:\/\/concertacaoamazonia.com.br\/cultura\/wp-content\/uploads\/2025\/08\/O-Bufalo.-A-Fauna-Futurista-das-Aparelhagens-2021-212x300.jpg 212w, https:\/\/concertacaoamazonia.com.br\/cultura\/wp-content\/uploads\/2025\/08\/O-Bufalo.-A-Fauna-Futurista-das-Aparelhagens-2021-768x1086.jpg 768w, https:\/\/concertacaoamazonia.com.br\/cultura\/wp-content\/uploads\/2025\/08\/O-Bufalo.-A-Fauna-Futurista-das-Aparelhagens-2021-1086x1536.jpg 1086w, https:\/\/concertacaoamazonia.com.br\/cultura\/wp-content\/uploads\/2025\/08\/O-Bufalo.-A-Fauna-Futurista-das-Aparelhagens-2021-1448x2048.jpg 1448w\" sizes=\"(max-width: 724px) 100vw, 724px\" \/><figcaption class=\"wp-element-caption\">\u201cO B\u00fafalo. A Fauna Futurista das Aparelhagens\u201d (2021)<br><\/figcaption><\/figure>\n\n\n\n<p>Na obra \u201cLuzes da noite FM\u201d (2023), o artista retrata os DJs da cena noturna em di\u00e1logo com a cultura dos <dfn class=\"word\"><a tabindex=\"0\">pic\u00f3s<\/a> <span class=\"word__explanation\"> \u201cpic\u00f3s\u201d refere-se aos potentes sistemas de som que s\u00e3o uma parte essencial da cultura picotera, especialmente em cidades como Cartagena e Barranquilla. Estes sistemas de som, decorados com desenhos multicoloridos e alegres, s\u00e3o usados em festas e eventos para amplificar a m\u00fasica, especialmente em estilos como a champeta e outros ritmos afro-caribenhos.<\/span><\/dfn> colombianos, ressaltando o tr\u00e2nsito internacional do sound system que une Jamaica, Maranh\u00e3o e Col\u00f4mbia.<br><\/p>\n\n\n\n<div style=\"height:32px\" aria-hidden=\"true\" class=\"wp-block-spacer\"><\/div>\n\n\n\n<figure class=\"wp-block-image aligncenter size-large is-resized\"><img decoding=\"async\" width=\"1013\" height=\"1024\" src=\"https:\/\/concertacaoamazonia.com.br\/wp-content\/uploads\/s3\/concertacaoamazonia.com.br\/assets\/uploads\/2025\/08\/Luzes-da-Noite.-FM-2025-1013x1024.jpg\" alt=\"\" class=\"wp-image-81446\" style=\"width:600px\" srcset=\"https:\/\/concertacaoamazonia.com.br\/cultura\/wp-content\/uploads\/2025\/08\/Luzes-da-Noite.-FM-2025-1013x1024.jpg 1013w, https:\/\/concertacaoamazonia.com.br\/cultura\/wp-content\/uploads\/2025\/08\/Luzes-da-Noite.-FM-2025-297x300.jpg 297w, https:\/\/concertacaoamazonia.com.br\/cultura\/wp-content\/uploads\/2025\/08\/Luzes-da-Noite.-FM-2025-768x776.jpg 768w, https:\/\/concertacaoamazonia.com.br\/cultura\/wp-content\/uploads\/2025\/08\/Luzes-da-Noite.-FM-2025-1520x1536.jpg 1520w, https:\/\/concertacaoamazonia.com.br\/cultura\/wp-content\/uploads\/2025\/08\/Luzes-da-Noite.-FM-2025-2026x2048.jpg 2026w\" sizes=\"(max-width: 1013px) 100vw, 1013px\" \/><figcaption class=\"wp-element-caption\">\u201cLuzes da Noite FM\u201d (2023)<\/figcaption><\/figure>\n\n\n\n<p class=\"has-text-align-center\"><strong>Um artista que projeta o futuro com sotaque amaz\u00f4nico<\/strong><\/p>\n\n\n\n<p><strong><br><\/strong>O afrofuturismo, em sua vers\u00e3o \u201can\u00e1rquica e amaz\u00f4nica\u201d, \u00e9 tamb\u00e9m um elemento essencial na arte de PV Dias. Ele come\u00e7ou a explorar essa perspectiva de forma intuitiva e, com o tempo, percebeu que projetar futuros a partir de suas refer\u00eancias \u2014 negras, nortistas e urbanas \u2014 \u00e9 tamb\u00e9m uma forma de afirmar identidade e reimaginar possibilidades para a regi\u00e3o.<\/p>\n\n\n\n<p>\u00c9 na proje\u00e7\u00e3o desse futuro que convergem n\u00e3o s\u00f3 suas ra\u00edzes negras e urbanas, mas tamb\u00e9m os ritmos, cores, cenas, tecnologias, tradi\u00e7\u00f5es e hist\u00f3rias que mostram uma Amaz\u00f4nia potente e criativa. \u201cEstou contando a minha hist\u00f3ria, que pode ser inventada, assim como outras hist\u00f3rias foram inventadas. (&#8230;) Um futuro em que as din\u00e2micas arquitet\u00f4nicas, colaborativas, visuais e musicais partam tamb\u00e9m de um olhar amaz\u00f4nico\u201d, explica.<\/p>\n\n\n\n<p>E quando essa arte nasce no Norte, com seus brilhos, batidas e corpos em movimento, ela n\u00e3o apenas imagina novos mundos, ela inaugura possibilidades.<\/p>\n\n\n\n<div style=\"height:10px\" aria-hidden=\"true\" class=\"wp-block-spacer\"><\/div>\n\n\n\n<p class=\"has-text-align-center\"><strong>Uma Amaz\u00f4nia na vanguarda da modernidade<\/strong><\/p>\n\n\n\n<p>A arte de PV Dias eterniza uma Amaz\u00f4nia eletr\u00f4nica e digital. A inspira\u00e7\u00e3o vinda das aparelhagens do tecnobrega questiona a no\u00e7\u00e3o estereotipada de uma Amaz\u00f4nia isolada e pr\u00e9-moderna. Sua obra mostra que o Norte \u00e9 um centro de inova\u00e7\u00e3o e pot\u00eancia criativa \u2014 um territ\u00f3rio capaz de influenciar est\u00e9ticas globais com cores, ritmos e refer\u00eancias da urbanidade negra.<\/p>\n\n\n\n<div style=\"height:64px\" aria-hidden=\"true\" class=\"wp-block-spacer\"><\/div>\n\n\n\n<style>\n    \/* corre\u00e7\u00e3o de hover dos \u00edcones sociais *\/\n    html .elementor-48223 .elementor-element.elementor-element-4154965 .elementor-share-btn:hover {\n        --e-share-buttons-secondary-color: var(--ucpa-color-2);\n    }\n<\/style>\n\n<!--  <dfn class=\"word\"><a>WORD<\/a> <span class=\"word__explanation\">LOREM<\/span><\/dfn>  -->\n\n<style>\n    .word {\n        position: relative;\n        color: var(--ucpa-color-main, #900);\n        display: inline-flex !important;\n        p {\n            display: inline !important;\n        }\n    }\n\n    .word a {\n        cursor: pointer;\n        text-decoration: underline;\n        text-decoration-style: dotted;\n        text-underline-offset: 3px;\n    }\n\n    .word__explanation {\n        position: absolute;\n        top: 100%;\n        left: 0;\n        width: 22rem;\n        padding: 0.5rem 0.8rem 0.8rem;\n        font-size: 0.9rem;\n        background-color: color-mix(in lab, var(--ucpa-color-offwhite, #eee), white 30%);\n        border-radius: 0 0.8rem 0.8rem 0.8rem;\n        visibility: hidden;\n        opacity: 0;\n        transition: opacity 0.3s;\n        z-index: 100000;\n        pointer-events: none;\n        box-shadow: 0 0 0.5rem rgba(0, 0, 0, 0.1);\n    }\n\n    :is(.word:hover, .word:focus, .word:focus-within) .word__explanation {\n        visibility: visible;\n        opacity: 1;\n        pointer-events: all;\n    }\nhtml .linha-das-artes-template-default figcaption {\ncolor: var(--ucpa-color-text, #333);\n}\n\nhtml .wp-block-image {\npadding-top: 0;\n}\n<\/style>\n","protected":false},"excerpt":{"rendered":"<p>PV Dias traz em sua arte a pulsa\u00e7\u00e3o sonora, visual e pol\u00edtica da Amaz\u00f4nia urbana. Inspirada pelo vibrante c\u00edrculo cultural das periferias, sua pintura traduz visualmente os ritmos do tecnobrega &#8211; batidas eletr\u00f4nicas que misturam sintetizadores a elementos da m\u00fasica regional amaz\u00f4nica.<\/p>\n","protected":false},"featured_media":81448,"template":"","paises":[59],"estados":[74],"cidades":[88],"ano":[57],"eixos":[],"class_list":["post-81637","linha-das-artes","type-linha-das-artes","status-publish","has-post-thumbnail","hentry"],"_links":{"self":[{"href":"https:\/\/concertacaoamazonia.com.br\/cultura\/wp-json\/wp\/v2\/linha-das-artes\/81637","targetHints":{"allow":["GET"]}}],"collection":[{"href":"https:\/\/concertacaoamazonia.com.br\/cultura\/wp-json\/wp\/v2\/linha-das-artes"}],"about":[{"href":"https:\/\/concertacaoamazonia.com.br\/cultura\/wp-json\/wp\/v2\/types\/linha-das-artes"}],"wp:featuredmedia":[{"embeddable":true,"href":"https:\/\/concertacaoamazonia.com.br\/cultura\/wp-json\/wp\/v2\/media\/81448"}],"wp:attachment":[{"href":"https:\/\/concertacaoamazonia.com.br\/cultura\/wp-json\/wp\/v2\/media?parent=81637"}],"wp:term":[{"taxonomy":"paises","embeddable":true,"href":"https:\/\/concertacaoamazonia.com.br\/cultura\/wp-json\/wp\/v2\/paises?post=81637"},{"taxonomy":"estados","embeddable":true,"href":"https:\/\/concertacaoamazonia.com.br\/cultura\/wp-json\/wp\/v2\/estados?post=81637"},{"taxonomy":"cidades","embeddable":true,"href":"https:\/\/concertacaoamazonia.com.br\/cultura\/wp-json\/wp\/v2\/cidades?post=81637"},{"taxonomy":"ano","embeddable":true,"href":"https:\/\/concertacaoamazonia.com.br\/cultura\/wp-json\/wp\/v2\/ano?post=81637"},{"taxonomy":"eixos","embeddable":true,"href":"https:\/\/concertacaoamazonia.com.br\/cultura\/wp-json\/wp\/v2\/eixos?post=81637"}],"curies":[{"name":"wp","href":"https:\/\/api.w.org\/{rel}","templated":true}]}}