{"id":62039,"date":"2024-10-03T17:03:08","date_gmt":"2024-10-03T20:03:08","guid":{"rendered":"https:\/\/concertacaoamazonia.com.br\/?post_type=linha-das-artes&amp;p=62039"},"modified":"2024-10-03T17:03:08","modified_gmt":"2024-10-03T20:03:08","slug":"rai-reis","status":"publish","type":"linha-das-artes","link":"https:\/\/concertacaoamazonia.com.br\/cultura\/linha-das-artes\/rai-reis\/","title":{"rendered":"Rai Reis &#8211; A foto perfeita \u00e9 aquela que ainda vou fazer"},"content":{"rendered":"\n<p class=\"has-text-align-center\"><strong>A foto perfeita \u00e9 aquela que ainda vou fazer<\/strong><br><strong>(Rai Reis)<\/strong><\/p>\n\n\n\n<p>Rai Reis v\u00ea a si mesmo muito mais como um profissional da fotografia do que como artista, mas o conjunto de sua obra autoral faz dele o fot\u00f3grafo do Mato Grosso por excel\u00eancia. E \u00e9 com essa vis\u00e3o que Rai, cuja obra passa a inspirar a identidade visual dos canais digitais da Concerta\u00e7\u00e3o, registra principalmente as paisagens mato-grossenses e o sertanejo, personagem que em seu trabalho est\u00e1 sempre em destaque.&nbsp;<\/p>\n\n\n\n<div style=\"height:32px\" aria-hidden=\"true\" class=\"wp-block-spacer\"><\/div>\n\n\n\n<h3 class=\"wp-block-heading has-text-align-center\"><strong><em>Uma obra em que o estado do Mato Grosso e o of\u00edcio do fot\u00f3grafo se confundem<\/em><\/strong><\/h3>\n\n\n\n<p>Nascido em C\u00e1ceres, Rai vive desde a adolesc\u00eancia em Cuiab\u00e1. Foi na capital mato-grossense que come\u00e7ou a praticar a fotografia, a princ\u00edpio por influ\u00eancia do pai. Mais tarde, profissionalizou-se como fotojornalista e fot\u00f3grafo de moda e design. No entanto, seu trabalho mais not\u00e1vel \u00e9 o art\u00edstico e autoral, em que o olhar \u00e9 mobilizado pelas imagens de seu estado natal.<\/p>\n\n\n\n<p>Em depoimento \u00e0 Concerta\u00e7\u00e3o sobre sua obra e trajet\u00f3ria, Rai conta sobre o Mato Grosso. \u00c9 n\u00edtido o quanto para ele ambas as coisas s\u00e3o, sen\u00e3o id\u00eanticas, convergentes. \u00c9 evidente tamb\u00e9m a sua tristeza ao falar da velocidade cada vez maior da degrada\u00e7\u00e3o ambiental no estado e seu impacto sobre a cultura regional tradicional, em que o sertanejo \u00e9 figura central. Sua descri\u00e7\u00e3o das paisagens e das gentes mato-grossenses \u00e9 cheia de afeto e preocupa\u00e7\u00e3o:<\/p>\n\n\n\n<p>\u201cO Mato Grosso possui tr\u00eas biomas: Pantanal, Cerrado e Amaz\u00f4nia. A parte norte (Amaz\u00f4nia) \u00e9 onde est\u00e3o os grandes neg\u00f3cios, a soja, o algod\u00e3o, o milho. Mais ao sul, na regi\u00e3o de Pocon\u00e9, que \u00e9 o portal para o Pantanal, as tradi\u00e7\u00f5es culturais ainda est\u00e3o bem preservadas, mas a \u00e1rea est\u00e1 cercada pelo garimpo e a grande planta\u00e7\u00e3o est\u00e1 avan\u00e7ando ali. N\u00e3o \u00e9 o garimpo de pequena escala, \u00e9 o garimpo industrial\u201d.<\/p>\n\n\n\n<p>Rai relata que nessa regi\u00e3o as pessoas est\u00e3o bebendo \u00e1gua contaminada com merc\u00fario e a degrada\u00e7\u00e3o ambiental \u00e9 grande. Em sua opini\u00e3o, n\u00e3o h\u00e1 como ser otimista e achar que esse tipo de ocupa\u00e7\u00e3o um dia v\u00e1 dar certo.<\/p>\n\n\n\n<p>Por outro lado, a ocupa\u00e7\u00e3o mais antiga fica na regi\u00e3o de Cerrado, onde se deu a descoberta e a explora\u00e7\u00e3o de ouro no per\u00edodo colonial e onde a pecu\u00e1ria teve fun\u00e7\u00e3o de apoio \u00e0 minera\u00e7\u00e3o. Ali, seu desenvolvimento respeitou a ideia de abrir partes do territ\u00f3rio e preservar outras, e formando uma esp\u00e9cie de mosaico de \u00e1reas preservadas.<\/p>\n\n\n\n<p>Mais a leste, j\u00e1 no bioma amaz\u00f4nico, fica Vila Bela da Sant\u00edssima Trindade, a primeira capital do estado, que j\u00e1 conta quase 300 anos. Localizada na fronteira com a Bol\u00edvia, ali a cultura sertaneja est\u00e1 inteiramente mantida.<\/p>\n\n\n\n<div style=\"height:32px\" aria-hidden=\"true\" class=\"wp-block-spacer\"><\/div>\n\n\n\n<h3 class=\"wp-block-heading has-text-align-center\"><strong><em>O Mato Grosso que resiste \u00e9 atemporal<\/em><\/strong><\/h3>\n\n\n\n<p>Faz mais de uma d\u00e9cada que Rai fotografa Vila Bela. S\u00e3o registros que documentam a passagem do tempo e mostram a cidade se transformando, enquanto tamb\u00e9m imortalizam a hist\u00f3ria que permanece.Embora observe a degrada\u00e7\u00e3o da cidade, os antigos casar\u00f5es caindo e a \u00e1rea urbana se transformando, \u00e0 ang\u00fastia advinda dessa circunst\u00e2ncia o fot\u00f3grafo sobrep\u00f5e as bel\u00edssimas imagens que registra da cultura tradicional. S\u00e3o as festas da <dfn class=\"word\"><a tabindex=\"0\">Congada<\/a> <span class=\"word__explanation\">Congado ou Festa de Congos: Festa de matriz religiosa afro-brasileira, que mistura dan\u00e7a, canto e teatro. Os \u201cCongos\u201d s\u00e3o grupos que desfilam e cantam em prociss\u00e3o, em homenagem ao\n        santo ou santa padroeira, (S\u00e3o Benedito ou Nossa Sra. do Ros\u00e1rio, os santos \u201cpretos\u201d) em cuja igreja termina o cortejo, em geral.<\/span><\/dfn>, o artesanato dos instrumentos e vestimentas, a m\u00fasica, a culin\u00e1ria, a bebida.<\/p>\n\n\n\n<div class=\"wp-block-group is-vertical is-content-justification-center is-layout-flex wp-container-core-group-is-layout-ce155fab wp-block-group-is-layout-flex\">\n<div class=\"wp-block-group is-content-justification-center is-nowrap is-layout-flex wp-container-core-group-is-layout-23441af8 wp-block-group-is-layout-flex\">\n<figure class=\"wp-block-image size-full\"><img fetchpriority=\"high\" fetchpriority=\"high\" decoding=\"async\" width=\"640\" height=\"425\" src=\"https:\/\/concertacaoamazonia.com.br\/wp-content\/uploads\/2024\/10\/festa58.jpeg\" alt=\"\" class=\"wp-image-62404\" srcset=\"https:\/\/concertacaoamazonia.com.br\/cultura\/wp-content\/uploads\/2024\/10\/festa58.jpeg 640w, https:\/\/concertacaoamazonia.com.br\/cultura\/wp-content\/uploads\/2024\/10\/festa58-300x199.jpeg 300w\" sizes=\"(max-width: 640px) 100vw, 640px\" \/><figcaption class=\"wp-element-caption\">Festa do Congo de Vila Bela da Sant\u00edssima Trindade<\/figcaption><\/figure>\n\n\n\n<figure class=\"wp-block-image size-full\"><img decoding=\"async\" width=\"640\" height=\"425\" src=\"https:\/\/concertacaoamazonia.com.br\/wp-content\/uploads\/2024\/10\/festa700.jpeg\" alt=\"\" class=\"wp-image-62406\" srcset=\"https:\/\/concertacaoamazonia.com.br\/cultura\/wp-content\/uploads\/2024\/10\/festa700.jpeg 640w, https:\/\/concertacaoamazonia.com.br\/cultura\/wp-content\/uploads\/2024\/10\/festa700-300x199.jpeg 300w\" sizes=\"(max-width: 640px) 100vw, 640px\" \/><figcaption class=\"wp-element-caption\">Festa do Congo de Vila Bela da Sant\u00edssima Trindade<\/figcaption><\/figure>\n<\/div>\n<\/div>\n\n\n\n<blockquote class=\"wp-block-quote is-layout-flow wp-block-quote-is-layout-flow\">\n<p>\u201cN\u00e3o tem essa coisa do moderno\u201d, diz. Quando fotografa os folguedos tradicionais, sabe que est\u00e1 testemunhando algo que acontece de maneira id\u00eantica ao que ocorria h\u00e1 200 anos. &nbsp;\u00c9 uma oportunidade de sair do pr\u00f3prio cotidiano e mergulhar numa rotina que n\u00e3o conhece, tirar enorme prazer da profiss\u00e3o e escapar do t\u00e9dio, do marasmo de fazer a mesma coisa todos os dias. Para ele, a fotografia n\u00e3o \u00e9 uma coisa fria, \u201c\u00e9 algo que se faz com a alma, com sua hist\u00f3ria. \u00c9 mem\u00f3ria e \u00e9 hist\u00f3ria\u201d.<br><\/p>\n<\/blockquote>\n\n\n\n<p>Rai \u00e9 um apaixonado pelo que chama de \u201cMato Grosso profundo\u201d, em que o sertanejo \u00e9 o her\u00f3i das duras condi\u00e7\u00f5es em que se produz a vida naquele territ\u00f3rio e protagonista da preserva\u00e7\u00e3o das tradi\u00e7\u00f5es e da cultura local.<\/p>\n\n\n\n<div class=\"wp-block-group is-vertical is-content-justification-center is-layout-flex wp-container-core-group-is-layout-ce155fab wp-block-group-is-layout-flex\">\n<figure class=\"wp-block-image aligncenter size-large is-resized\"><img decoding=\"async\" width=\"1024\" height=\"683\" src=\"https:\/\/concertacaoamazonia.com.br\/wp-content\/uploads\/2024\/07\/IMG_3270-1024x683.jpg\" alt=\"\" class=\"wp-image-61774\" style=\"width:600px;height:auto\" srcset=\"https:\/\/concertacaoamazonia.com.br\/cultura\/wp-content\/uploads\/2024\/07\/IMG_3270-1024x683.jpg 1024w, https:\/\/concertacaoamazonia.com.br\/cultura\/wp-content\/uploads\/2024\/07\/IMG_3270-300x200.jpg 300w, https:\/\/concertacaoamazonia.com.br\/cultura\/wp-content\/uploads\/2024\/07\/IMG_3270-768x512.jpg 768w, https:\/\/concertacaoamazonia.com.br\/cultura\/wp-content\/uploads\/2024\/07\/IMG_3270-1536x1024.jpg 1536w, https:\/\/concertacaoamazonia.com.br\/cultura\/wp-content\/uploads\/2024\/07\/IMG_3270.jpg 1920w\" sizes=\"(max-width: 1024px) 100vw, 1024px\" \/><figcaption class=\"wp-element-caption\">Produ\u00e7\u00e3o da viola de pau (ou <dfn class=\"word\"><a tabindex=\"0\">viola de cocho<\/a>). <span class=\"word__explanation\">A viola de cocho \u00e9 um instrumento musical tradicional do Mato Grosso e Mato Grosso do Sul, esculpido em uma tora de madeira inteiri\u00e7a. Seu \u201cmodo de fazer\u201d \u00e9 registrado como Patrim\u00f4nio Cultural do Brasil desde 2004<\/span><\/dfn>), instrumento tradicional das festas populares&nbsp;do Mato Grosso.<\/figcaption><\/figure>\n<\/div>\n\n\n\n<div style=\"height:32px\" aria-hidden=\"true\" class=\"wp-block-spacer\"><\/div>\n\n\n\n<h3 class=\"wp-block-heading has-text-align-center\"><strong><em>O sertanejo sobrevive na ra\u00e7a<\/em><\/strong><\/h3>\n\n\n\n<p class=\"has-text-align-left\">Para Rai, o sertanejo em Mato Grosso \u00e9 um sobrevivente por defini\u00e7\u00e3o. \u201cO cara est\u00e1 esquecido l\u00e1, vivendo da lida do gado e do trabalho na ro\u00e7a. Antigamente ele vivia da coleta na floresta, da pequena planta\u00e7\u00e3o de produtos do cerrado, da pesca artesanal. Agora, n\u00e3o d\u00e1 pra saber at\u00e9 quando vai conseguir sobreviver\u201d, comenta.<\/p>\n\n\n\n<div class=\"wp-block-group is-vertical is-content-justification-center is-layout-flex wp-container-core-group-is-layout-ce155fab wp-block-group-is-layout-flex\">\n<figure class=\"wp-block-image aligncenter size-large is-resized\"><img loading=\"lazy\" loading=\"lazy\" decoding=\"async\" width=\"1024\" height=\"683\" src=\"https:\/\/concertacaoamazonia.com.br\/wp-content\/uploads\/2024\/07\/17A8651-1024x683.jpg\" alt=\"\" class=\"wp-image-61762\" style=\"width:600px\" srcset=\"https:\/\/concertacaoamazonia.com.br\/cultura\/wp-content\/uploads\/2024\/07\/17A8651-1024x683.jpg 1024w, https:\/\/concertacaoamazonia.com.br\/cultura\/wp-content\/uploads\/2024\/07\/17A8651-300x200.jpg 300w, https:\/\/concertacaoamazonia.com.br\/cultura\/wp-content\/uploads\/2024\/07\/17A8651-768x512.jpg 768w, https:\/\/concertacaoamazonia.com.br\/cultura\/wp-content\/uploads\/2024\/07\/17A8651-1536x1024.jpg 1536w, https:\/\/concertacaoamazonia.com.br\/cultura\/wp-content\/uploads\/2024\/07\/17A8651.jpg 1920w\" sizes=\"auto, (max-width: 1024px) 100vw, 1024px\" \/><figcaption class=\"wp-element-caption\">O artista v\u00ea a conex\u00e3o das pessoas com os rios como a ess\u00eancia do Mato Grosso, mas a seca crescente tem amea\u00e7ado esse v\u00ednculo. Ele relata que, em sua inf\u00e2ncia, via o Rio Paraguai como um rio gigante, mas, no momento \u00e9 poss\u00edvel atravess\u00e1-lo \u201ccom \u00e1gua na canela\u201d. Se a seca perdurar, ser\u00e1 o colapso desse modo de vida, avalia. \u201cE o sertanejo \u00e9 o elo mais fraco\u201d.<\/figcaption><\/figure>\n\n\n\n<p style=\"font-size:0.8em\"><br><\/p>\n<\/div>\n\n\n\n<div style=\"height:32px\" aria-hidden=\"true\" class=\"wp-block-spacer\"><\/div>\n\n\n\n<p class=\"has-text-align-center\"><strong><em>Rai vai atr\u00e1s das manifesta\u00e7\u00f5es culturais aut\u00eanticas, que s\u00e3o express\u00e3o das hist\u00f3rias locais<\/em><\/strong><\/p>\n\n\n\n<p>O fot\u00f3grafo autoral \u00e9, em sua vis\u00e3o, uma esp\u00e9cie de \u201cca\u00e7ador de imagens e de momentos\u201d. O que o move \u00e9 a \u201cboa hist\u00f3ria\u201d, capturada pelo olhar treinado para o enquadramento e a luz. Por isso viaja pelo estado, fotografa as cidades, tradi\u00e7\u00f5es, modos de vida, pausas e festas.<\/p>\n\n\n\n<p>\u00c9 nesse contexto de hist\u00f3ria e de mem\u00f3ria que, embora n\u00e3o acredite em \u201clegendas\u201d para fotografias, ele comenta algumas delas:<\/p>\n\n\n\n<div style=\"height:32px\" aria-hidden=\"true\" class=\"wp-block-spacer\"><\/div>\n\n\n\n<h3 class=\"wp-block-heading has-text-align-center\"><strong>Vaqueiro<\/strong><\/h3>\n\n\n\n<div class=\"wp-block-group is-vertical is-content-justification-center is-layout-flex wp-container-core-group-is-layout-ce155fab wp-block-group-is-layout-flex\">\n<figure class=\"wp-block-image aligncenter size-large is-resized\"><img loading=\"lazy\" loading=\"lazy\" decoding=\"async\" width=\"1024\" height=\"683\" src=\"https:\/\/concertacaoamazonia.com.br\/wp-content\/uploads\/2024\/07\/IMG_9307pb-1024x683.jpg\" alt=\"\" class=\"wp-image-61780\" style=\"width:600px\" srcset=\"https:\/\/concertacaoamazonia.com.br\/cultura\/wp-content\/uploads\/2024\/07\/IMG_9307pb-1024x683.jpg 1024w, https:\/\/concertacaoamazonia.com.br\/cultura\/wp-content\/uploads\/2024\/07\/IMG_9307pb-300x200.jpg 300w, https:\/\/concertacaoamazonia.com.br\/cultura\/wp-content\/uploads\/2024\/07\/IMG_9307pb-768x512.jpg 768w, https:\/\/concertacaoamazonia.com.br\/cultura\/wp-content\/uploads\/2024\/07\/IMG_9307pb-1536x1024.jpg 1536w, https:\/\/concertacaoamazonia.com.br\/cultura\/wp-content\/uploads\/2024\/07\/IMG_9307pb.jpg 1920w\" sizes=\"auto, (max-width: 1024px) 100vw, 1024px\" \/><figcaption class=\"wp-element-caption\">Captada durante uma festa de santo no munic\u00edpio de Ros\u00e1rio Oeste, esta imagem mostra aquele que para Rai representa o personagem rural aut\u00eantico por excel\u00eancia: o vaqueiro.<\/figcaption><\/figure>\n<\/div>\n\n\n\n<div style=\"height:32px\" aria-hidden=\"true\" class=\"wp-block-spacer\"><\/div>\n\n\n\n<h3 class=\"wp-block-heading has-text-align-center\"><strong>Homenagem a S\u00e3o Benedito<\/strong><\/h3>\n\n\n\n<div class=\"wp-block-group is-vertical is-content-justification-center is-layout-flex wp-container-core-group-is-layout-ce155fab wp-block-group-is-layout-flex\">\n<figure class=\"wp-block-image aligncenter size-large is-resized\"><img loading=\"lazy\" loading=\"lazy\" decoding=\"async\" width=\"1024\" height=\"683\" src=\"https:\/\/concertacaoamazonia.com.br\/wp-content\/uploads\/2024\/07\/IMG_9146-1024x683.jpg\" alt=\"\" class=\"wp-image-61778\" style=\"width:600px\" srcset=\"https:\/\/concertacaoamazonia.com.br\/cultura\/wp-content\/uploads\/2024\/07\/IMG_9146-1024x683.jpg 1024w, https:\/\/concertacaoamazonia.com.br\/cultura\/wp-content\/uploads\/2024\/07\/IMG_9146-300x200.jpg 300w, https:\/\/concertacaoamazonia.com.br\/cultura\/wp-content\/uploads\/2024\/07\/IMG_9146-768x512.jpg 768w, https:\/\/concertacaoamazonia.com.br\/cultura\/wp-content\/uploads\/2024\/07\/IMG_9146-1536x1024.jpg 1536w, https:\/\/concertacaoamazonia.com.br\/cultura\/wp-content\/uploads\/2024\/07\/IMG_9146.jpg 1920w\" sizes=\"auto, (max-width: 1024px) 100vw, 1024px\" \/><figcaption class=\"wp-element-caption\">Realizada durante a mesma festa em Ros\u00e1rio Oeste, esta foto capta a homenagem ao padroeiro da comemora\u00e7\u00e3o, S\u00e3o Benedito. Aqui, Rai destaca os instrumentos tradicionais: viola de cocho (de pau) e ganz\u00e1. Ele explica que se trata de uma celebra\u00e7\u00e3o sincr\u00e9tica movida a cacha\u00e7a que, como toda festa de santo do Mato Grosso, mistura m\u00fasica, reza e bebida alco\u00f3lica: a <dfn class=\"word\"><a tabindex=\"0\">cacha\u00e7a de raiz<\/a> <span class=\"word__explanation\">Cacha\u00e7a \u201ctemperada\u201d com algum tipo de planta, seja a raiz propriamente, sejam cascas, folhas ou frutos. S\u00e3o comumente usadas a andiroba, jambu, guaran\u00e1, etc.<\/span><\/dfn>. \u201cTem um cara que fica no meio deles distribuindo goles da pinga, o que deixa a festa muito animada\u201d, relata.<\/figcaption><\/figure>\n\n\n\n<p class=\"has-text-align-left\" style=\"font-size:0.8em\"><\/p>\n<\/div>\n\n\n\n<div style=\"height:32px\" aria-hidden=\"true\" class=\"wp-block-spacer\"><\/div>\n\n\n\n<h3 class=\"wp-block-heading has-text-align-center\"><strong>Dan\u00e7a dos Mascarados e Cavalhada<\/strong><\/h3>\n\n\n\n<div class=\"wp-block-group is-vertical is-content-justification-center is-layout-flex wp-container-core-group-is-layout-ce155fab wp-block-group-is-layout-flex\">\n<div class=\"wp-block-group is-nowrap is-layout-flex wp-container-core-group-is-layout-6c531013 wp-block-group-is-layout-flex\">\n<figure class=\"wp-block-image size-large\"><img loading=\"lazy\" loading=\"lazy\" decoding=\"async\" width=\"1024\" height=\"683\" src=\"https:\/\/concertacaoamazonia.com.br\/wp-content\/uploads\/2024\/07\/IMG_0402-20-1024x683.jpg\" alt=\"\" class=\"wp-image-61766\" srcset=\"https:\/\/concertacaoamazonia.com.br\/cultura\/wp-content\/uploads\/2024\/07\/IMG_0402-20-1024x683.jpg 1024w, https:\/\/concertacaoamazonia.com.br\/cultura\/wp-content\/uploads\/2024\/07\/IMG_0402-20-300x200.jpg 300w, https:\/\/concertacaoamazonia.com.br\/cultura\/wp-content\/uploads\/2024\/07\/IMG_0402-20-768x512.jpg 768w, https:\/\/concertacaoamazonia.com.br\/cultura\/wp-content\/uploads\/2024\/07\/IMG_0402-20-1536x1024.jpg 1536w, https:\/\/concertacaoamazonia.com.br\/cultura\/wp-content\/uploads\/2024\/07\/IMG_0402-20.jpg 1920w\" sizes=\"auto, (max-width: 1024px) 100vw, 1024px\" \/><figcaption class=\"wp-element-caption\">Dan\u00e7a dos Mascarados e a Cavalhada<\/figcaption><\/figure>\n\n\n\n<figure class=\"wp-block-image size-large\"><img loading=\"lazy\" loading=\"lazy\" decoding=\"async\" width=\"1024\" height=\"683\" src=\"https:\/\/concertacaoamazonia.com.br\/wp-content\/uploads\/2024\/07\/IMG_2718-1024x683.jpg\" alt=\"\" class=\"wp-image-61770\" srcset=\"https:\/\/concertacaoamazonia.com.br\/cultura\/wp-content\/uploads\/2024\/07\/IMG_2718-1024x683.jpg 1024w, https:\/\/concertacaoamazonia.com.br\/cultura\/wp-content\/uploads\/2024\/07\/IMG_2718-300x200.jpg 300w, https:\/\/concertacaoamazonia.com.br\/cultura\/wp-content\/uploads\/2024\/07\/IMG_2718-768x512.jpg 768w, https:\/\/concertacaoamazonia.com.br\/cultura\/wp-content\/uploads\/2024\/07\/IMG_2718-1536x1024.jpg 1536w, https:\/\/concertacaoamazonia.com.br\/cultura\/wp-content\/uploads\/2024\/07\/IMG_2718.jpg 1920w\" sizes=\"auto, (max-width: 1024px) 100vw, 1024px\" \/><figcaption class=\"wp-element-caption\">Dan\u00e7a dos Mascarados e a Cavalhada<\/figcaption><\/figure>\n<\/div>\n\n\n\n<p style=\"font-size:0.8em\">Nestas imagens, Rai retrata a Dan\u00e7a dos Mascarados e a Cavalhada, t\u00edpicas da cidade de Pocon\u00e9. Sempre mascarados e completamente cobertos por roupas caracter\u00edsticas, ele explica que somente homens participam da dan\u00e7a. Esta faz parte dos folguedos da Cavalhada, uma representa\u00e7\u00e3o campal da luta entre crist\u00e3os e mu\u00e7ulmanos, que&nbsp;integra as comemora\u00e7\u00f5es da Festa do Divino Esp\u00edrito Santo e de S\u00e3o Benedito.<br><\/p>\n<\/div>\n\n\n\n<div style=\"height:32px\" aria-hidden=\"true\" class=\"wp-block-spacer\"><\/div>\n\n\n\n<h3 class=\"wp-block-heading has-text-align-center\"><strong>Festa do Boi<\/strong><\/h3>\n\n\n\n<div class=\"wp-block-group is-layout-constrained wp-block-group-is-layout-constrained\">\n<figure class=\"wp-block-image aligncenter size-large is-resized\"><img loading=\"lazy\" loading=\"lazy\" decoding=\"async\" width=\"1024\" height=\"680\" src=\"https:\/\/concertacaoamazonia.com.br\/wp-content\/uploads\/2024\/07\/51-1-de-1-1024x680.jpg\" alt=\"\" class=\"wp-image-61764\" style=\"width:600px\" srcset=\"https:\/\/concertacaoamazonia.com.br\/cultura\/wp-content\/uploads\/2024\/07\/51-1-de-1-1024x680.jpg 1024w, https:\/\/concertacaoamazonia.com.br\/cultura\/wp-content\/uploads\/2024\/07\/51-1-de-1-300x199.jpg 300w, https:\/\/concertacaoamazonia.com.br\/cultura\/wp-content\/uploads\/2024\/07\/51-1-de-1-768x510.jpg 768w, https:\/\/concertacaoamazonia.com.br\/cultura\/wp-content\/uploads\/2024\/07\/51-1-de-1-1536x1020.jpg 1536w, https:\/\/concertacaoamazonia.com.br\/cultura\/wp-content\/uploads\/2024\/07\/51-1-de-1.jpg 1920w\" sizes=\"auto, (max-width: 1024px) 100vw, 1024px\" \/><figcaption class=\"wp-element-caption\">Rai registra aqui a festa do Siriri, manifesta\u00e7\u00e3o cultural que usa o boi como figura c\u00eanica. Diferente do bumba-meu-boi das regi\u00f5es Norte e Nordeste do Brasil, a m\u00fasica que anima as festas do Siriri no Mato Grosso tem o ritmo do cururu e \u00e9 acompanhada pela viola de cocho e pelo ganz\u00e1.<\/figcaption><\/figure>\n<\/div>\n\n\n\n<div style=\"height:32px\" aria-hidden=\"true\" class=\"wp-block-spacer\"><\/div>\n\n\n\n<h3 class=\"wp-block-heading has-text-align-center\"><strong>Vida na fazenda<\/strong><\/h3>\n\n\n\n<div class=\"wp-block-group is-vertical is-content-justification-center is-layout-flex wp-container-core-group-is-layout-ce155fab wp-block-group-is-layout-flex\">\n<figure class=\"wp-block-image aligncenter size-large is-resized\"><img loading=\"lazy\" loading=\"lazy\" decoding=\"async\" width=\"1024\" height=\"683\" src=\"https:\/\/concertacaoamazonia.com.br\/wp-content\/uploads\/2024\/07\/IMG_8430-1024x683.jpg\" alt=\"\" class=\"wp-image-61776\" style=\"width:600px\" srcset=\"https:\/\/concertacaoamazonia.com.br\/cultura\/wp-content\/uploads\/2024\/07\/IMG_8430-1024x683.jpg 1024w, https:\/\/concertacaoamazonia.com.br\/cultura\/wp-content\/uploads\/2024\/07\/IMG_8430-300x200.jpg 300w, https:\/\/concertacaoamazonia.com.br\/cultura\/wp-content\/uploads\/2024\/07\/IMG_8430-768x512.jpg 768w, https:\/\/concertacaoamazonia.com.br\/cultura\/wp-content\/uploads\/2024\/07\/IMG_8430-1536x1024.jpg 1536w, https:\/\/concertacaoamazonia.com.br\/cultura\/wp-content\/uploads\/2024\/07\/IMG_8430.jpg 1920w\" sizes=\"auto, (max-width: 1024px) 100vw, 1024px\" \/><figcaption class=\"wp-element-caption\">Esta foto foi feita na Fazenda Jacobina, uma das mais antigas de Mato Grosso e, no passado, uma das mais pr\u00f3speras. Rai estima que o registro tenha sido realizado h\u00e1 cinco anos. Ele conta que a parede verde foi recentemente rebocada e o cavalo j\u00e1 n\u00e3o passa por dentro do c\u00f4modo, que foi transformado em quarto de hotel. Para ele, a imagem eterniza um momento da hist\u00f3ria do Mato Grosso.<\/figcaption><\/figure>\n<\/div>\n\n\n\n<blockquote class=\"wp-block-quote is-layout-flow wp-block-quote-is-layout-flow\">\n<p>\u201cSempre me emociono quando vejo minhas fotos mais antigas, de gente simples. Eu volto aos lugares e vejo o tempo correndo tamb\u00e9m para as pessoas que fotografei. \u00c0s vezes esque\u00e7o o que j\u00e1 fiz. Com o tempo, vou rever os arquivos, e vejo outras coisas, de que eu n\u00e3o lembrava. Elas ficam como acervo, como hist\u00f3ria\u201d, diz.<\/p>\n\n\n\n<p class=\"has-text-align-center\"><\/p>\n<\/blockquote>\n\n\n\n<style>\n    \/* corre\u00e7\u00e3o de hover dos \u00edcones sociais *\/\n    html .elementor-48223 .elementor-element.elementor-element-4154965 .elementor-share-btn:hover {\n        --e-share-buttons-secondary-color: var(--ucpa-color-2);\n    }\n<\/style>\n\n<!--  <dfn class=\"word\"><a>WORD<\/a> <span class=\"word__explanation\">LOREM<\/span><\/dfn>  -->\n\n<style>\n    .word {\n        position: relative;\n        color: var(--ucpa-color-main, #900);\n        display: inline-flex !important;\n        p {\n            display: inline !important;\n        }\n    }\n\n    .word a {\n        cursor: pointer;\n        text-decoration: underline;\n        text-decoration-style: dotted;\n        text-underline-offset: 3px;\n    }\n\n    .word__explanation {\n        position: absolute;\n        top: 100%;\n        left: 0;\n        width: 22rem;\n        padding: 0.5rem 0.8rem 0.8rem;\n        font-size: 0.9rem;\n        background-color: color-mix(in lab, var(--ucpa-color-offwhite, #eee), white 30%);\n        border-radius: 0 0.8rem 0.8rem 0.8rem;\n        visibility: hidden;\n        opacity: 0;\n        transition: opacity 0.3s;\n        z-index: 100000;\n        pointer-events: none;\n        box-shadow: 0 0 0.5rem rgba(0, 0, 0, 0.1);\n    }\n\n    :is(.word:hover, .word:focus, .word:focus-within) .word__explanation {\n        visibility: visible;\n        opacity: 1;\n        pointer-events: all;\n    }\nhtml .linha-das-artes-template-default figcaption {\ncolor: var(--ucpa-color-text, #333);\n}\n\nhtml .wp-block-image {\npadding-top: 0;\n}\n<\/style>\n","protected":false},"excerpt":{"rendered":"<p>Rai Reis v\u00ea a si mesmo muito mais como um profissional da fotografia do que como artista, mas o conjunto de sua obra autoral faz dele o fot\u00f3grafo do Mato Grosso por excel\u00eancia. E \u00e9 com essa vis\u00e3o que Rai, cuja obra passa a inspirar a identidade visual dos canais digitais da Concerta\u00e7\u00e3o, registra principalmente as paisagens mato-grossenses e o sertanejo, personagem que em seu trabalho est\u00e1 sempre em destaque.\u00a0<\/p>\n","protected":false},"featured_media":61762,"template":"","paises":[59],"estados":[85],"cidades":[84],"ano":[72],"eixos":[],"class_list":["post-62039","linha-das-artes","type-linha-das-artes","status-publish","has-post-thumbnail","hentry"],"_links":{"self":[{"href":"https:\/\/concertacaoamazonia.com.br\/cultura\/wp-json\/wp\/v2\/linha-das-artes\/62039","targetHints":{"allow":["GET"]}}],"collection":[{"href":"https:\/\/concertacaoamazonia.com.br\/cultura\/wp-json\/wp\/v2\/linha-das-artes"}],"about":[{"href":"https:\/\/concertacaoamazonia.com.br\/cultura\/wp-json\/wp\/v2\/types\/linha-das-artes"}],"wp:featuredmedia":[{"embeddable":true,"href":"https:\/\/concertacaoamazonia.com.br\/cultura\/wp-json\/wp\/v2\/media\/61762"}],"wp:attachment":[{"href":"https:\/\/concertacaoamazonia.com.br\/cultura\/wp-json\/wp\/v2\/media?parent=62039"}],"wp:term":[{"taxonomy":"paises","embeddable":true,"href":"https:\/\/concertacaoamazonia.com.br\/cultura\/wp-json\/wp\/v2\/paises?post=62039"},{"taxonomy":"estados","embeddable":true,"href":"https:\/\/concertacaoamazonia.com.br\/cultura\/wp-json\/wp\/v2\/estados?post=62039"},{"taxonomy":"cidades","embeddable":true,"href":"https:\/\/concertacaoamazonia.com.br\/cultura\/wp-json\/wp\/v2\/cidades?post=62039"},{"taxonomy":"ano","embeddable":true,"href":"https:\/\/concertacaoamazonia.com.br\/cultura\/wp-json\/wp\/v2\/ano?post=62039"},{"taxonomy":"eixos","embeddable":true,"href":"https:\/\/concertacaoamazonia.com.br\/cultura\/wp-json\/wp\/v2\/eixos?post=62039"}],"curies":[{"name":"wp","href":"https:\/\/api.w.org\/{rel}","templated":true}]}}