{"id":57980,"date":"2024-06-20T16:52:46","date_gmt":"2024-06-20T19:52:46","guid":{"rendered":"https:\/\/concertacaoamazonia.com.br\/?post_type=linha-das-artes&amp;p=57980"},"modified":"2024-06-20T16:52:46","modified_gmt":"2024-06-20T19:52:46","slug":"adriana-ramalho-cria-universo-de-experiencias-sensoriais-ao-amplificar-detalhes-microscopicos-da-natureza","status":"publish","type":"linha-das-artes","link":"https:\/\/concertacaoamazonia.com.br\/cultura\/linha-das-artes\/adriana-ramalho-cria-universo-de-experiencias-sensoriais-ao-amplificar-detalhes-microscopicos-da-natureza\/","title":{"rendered":"Adriana Ramalho cria universo de experi\u00eancias sensoriais ao amplificar detalhes microsc\u00f3picos da natureza"},"content":{"rendered":"\n<blockquote class=\"wp-block-quote is-layout-flow wp-block-quote-is-layout-flow\">\n<p>A Amaz\u00f4nia sempre esteve presente na obra da artista visual Adriana Ramalho, mesmo em per\u00edodos em que viveu longe da regi\u00e3o. Suas telas abstratas tornam gigantescos detalhes de formas org\u00e2nicas invis\u00edveis a olho nu, e sugerem os contrastes das cores das \u00e1guas e da seca, da degrada\u00e7\u00e3o e da preserva\u00e7\u00e3o.<\/p>\n\n\n\n<p>Desde que foi convidada aos 17 anos para ser ilustradora do jornal Amazonas em Tempo, a artista nunca pensou em fazer outra coisa que n\u00e3o trabalhar com cria\u00e7\u00e3o. A escolha de um curso superior, no entanto, foi desafiadora. Manaus n\u00e3o contava com faculdades de artes pl\u00e1sticas, o que a fez optar pelo curso de publicidade. Infeliz com a escolha, ela buscou forma\u00e7\u00e3o superior em Educa\u00e7\u00e3o Art\u00edstica, mas a escola encerrou o curso antes que ela pudesse conclu\u00ed-lo.<\/p>\n\n\n\n<p>Diante de experi\u00eancias t\u00e3o frustrantes, Adriana aceitou a sugest\u00e3o da m\u00e3e e se mudou para S\u00e3o Paulo (SP) para estudar Artes Pl\u00e1sticas, seu grande sonho. Acostumada ao contato permanente com a natureza (o s\u00edtio de sua fam\u00edlia em Manaus fica a apenas alguns quil\u00f4metros da mata fechada), a chegada \u00e0 metr\u00f3pole paulista foi chocante, em particular pela verticaliza\u00e7\u00e3o radical da paisagem.<\/p>\n\n\n\n<p>Um dos reflexos dessa mudan\u00e7a foi o despertar de seu interesse pelas m\u00eddias digitais, em particular as videoinstala\u00e7\u00f5es, que permitiam a abstra\u00e7\u00e3o das formas verticais e facilitavam grandes formatos. De alguma maneira, a percep\u00e7\u00e3o do contraste entre S\u00e3o Paulo e Manaus, os sons da cidade e da floresta, e a sobreposi\u00e7\u00e3o desse conjunto de elementos paisag\u00edsticos foram dando sentido ao seu trabalho.<\/p>\n\n\n\n<p>Assim que se formou, Adriana cursou p\u00f3s-gradua\u00e7\u00e3o em design e tecnologia. Para financiar sua perman\u00eancia na capital paulista, passou a trabalhar com publicidade e marketing. Mergulhada no intenso cotidiano do setor de 2010 a 2016, a manauara se viu cada vez mais distante da cria\u00e7\u00e3o art\u00edstica.<\/p>\n\n\n\n<p>Cansada da vida fren\u00e9tica da cidade, ela decidiu se mudar para a zona rural de Ubatuba, no litoral paulista. Vivendo em plena Mata Atl\u00e2ntica, a poucos quil\u00f4metros do mar, a artista se reencontrou e se reconectou com o universo da arte. Ela conta ter agarrado o lugar \u201ccom unhas e dentes\u201d. Sem internet, telefone ou outros equipamentos eletr\u00f4nicos, ela p\u00f4de enfim retornar ao desenho.&nbsp;<\/p>\n<cite><br><\/cite><\/blockquote>\n\n\n\n<div class=\"wp-block-columns alignwide are-vertically-aligned-center ucpa-highlight has-background is-layout-flex wp-container-core-columns-is-layout-28f84493 wp-block-columns-is-layout-flex\" style=\"background-color:#e7ebf3\">\n<div class=\"wp-block-column is-vertically-aligned-center is-layout-flow wp-block-column-is-layout-flow\">\n<p>De in\u00edcio, seu trabalho preservou muitos elementos urbanos. Aos poucos, os tra\u00e7os passaram a se voltar para formas org\u00e2nicas, como na obra \u201cGarden One\u201d:<\/p>\n\n\n\n<p><\/p>\n<\/div>\n\n\n\n<div class=\"wp-block-column is-vertically-aligned-center is-layout-flow wp-block-column-is-layout-flow\">\n<figure class=\"wp-block-image aligncenter size-large is-resized is-style-default\"><img fetchpriority=\"high\" fetchpriority=\"high\" decoding=\"async\" width=\"745\" height=\"1024\" src=\"https:\/\/concertacaoamazonia.com.br\/wp-content\/uploads\/2024\/06\/Garden-One-Serie-Garden-Ano-2016-Dimensoes-77-x-57-cm-Tecnica-Aquarela-sobre-Papel--745x1024.jpg\" alt=\"\" class=\"wp-image-57242\" style=\"width:540px\" srcset=\"https:\/\/concertacaoamazonia.com.br\/cultura\/wp-content\/uploads\/2024\/06\/Garden-One-Serie-Garden-Ano-2016-Dimensoes-77-x-57-cm-Tecnica-Aquarela-sobre-Papel--745x1024.jpg 745w, https:\/\/concertacaoamazonia.com.br\/cultura\/wp-content\/uploads\/2024\/06\/Garden-One-Serie-Garden-Ano-2016-Dimensoes-77-x-57-cm-Tecnica-Aquarela-sobre-Papel--218x300.jpg 218w, https:\/\/concertacaoamazonia.com.br\/cultura\/wp-content\/uploads\/2024\/06\/Garden-One-Serie-Garden-Ano-2016-Dimensoes-77-x-57-cm-Tecnica-Aquarela-sobre-Papel--768x1056.jpg 768w, https:\/\/concertacaoamazonia.com.br\/cultura\/wp-content\/uploads\/2024\/06\/Garden-One-Serie-Garden-Ano-2016-Dimensoes-77-x-57-cm-Tecnica-Aquarela-sobre-Papel-.jpg 825w\" sizes=\"(max-width: 745px) 100vw, 745px\" \/><figcaption class=\"wp-element-caption\"><strong><em>Garden One (2016) | s\u00e9rie Garden<\/em><\/strong><\/figcaption><\/figure>\n<\/div>\n<\/div>\n\n\n\n<div style=\"height:32px\" aria-hidden=\"true\" class=\"wp-block-spacer\"><\/div>\n\n\n\n<p>A partir de ent\u00e3o, a forma abstrata foi ganhando mais express\u00e3o em seu trabalho, cada vez mais direcionado \u00e0 natureza, por influ\u00eancia das paisagens com as quais passou a conviver. Assim, seu repert\u00f3rio foi crescendo e se constituindo como abstra\u00e7\u00e3o dessas paisagens:<\/p>\n\n\n\n<div style=\"height:32px\" aria-hidden=\"true\" class=\"wp-block-spacer\"><\/div>\n\n\n\n<div class=\"wp-block-columns alignwide are-vertically-aligned-center ucpa-highlight has-background is-layout-flex wp-container-core-columns-is-layout-28f84493 wp-block-columns-is-layout-flex\" style=\"background-color:#e7ebf3\">\n<div class=\"wp-block-column is-vertically-aligned-center is-layout-flow wp-block-column-is-layout-flow\">\n<figure class=\"wp-block-image aligncenter size-large is-style-default\"><img decoding=\"async\" width=\"787\" height=\"1024\" src=\"https:\/\/concertacaoamazonia.com.br\/wp-content\/uploads\/2024\/06\/Jardim-da-Cidade-Um-Ano-2017-Serie-Jardins-da-Cidade-Tecnica-mista-sobre-papel-Dimensoes-76-x-56-cm-787x1024.jpg\" alt=\"\" class=\"wp-image-57236\" srcset=\"https:\/\/concertacaoamazonia.com.br\/cultura\/wp-content\/uploads\/2024\/06\/Jardim-da-Cidade-Um-Ano-2017-Serie-Jardins-da-Cidade-Tecnica-mista-sobre-papel-Dimensoes-76-x-56-cm-787x1024.jpg 787w, https:\/\/concertacaoamazonia.com.br\/cultura\/wp-content\/uploads\/2024\/06\/Jardim-da-Cidade-Um-Ano-2017-Serie-Jardins-da-Cidade-Tecnica-mista-sobre-papel-Dimensoes-76-x-56-cm-231x300.jpg 231w, https:\/\/concertacaoamazonia.com.br\/cultura\/wp-content\/uploads\/2024\/06\/Jardim-da-Cidade-Um-Ano-2017-Serie-Jardins-da-Cidade-Tecnica-mista-sobre-papel-Dimensoes-76-x-56-cm-768x999.jpg 768w, https:\/\/concertacaoamazonia.com.br\/cultura\/wp-content\/uploads\/2024\/06\/Jardim-da-Cidade-Um-Ano-2017-Serie-Jardins-da-Cidade-Tecnica-mista-sobre-papel-Dimensoes-76-x-56-cm.jpg 872w\" sizes=\"(max-width: 787px) 100vw, 787px\" \/><figcaption class=\"wp-element-caption\"><strong><em><em>Jardim da Cidade Um (2017) | s\u00e9rie Jardins da Cidade<\/em><br><\/em><\/strong><\/figcaption><\/figure>\n<\/div>\n<\/div>\n\n\n\n<div style=\"height:32px\" aria-hidden=\"true\" class=\"wp-block-spacer\"><\/div>\n\n\n\n<p>Outro elemento persistente e importante na obra de Adriana Ramalho \u00e9 o esfor\u00e7o para tornar manifesto tamb\u00e9m o que n\u00e3o pode ser visto a olho nu, mas que est\u00e1 presente na paisagem. Dando destaque a essas informa\u00e7\u00f5es, ela constr\u00f3i outros \u201cpa\u00edses\u201d, experi\u00eancias e sensibilidades \u00e0s quais as pessoas podem sobrepor suas pr\u00f3prias viv\u00eancias e experi\u00eancias est\u00e9ticas:<\/p>\n\n\n\n<div style=\"height:32px\" aria-hidden=\"true\" class=\"wp-block-spacer\"><\/div>\n\n\n\n<div class=\"wp-block-columns alignwide ucpa-highlight has-background is-layout-flex wp-container-core-columns-is-layout-28f84493 wp-block-columns-is-layout-flex\" style=\"background-color:#e7ebf3\">\n<div class=\"wp-block-column is-vertically-aligned-center is-layout-flow wp-block-column-is-layout-flow\">\n<figure class=\"wp-block-image aligncenter size-large is-resized\"><img decoding=\"async\" width=\"1024\" height=\"922\" src=\"https:\/\/concertacaoamazonia.com.br\/wp-content\/uploads\/2024\/06\/Sem-titulo-Serie-Atelie-Mar-2019-Dimensoes-120-x-120-cm-Tecnica-Acrilica-sobre-tela-1-1024x922.jpg\" alt=\"\" class=\"wp-image-57981\" style=\"width:950px\" srcset=\"https:\/\/concertacaoamazonia.com.br\/cultura\/wp-content\/uploads\/2024\/06\/Sem-titulo-Serie-Atelie-Mar-2019-Dimensoes-120-x-120-cm-Tecnica-Acrilica-sobre-tela-1-1024x922.jpg 1024w, https:\/\/concertacaoamazonia.com.br\/cultura\/wp-content\/uploads\/2024\/06\/Sem-titulo-Serie-Atelie-Mar-2019-Dimensoes-120-x-120-cm-Tecnica-Acrilica-sobre-tela-1-300x270.jpg 300w, https:\/\/concertacaoamazonia.com.br\/cultura\/wp-content\/uploads\/2024\/06\/Sem-titulo-Serie-Atelie-Mar-2019-Dimensoes-120-x-120-cm-Tecnica-Acrilica-sobre-tela-1-768x691.jpg 768w, https:\/\/concertacaoamazonia.com.br\/cultura\/wp-content\/uploads\/2024\/06\/Sem-titulo-Serie-Atelie-Mar-2019-Dimensoes-120-x-120-cm-Tecnica-Acrilica-sobre-tela-1.jpg 1134w\" sizes=\"(max-width: 1024px) 100vw, 1024px\" \/><figcaption class=\"wp-element-caption\"><strong><em>Sem t\u00edtulo (2019) | s\u00e9rie Ateli\u00ea Mar<\/em><\/strong><\/figcaption><\/figure>\n<\/div>\n<\/div>\n\n\n\n<div style=\"height:32px\" aria-hidden=\"true\" class=\"wp-block-spacer\"><\/div>\n\n\n\n<p>E a tecnologia, que foi suporte para muitas de suas obras iniciais, passou a ser utilizada principalmente para viabilizar pesquisas direcionadas \u00e0 amplia\u00e7\u00e3o dos detalhes e imensa frui\u00e7\u00e3o da natureza:<\/p>\n\n\n\n<div style=\"height:32px\" aria-hidden=\"true\" class=\"wp-block-spacer\"><\/div>\n\n\n\n<div class=\"wp-block-columns alignwide ucpa-highlight has-background is-layout-flex wp-container-core-columns-is-layout-28f84493 wp-block-columns-is-layout-flex\" style=\"background-color:#e7ebf3\">\n<div class=\"wp-block-column is-layout-flow wp-block-column-is-layout-flow\">\n<figure class=\"wp-block-image aligncenter size-full is-resized\"><img loading=\"lazy\" loading=\"lazy\" decoding=\"async\" width=\"640\" height=\"462\" src=\"https:\/\/concertacaoamazonia.com.br\/wp-content\/uploads\/2024\/06\/Paisagem-Suspensa-2020-Trabalho-Comissionado-dimessoes-200-x-150-cm-Tecnica-Acrilica-sobre-tela-Media.jpeg\" alt=\"\" class=\"wp-image-57220\" style=\"width:950px\" srcset=\"https:\/\/concertacaoamazonia.com.br\/cultura\/wp-content\/uploads\/2024\/06\/Paisagem-Suspensa-2020-Trabalho-Comissionado-dimessoes-200-x-150-cm-Tecnica-Acrilica-sobre-tela-Media.jpeg 640w, https:\/\/concertacaoamazonia.com.br\/cultura\/wp-content\/uploads\/2024\/06\/Paisagem-Suspensa-2020-Trabalho-Comissionado-dimessoes-200-x-150-cm-Tecnica-Acrilica-sobre-tela-Media-300x217.jpeg 300w\" sizes=\"auto, (max-width: 640px) 100vw, 640px\" \/><figcaption class=\"wp-element-caption\"><strong><em>Paisagem Suspensa (2020)<\/em><br><\/strong><\/figcaption><\/figure>\n<\/div>\n<\/div>\n\n\n\n<div style=\"height:32px\" aria-hidden=\"true\" class=\"wp-block-spacer\"><\/div>\n\n\n\n<p>Foi esse olhar que retornou com a artista a Manaus, onde vive hoje e segue em busca de elementos, c\u00e9lulas, \u00e1tomos, suas formas e conex\u00f5es. \u00c9 tamb\u00e9m com esse olhar que Adriana tem viajado pelas Amaz\u00f4nias e observado a deteriora\u00e7\u00e3o de muitas das paisagens de sua inf\u00e2ncia.<\/p>\n\n\n\n<div style=\"height:32px\" aria-hidden=\"true\" class=\"wp-block-spacer\"><\/div>\n\n\n\n<div class=\"wp-block-columns alignwide are-vertically-aligned-center ucpa-highlight has-background is-layout-flex wp-container-core-columns-is-layout-28f84493 wp-block-columns-is-layout-flex\" style=\"background-color:#e7ebf3\">\n<div class=\"wp-block-column is-vertically-aligned-center is-layout-flow wp-block-column-is-layout-flow\">\n<p>O choque da mudan\u00e7a de ambiente se repete, mas agora se deve ao abandono e \u00e0 indiferen\u00e7a pela floresta, sentimento refletido na recente s\u00e9rie Igap\u00f3:<\/p>\n\n\n\n<p><\/p>\n<\/div>\n\n\n\n<div class=\"wp-block-column is-vertically-aligned-center is-layout-flow wp-block-column-is-layout-flow\">\n<figure class=\"wp-block-image aligncenter size-full is-resized is-style-default\"><img loading=\"lazy\" loading=\"lazy\" decoding=\"async\" width=\"637\" height=\"640\" src=\"https:\/\/concertacaoamazonia.com.br\/wp-content\/uploads\/2024\/06\/Igapo-1-ano-2024-dimensoes-140x141-cm-tecnica-acrilica-sobre-tela-Media.jpeg\" alt=\"\" class=\"wp-image-57224\" style=\"width:520px\" srcset=\"https:\/\/concertacaoamazonia.com.br\/cultura\/wp-content\/uploads\/2024\/06\/Igapo-1-ano-2024-dimensoes-140x141-cm-tecnica-acrilica-sobre-tela-Media.jpeg 637w, https:\/\/concertacaoamazonia.com.br\/cultura\/wp-content\/uploads\/2024\/06\/Igapo-1-ano-2024-dimensoes-140x141-cm-tecnica-acrilica-sobre-tela-Media-300x300.jpeg 300w, https:\/\/concertacaoamazonia.com.br\/cultura\/wp-content\/uploads\/2024\/06\/Igapo-1-ano-2024-dimensoes-140x141-cm-tecnica-acrilica-sobre-tela-Media-150x150.jpeg 150w\" sizes=\"auto, (max-width: 637px) 100vw, 637px\" \/><figcaption class=\"wp-element-caption\"><strong><em><em><em>Igap\u00f3 1 (2024)<\/em><\/em><\/em><\/strong><\/figcaption><\/figure>\n<\/div>\n<\/div>\n\n\n\n<div style=\"height:40px\" aria-hidden=\"true\" class=\"wp-block-spacer\"><\/div>\n\n\n\n<p>Para ela, a arte \u00e9 tamb\u00e9m uma maneira de informar sobre o lugar, despertar reflex\u00e3o, oferecer uma vis\u00e3o sobre a Amaz\u00f4nia. \u00c9 um olhar sobre a Amaz\u00f4nia que \u00e9 diferente do olhar pol\u00edtico, cient\u00edfico ou acad\u00eamico, mas que \u00e9 express\u00e3o de todo um universo.<\/p>\n","protected":false},"excerpt":{"rendered":"<p>Artista manauara passa a inspirar a identidade visual dos canais da Concerta\u00e7\u00e3o a partir de 24 de junho<\/p>\n","protected":false},"featured_media":57220,"template":"","paises":[59],"estados":[63],"cidades":[65],"ano":[72],"eixos":[],"class_list":["post-57980","linha-das-artes","type-linha-das-artes","status-publish","has-post-thumbnail","hentry"],"_links":{"self":[{"href":"https:\/\/concertacaoamazonia.com.br\/cultura\/wp-json\/wp\/v2\/linha-das-artes\/57980","targetHints":{"allow":["GET"]}}],"collection":[{"href":"https:\/\/concertacaoamazonia.com.br\/cultura\/wp-json\/wp\/v2\/linha-das-artes"}],"about":[{"href":"https:\/\/concertacaoamazonia.com.br\/cultura\/wp-json\/wp\/v2\/types\/linha-das-artes"}],"wp:featuredmedia":[{"embeddable":true,"href":"https:\/\/concertacaoamazonia.com.br\/cultura\/wp-json\/wp\/v2\/media\/57220"}],"wp:attachment":[{"href":"https:\/\/concertacaoamazonia.com.br\/cultura\/wp-json\/wp\/v2\/media?parent=57980"}],"wp:term":[{"taxonomy":"paises","embeddable":true,"href":"https:\/\/concertacaoamazonia.com.br\/cultura\/wp-json\/wp\/v2\/paises?post=57980"},{"taxonomy":"estados","embeddable":true,"href":"https:\/\/concertacaoamazonia.com.br\/cultura\/wp-json\/wp\/v2\/estados?post=57980"},{"taxonomy":"cidades","embeddable":true,"href":"https:\/\/concertacaoamazonia.com.br\/cultura\/wp-json\/wp\/v2\/cidades?post=57980"},{"taxonomy":"ano","embeddable":true,"href":"https:\/\/concertacaoamazonia.com.br\/cultura\/wp-json\/wp\/v2\/ano?post=57980"},{"taxonomy":"eixos","embeddable":true,"href":"https:\/\/concertacaoamazonia.com.br\/cultura\/wp-json\/wp\/v2\/eixos?post=57980"}],"curies":[{"name":"wp","href":"https:\/\/api.w.org\/{rel}","templated":true}]}}