{"id":50072,"date":"2024-02-29T17:13:54","date_gmt":"2024-02-29T20:13:54","guid":{"rendered":"https:\/\/concertacaoamazonia.com.br\/?post_type=linha-das-artes&amp;p=50072"},"modified":"2024-02-29T17:13:54","modified_gmt":"2024-02-29T20:13:54","slug":"bonikta-caio-aguiar","status":"publish","type":"linha-das-artes","link":"https:\/\/concertacaoamazonia.com.br\/cultura\/linha-das-artes\/bonikta-caio-aguiar\/","title":{"rendered":"BONIKTA (Caio Aguiar)"},"content":{"rendered":"\n<p>Bonikta (Caio Aguiar), artista paraense que passa a \u201cvestir\u201d os canais digitais da Concerta\u00e7\u00e3o, apresenta uma arte rica em sobreposi\u00e7\u00f5es de formas, tempos e espa\u00e7os. Representante da nova gera\u00e7\u00e3o da arte urbana amaz\u00f4nida, ele cria mem\u00f3rias coletivas para imaginar futuros poss\u00edveis.<\/p>\n\n\n\n<p>Criado na presen\u00e7a de rios e igarap\u00e9s em Our\u00e9m, no interior do Par\u00e1, \u201cpor uma fam\u00edlia de mulheres que constituem muito do que sou\u201d, Caio se expressa por diferentes tecnologias e linguagens art\u00edsticas, do grafite ao lambe-lambe, ilustra\u00e7\u00f5es, pinturas, fotografias, v\u00eddeos, anima\u00e7\u00f5es, tatuagens, m\u00e1scaras e desenhos digitais.&nbsp;<\/p>\n\n\n\n<p>Seu trabalho representa o universo das \u2018boniktas\u2019, figuras que habitam um imagin\u00e1rio atemporal. Ele conta que, assim como sua voca\u00e7\u00e3o art\u00edstica, n\u00e3o h\u00e1 planejamento pr\u00e9vio para suas obras: elas se fazem de forma espont\u00e2nea e natural &#8211; e jamais se repetem.<\/p>\n\n\n\n<p>As pr\u00f3prias boniktas s\u00e3o fruto dessa espontaneidade. Esses seres \u201cenkantados\u201d surgiram como uma apari\u00e7\u00e3o quando ele se mudou de Our\u00e9m para cursar a faculdade em Bel\u00e9m. O choque seguido da fus\u00e3o entre Amaz\u00f4nias t\u00e3o diversas causou \u201cum grande estouro, uma travessia. Nesse momento, a bonikta surgiu e eu peguei na m\u00e3o dela e ela falou assim: \u2018vamos comigo, eu vou te mostrar o caminho\u2019\u201d.<\/p>\n\n\n\n<figure class=\"wp-block-image aligncenter size-large\"><img fetchpriority=\"high\" fetchpriority=\"high\" decoding=\"async\" width=\"1024\" height=\"1024\" src=\"https:\/\/concertacaoamazonia.com.br\/wp-content\/uploads\/2024\/02\/07-igarape-Grande-1024x1024.jpeg\" alt=\"\" class=\"wp-image-49251\" srcset=\"https:\/\/concertacaoamazonia.com.br\/cultura\/wp-content\/uploads\/2024\/02\/07-igarape-Grande-1024x1024.jpeg 1024w, https:\/\/concertacaoamazonia.com.br\/cultura\/wp-content\/uploads\/2024\/02\/07-igarape-Grande-300x300.jpeg 300w, https:\/\/concertacaoamazonia.com.br\/cultura\/wp-content\/uploads\/2024\/02\/07-igarape-Grande-150x150.jpeg 150w, https:\/\/concertacaoamazonia.com.br\/cultura\/wp-content\/uploads\/2024\/02\/07-igarape-Grande-768x768.jpeg 768w, https:\/\/concertacaoamazonia.com.br\/cultura\/wp-content\/uploads\/2024\/02\/07-igarape-Grande.jpeg 1080w\" sizes=\"(max-width: 1024px) 100vw, 1024px\" \/><figcaption class=\"wp-element-caption\">Igarap\u00e9 (s\u00e9rie Mem\u00f3rias Enkantadas)<\/figcaption><\/figure>\n\n\n\n<p>Caio descobriu na capital outra possibilidade de ser e vivenciou muitas manifesta\u00e7\u00f5es culturais. Viu grafites, muros pichados, adquiriu novos olhares e acessou uma diversidade maior de pessoas. Conheceu \u201ca galera da arte urbana e do hip hop\u201d, com quem sa\u00eda para \u201cfazer pixos e grafitar\u201d, e entrou em contato com o universo das tatuagens.<\/p>\n\n\n\n<blockquote class=\"wp-block-quote has-text-align-center is-layout-flow wp-block-quote-is-layout-flow\">\n<p><\/p>\n<cite><strong>\u201cO nome \u2018bonikta\u2019 veio da minha primeira experi\u00eancia como tatuador. Meu amigo olhou para o desenho sobre a pele e falou: \u2018nossa, que bonikta!\u2019. Na hora, eu soube: esse \u00e9 o nome!\u201d<\/strong><\/cite><\/blockquote>\n\n\n\n<p>Essas figuras que povoam naturalmente seus trabalhos questionam o que deve ser um padr\u00e3o de beleza. Elas surgiram da necessidade de criar para si uma identidade na cidade, que permitisse \u00e0s pessoas conhec\u00ea-lo e record\u00e1-lo. Elas vivem dentro dele, s\u00e3o seu alter ego e representam caminhos constru\u00eddos nessa travessia atrav\u00e9s de imagens, tra\u00e7os e fotos.<\/p>\n\n\n\n<figure class=\"wp-block-image aligncenter size-full\"><img decoding=\"async\" width=\"1018\" height=\"1018\" src=\"https:\/\/concertacaoamazonia.com.br\/wp-content\/uploads\/2024\/02\/10-kavaleyra-da-ilha-Grande.jpeg\" alt=\"\" class=\"wp-image-49257\" srcset=\"https:\/\/concertacaoamazonia.com.br\/cultura\/wp-content\/uploads\/2024\/02\/10-kavaleyra-da-ilha-Grande.jpeg 1018w, https:\/\/concertacaoamazonia.com.br\/cultura\/wp-content\/uploads\/2024\/02\/10-kavaleyra-da-ilha-Grande-300x300.jpeg 300w, https:\/\/concertacaoamazonia.com.br\/cultura\/wp-content\/uploads\/2024\/02\/10-kavaleyra-da-ilha-Grande-150x150.jpeg 150w, https:\/\/concertacaoamazonia.com.br\/cultura\/wp-content\/uploads\/2024\/02\/10-kavaleyra-da-ilha-Grande-768x768.jpeg 768w\" sizes=\"(max-width: 1018px) 100vw, 1018px\" \/><figcaption class=\"wp-element-caption\"><em>Kavaleyra da ilha (s\u00e9rie Mem\u00f3rias Enkantadas)<\/em><\/figcaption><\/figure>\n\n\n\n<p>Da mesma forma que brinca desde crian\u00e7a nos rios de Our\u00e9m para alcan\u00e7ar elementos e seres trazidos de outras \u00e1guas, Caio mergulha dentro de si para acessar mem\u00f3rias \u201cenkantadas\u201d. As boniktas aparecem nos sonhos, de olhos fechados ou abertos. Costumam ter muitos olhos, tra\u00e7os e bocas, cabelos e brincos que remetem \u00e0s \u00e1guas dos igarap\u00e9s, aos peixes e \u00e0s cobras. E tamb\u00e9m \u00e0 ancestralidade ind\u00edgena e aos tra\u00e7os marajoaras das culturas tradicionais amaz\u00f4nidas.<\/p>\n\n\n\n<p><\/p>\n\n\n\n<blockquote class=\"wp-block-quote has-text-align-center is-layout-flow wp-block-quote-is-layout-flow\">\n<p><\/p>\n<cite><strong>\u201cA vida n\u00e3o \u00e9 uma linha reta. Ela \u00e9 uma grande espiral. A gente est\u00e1 girando, eu vou l\u00e1 e eu volto. Eu n\u00e3o estou indo s\u00f3 para um caminho. N\u00e3o \u00e9 um caminho que eu vou daqui e o meu futuro \u00e9 ali na frente. N\u00e3o. O caminho \u00e9 uma grande dan\u00e7a\u201d<\/strong><\/cite><\/blockquote>\n\n\n\n<p>A ancestralidade amaz\u00f4nida est\u00e1 muito presente na obra de Caio. Ele a retrata como forma de valoriza\u00e7\u00e3o e de encontro, evocando a ideia de que \u00e9 imposs\u00edvel pensar um futuro sem a presen\u00e7a dos povos origin\u00e1rios<\/p>\n\n\n\n<p>Um exemplo \u00e9 a s\u00e9rie \u201cMem\u00f3rias Enkantadas\u201d, que ilustra o site da Concerta\u00e7\u00e3o e traz a jun\u00e7\u00e3o de fotografias com picha\u00e7\u00e3o digital. Da imagem real, surge uma outra camada de mist\u00e9rio que a questiona. O que est\u00e1 por cima dessa imagem \u00e0s vezes \u00e9 do futuro, \u00e0s vezes \u00e9 do passado.<\/p>\n\n\n\n<figure class=\"wp-block-image aligncenter size-large\"><img decoding=\"async\" width=\"1024\" height=\"768\" src=\"https:\/\/concertacaoamazonia.com.br\/wp-content\/uploads\/2024\/02\/08-kurumins-do-rio-Grande-1024x768.jpeg\" alt=\"\" class=\"wp-image-49253\" srcset=\"https:\/\/concertacaoamazonia.com.br\/cultura\/wp-content\/uploads\/2024\/02\/08-kurumins-do-rio-Grande-1024x768.jpeg 1024w, https:\/\/concertacaoamazonia.com.br\/cultura\/wp-content\/uploads\/2024\/02\/08-kurumins-do-rio-Grande-300x225.jpeg 300w, https:\/\/concertacaoamazonia.com.br\/cultura\/wp-content\/uploads\/2024\/02\/08-kurumins-do-rio-Grande-768x576.jpeg 768w, https:\/\/concertacaoamazonia.com.br\/cultura\/wp-content\/uploads\/2024\/02\/08-kurumins-do-rio-Grande.jpeg 1280w\" sizes=\"(max-width: 1024px) 100vw, 1024px\" \/><figcaption class=\"wp-element-caption\"><em>Kurumins do rio (s\u00e9rie Mem\u00f3rias Enkantadas)<\/em><\/figcaption><\/figure>\n\n\n\n<p>\u00c9 ainda uma forma afetiva de lembrar a inf\u00e2ncia. Dentro dessas Mem\u00f3rias Enkantadas, Caio resgata momentos com a fam\u00edlia e amigos \u00e0 beira do Rio Guam\u00e1, termo ind\u00edgena que designa o \u201crio que chove\u201d, e que para ele \u201cchove mem\u00f3rias\u201d.&nbsp;<\/p>\n\n\n\n<figure class=\"wp-block-image aligncenter size-large\"><img loading=\"lazy\" loading=\"lazy\" decoding=\"async\" width=\"1024\" height=\"1024\" src=\"https:\/\/concertacaoamazonia.com.br\/wp-content\/uploads\/2024\/02\/01-kurumim-panankuera-1-Grande-1024x1024.jpeg\" alt=\"\" class=\"wp-image-49239\" srcset=\"https:\/\/concertacaoamazonia.com.br\/cultura\/wp-content\/uploads\/2024\/02\/01-kurumim-panankuera-1-Grande-1024x1024.jpeg 1024w, https:\/\/concertacaoamazonia.com.br\/cultura\/wp-content\/uploads\/2024\/02\/01-kurumim-panankuera-1-Grande-300x300.jpeg 300w, https:\/\/concertacaoamazonia.com.br\/cultura\/wp-content\/uploads\/2024\/02\/01-kurumim-panankuera-1-Grande-150x150.jpeg 150w, https:\/\/concertacaoamazonia.com.br\/cultura\/wp-content\/uploads\/2024\/02\/01-kurumim-panankuera-1-Grande-768x768.jpeg 768w, https:\/\/concertacaoamazonia.com.br\/cultura\/wp-content\/uploads\/2024\/02\/01-kurumim-panankuera-1-Grande.jpeg 1280w\" sizes=\"auto, (max-width: 1024px) 100vw, 1024px\" \/><figcaption class=\"wp-element-caption\"><em>Kurumins panankuera (s\u00e9rie Mem\u00f3rias Enkantadas)<\/em><\/figcaption><\/figure>\n\n\n\n<p>J\u00e1 na obra \u201cKuydado por onde pisa\u201d, produzida por encomenda para a Bienal das Amaz\u00f4nias (2023) e que mistura lambe-lambe com foto colagem, picha\u00e7\u00f5es e encantarias, o artista fala sobre o cuidado e respeito que se deve ter pelo local onde estamos. Simboliza os caminhos e encruzilhadas a serem percorridos, onde tudo tem dono e prote\u00e7\u00e3o h\u00e1 muito tempo.&nbsp;<\/p>\n\n\n\n<figure class=\"wp-block-image aligncenter size-large\"><img loading=\"lazy\" loading=\"lazy\" decoding=\"async\" width=\"1024\" height=\"670\" src=\"https:\/\/concertacaoamazonia.com.br\/wp-content\/uploads\/2024\/02\/04-kuydado-por-onde-pisa-Grande-1024x670.jpeg\" alt=\"\" class=\"wp-image-49245\" srcset=\"https:\/\/concertacaoamazonia.com.br\/cultura\/wp-content\/uploads\/2024\/02\/04-kuydado-por-onde-pisa-Grande-1024x670.jpeg 1024w, https:\/\/concertacaoamazonia.com.br\/cultura\/wp-content\/uploads\/2024\/02\/04-kuydado-por-onde-pisa-Grande-300x196.jpeg 300w, https:\/\/concertacaoamazonia.com.br\/cultura\/wp-content\/uploads\/2024\/02\/04-kuydado-por-onde-pisa-Grande-768x502.jpeg 768w, https:\/\/concertacaoamazonia.com.br\/cultura\/wp-content\/uploads\/2024\/02\/04-kuydado-por-onde-pisa-Grande.jpeg 1280w\" sizes=\"auto, (max-width: 1024px) 100vw, 1024px\" \/><figcaption class=\"wp-element-caption\"><em>Kuydado por onde pisa<\/em><br>(obra exposta de forma in\u00e9dita na primeira edi\u00e7\u00e3o da Bienal das Amaz\u00f4nias)<\/figcaption><\/figure>\n\n\n\n<p>Por sua vez, \u201cRegeneraci\u00f3n\u201d \u00e9 um fragmento de uma obra coletiva desenvolvida durante uma oficina na cidade de Flor\u00eancia, na Col\u00f4mbia. Ela reflete sobre a recupera\u00e7\u00e3o das cidades a partir da invas\u00e3o da floresta nos grandes centros e as pessoas, que se transformam em plantas ou bichos.<\/p>\n\n\n\n<figure class=\"wp-block-image aligncenter size-large\"><img loading=\"lazy\" loading=\"lazy\" decoding=\"async\" width=\"1024\" height=\"1024\" src=\"https:\/\/concertacaoamazonia.com.br\/wp-content\/uploads\/2024\/02\/05-regeneracion-Grande-1024x1024.jpeg\" alt=\"\" class=\"wp-image-49247\" srcset=\"https:\/\/concertacaoamazonia.com.br\/cultura\/wp-content\/uploads\/2024\/02\/05-regeneracion-Grande-1024x1024.jpeg 1024w, https:\/\/concertacaoamazonia.com.br\/cultura\/wp-content\/uploads\/2024\/02\/05-regeneracion-Grande-300x300.jpeg 300w, https:\/\/concertacaoamazonia.com.br\/cultura\/wp-content\/uploads\/2024\/02\/05-regeneracion-Grande-150x150.jpeg 150w, https:\/\/concertacaoamazonia.com.br\/cultura\/wp-content\/uploads\/2024\/02\/05-regeneracion-Grande-768x768.jpeg 768w, https:\/\/concertacaoamazonia.com.br\/cultura\/wp-content\/uploads\/2024\/02\/05-regeneracion-Grande.jpeg 1280w\" sizes=\"auto, (max-width: 1024px) 100vw, 1024px\" \/><figcaption class=\"wp-element-caption\"><em>Regeneraci\u00f3n<\/em><\/figcaption><\/figure>\n\n\n\n<p><\/p>\n\n\n\n<blockquote class=\"wp-block-quote has-text-align-center is-layout-flow wp-block-quote-is-layout-flow\">\n<p><\/p>\n<cite><strong>\u201cEu gosto de encantar. A arte faz isso comigo. Quando fa\u00e7o arte, eu mesmo me encanto. Quando acesso arte, eu me encanto. Me refiro \u00e0s encantarias da floresta, que s\u00e3o os seres que ao mesmo tempo que te protegem, tamb\u00e9m te d\u00e3o um susto\u201d<\/strong><\/cite><\/blockquote>\n","protected":false},"excerpt":{"rendered":"<p>Artista paraense que passa a \u201cvestir\u201d os canais digitais da Concerta\u00e7\u00e3o apresenta uma arte rica em sobreposi\u00e7\u00f5es de formas, tempos e espa\u00e7os. Representante da nova gera\u00e7\u00e3o da arte urbana amaz\u00f4nida, ele cria mem\u00f3rias coletivas para imaginar futuros poss\u00edveis.<\/p>\n","protected":false},"featured_media":49251,"template":"","paises":[59],"estados":[74],"cidades":[2083],"ano":[72],"eixos":[],"class_list":["post-50072","linha-das-artes","type-linha-das-artes","status-publish","has-post-thumbnail","hentry"],"_links":{"self":[{"href":"https:\/\/concertacaoamazonia.com.br\/cultura\/wp-json\/wp\/v2\/linha-das-artes\/50072","targetHints":{"allow":["GET"]}}],"collection":[{"href":"https:\/\/concertacaoamazonia.com.br\/cultura\/wp-json\/wp\/v2\/linha-das-artes"}],"about":[{"href":"https:\/\/concertacaoamazonia.com.br\/cultura\/wp-json\/wp\/v2\/types\/linha-das-artes"}],"wp:featuredmedia":[{"embeddable":true,"href":"https:\/\/concertacaoamazonia.com.br\/cultura\/wp-json\/wp\/v2\/media\/49251"}],"wp:attachment":[{"href":"https:\/\/concertacaoamazonia.com.br\/cultura\/wp-json\/wp\/v2\/media?parent=50072"}],"wp:term":[{"taxonomy":"paises","embeddable":true,"href":"https:\/\/concertacaoamazonia.com.br\/cultura\/wp-json\/wp\/v2\/paises?post=50072"},{"taxonomy":"estados","embeddable":true,"href":"https:\/\/concertacaoamazonia.com.br\/cultura\/wp-json\/wp\/v2\/estados?post=50072"},{"taxonomy":"cidades","embeddable":true,"href":"https:\/\/concertacaoamazonia.com.br\/cultura\/wp-json\/wp\/v2\/cidades?post=50072"},{"taxonomy":"ano","embeddable":true,"href":"https:\/\/concertacaoamazonia.com.br\/cultura\/wp-json\/wp\/v2\/ano?post=50072"},{"taxonomy":"eixos","embeddable":true,"href":"https:\/\/concertacaoamazonia.com.br\/cultura\/wp-json\/wp\/v2\/eixos?post=50072"}],"curies":[{"name":"wp","href":"https:\/\/api.w.org\/{rel}","templated":true}]}}