{"id":43703,"date":"2023-05-24T11:12:08","date_gmt":"2023-05-24T14:12:08","guid":{"rendered":"https:\/\/concertacaoamazonia.com.br\/?post_type=linha-das-artes&amp;p=43703"},"modified":"2023-05-24T11:12:08","modified_gmt":"2023-05-24T14:12:08","slug":"raonizar-as-cidades","status":"publish","type":"linha-das-artes","link":"https:\/\/concertacaoamazonia.com.br\/cultura\/linha-das-artes\/raonizar-as-cidades\/","title":{"rendered":"Raonizar as Cidades"},"content":{"rendered":"\n<p>A\u00e7\u00e3o coletiva realizada no Dia Mundial do Meio Ambiente (5 de junho) em 2022, para homenagear o cacique Raoni como s\u00edmbolo da luta e preserva\u00e7\u00e3o da Amaz\u00f4nia e dos povos ind\u00edgenas. Raoni Metuktire foi o \u00fanico ind\u00edgena brasileiro indicado ao pr\u00eamio Nobel da Paz at\u00e9 ent\u00e3o.<\/p>\n\n\n\n<p>Com participa\u00e7\u00e3o de mais de 20 organiza\u00e7\u00f5es da sociedade civil, o projeto que inspirou a identidade visual da Concerta\u00e7\u00e3o em julho de 2022 envolveu a colagem de lambes de 6m\u00b2 com a imagem do l\u00edder meb\u00eang\u00f4kre em 50 cidades de todas as regi\u00f5es do Brasil, al\u00e9m de proje\u00e7\u00f5es e murais.<\/p>\n","protected":false},"excerpt":{"rendered":"<p><!-- wp:paragraph --><\/p>\n<p>A\u00e7\u00e3o coletiva realizada no Dia Mundial do Meio Ambiente (5 de junho) em 2022, para homenagear o cacique Raoni como s\u00edmbolo da luta e preserva\u00e7\u00e3o da Amaz\u00f4nia e dos povos ind\u00edgenas. Raoni Metuktire foi o \u00fanico ind\u00edgena brasileiro indicado ao pr\u00eamio Nobel da Paz at\u00e9 ent\u00e3o.<\/p>\n<p><!-- \/wp:paragraph --><\/p>\n<p><!-- wp:paragraph --><\/p>\n<p>Com participa\u00e7\u00e3o de mais de 20 organiza\u00e7\u00f5es da sociedade civil, o projeto que inspirou a identidade visual da Concerta\u00e7\u00e3o em julho de 2022 envolveu a colagem de lambes de 6m\u00b2 com a imagem do l\u00edder meb\u00eang\u00f4kre em 50 cidades de todas as regi\u00f5es do Brasil, al\u00e9m de proje\u00e7\u00f5es e murais.<\/p>\n<p><!-- \/wp:paragraph --><\/p>\n","protected":false},"featured_media":18192,"template":"","paises":[59],"estados":[63],"cidades":[],"ano":[58],"eixos":[],"class_list":["post-43703","linha-das-artes","type-linha-das-artes","status-publish","has-post-thumbnail","hentry"],"_links":{"self":[{"href":"https:\/\/concertacaoamazonia.com.br\/cultura\/wp-json\/wp\/v2\/linha-das-artes\/43703","targetHints":{"allow":["GET"]}}],"collection":[{"href":"https:\/\/concertacaoamazonia.com.br\/cultura\/wp-json\/wp\/v2\/linha-das-artes"}],"about":[{"href":"https:\/\/concertacaoamazonia.com.br\/cultura\/wp-json\/wp\/v2\/types\/linha-das-artes"}],"wp:featuredmedia":[{"embeddable":true,"href":"https:\/\/concertacaoamazonia.com.br\/cultura\/wp-json\/wp\/v2\/media\/18192"}],"wp:attachment":[{"href":"https:\/\/concertacaoamazonia.com.br\/cultura\/wp-json\/wp\/v2\/media?parent=43703"}],"wp:term":[{"taxonomy":"paises","embeddable":true,"href":"https:\/\/concertacaoamazonia.com.br\/cultura\/wp-json\/wp\/v2\/paises?post=43703"},{"taxonomy":"estados","embeddable":true,"href":"https:\/\/concertacaoamazonia.com.br\/cultura\/wp-json\/wp\/v2\/estados?post=43703"},{"taxonomy":"cidades","embeddable":true,"href":"https:\/\/concertacaoamazonia.com.br\/cultura\/wp-json\/wp\/v2\/cidades?post=43703"},{"taxonomy":"ano","embeddable":true,"href":"https:\/\/concertacaoamazonia.com.br\/cultura\/wp-json\/wp\/v2\/ano?post=43703"},{"taxonomy":"eixos","embeddable":true,"href":"https:\/\/concertacaoamazonia.com.br\/cultura\/wp-json\/wp\/v2\/eixos?post=43703"}],"curies":[{"name":"wp","href":"https:\/\/api.w.org\/{rel}","templated":true}]}}