{"id":88764,"date":"2025-12-07T21:44:40","date_gmt":"2025-12-08T00:44:40","guid":{"rendered":"https:\/\/fabricioferrari.local:8484\/linha-das-artes\/yan-bentes-invites-one-to-envision-possible-futures-for-the-amazon\/"},"modified":"2026-03-09T12:04:58","modified_gmt":"2026-03-09T15:04:58","slug":"yan-bentes-invites-one-to-envision-possible-futures-for-the-amazon","status":"publish","type":"linha-das-artes","link":"https:\/\/concertacaoamazonia.com.br\/cultura\/en\/linha-das-artes\/yan-bentes-invites-one-to-envision-possible-futures-for-the-amazon\/","title":{"rendered":"Yan Bentes invites one to envision possible futures for the Amazon"},"content":{"rendered":"\n<p class=\"has-text-align-center\"><em>Among rivers, memories and enchantments, the artist constructs a plural and affective Amazon, where ancestry inspires visions of the future that transcend the climate crisis<\/em><br><\/p>\n\n\n\n<p>Born in Juruti (PA) and residing in Manaus, visual artist, illustrator, and designer Yan Bentes transforms childhood memories into imagery that invite one to envision possible futures for the Amazon. Through art, he connects with his land and his ancestors, transforming this legacy into inspiration for the present and the future. <\/p>\n\n\n\n<p>&#8220;Art was the path that I found to portray all I learned from my parents, my grandparents, and the people of my homeland,&#8221; says Yan. In his works, affection, mysticism, and ancestry intertwine to celebrate ways of life and strengthen memories that resist erasure.  <\/p>\n\n\n\n<p>Among rivers and mythical beings, Yan depicts an Amazon where the real and marvelous coexist. Fascinated by enchantment stories and &#8220;creatures of the deep&#8221; narrated by <dfn class=\"word\"><a tabindex=\"0\">Zeneida Lima<\/a> <span class=\"word__explanation\">Zeneida Lima is a Brazilian paj\u00e9 [shaman], environmentalist, and writer, author of book \u201cO Mundo M\u00edstico dos Caruanas da Ilha do Maraj\u00f3\u201d [The Mystical World of the Caruanas of Maraj\u00f3 Island], which explores the mystical universe of the Caruanas, enchanted beings of local mythology, who live deep down into rivers and lakes.<\/span><\/dfn> the artist incorporates into his work the mystery of the waters and the spiritual presence that inhabits the territory.  <\/p>\n\n\n\n<p>The hybrid figures he creates, part human, part nature, evoke the idea of seeing the world through the eyes of the forest and rivers, recognizing other forms of life and sensitivity. By means of his drawings and illustration, the artist explores paths through which he transforms everyday life in the Amazon into visual stories that affirm identity and belonging. <\/p>\n\n\n\n<p><strong>From the riverbanks to drawn lines<\/strong><\/p>\n\n\n\n<p>Yan&#8217;s interest in art began as he was still a child, watching his uncle Ednart draw allegories for Festribal, a festival that celebrates the Muirapinima and Munduruku indigenous cultures in Juruti. These early glimpses into the environment sparked the curiosity and fascination that usher his work today.  <\/p>\n\n\n\n<p>Only years later did he realize that he could make a living from art. When Yan moved to Manaus in search of education and work opportunities, computing was the first career option that came to his mind. During that time, he studied Management and Information Technology and, it was while working as an intern at the Amazonas Education Media Center that he first came across Graphic Design.   <\/p>\n\n\n\n<p>He soon became involved with such art, started showcasing his work online, and undertook an Art and Society specialization course to deepen his knowledge. However, it was only when invited by writer Jan Santos to illustrate work \u201cO Livro do Rio: Iguaragu\u00e1\u201d [The Book of the River: Iguaragu\u00e1] (2021) that Yan realized that \u201cI could express myself through my illustrations, through my style\u201d. Their work won the Manaus de Conex\u00f5es Culturais Award [Manaus Cultural Connections Award] and, since then, the duo has published another book, &#8220;Rud\u00e1: Filho da terra e das estrelas&#8221; [Rud\u00e1: Son of the Earth and the Stars] (2023), which won the Thiago de Mello Award.   <\/p>\n\n\n\n<p>Alongside his editorial and artistic work, he is still at the Amazonas Education Media Center, now creating educational illustrations that connect school content to local reality. &#8220;It is rewarding to see these children recognize themselves in the pictures. I wish I had teaching material like this back in my day,&#8221; he said.  <\/p>\n\n\n\n<p>Today, like his uncle, he also creates illustrations and visual identities for major events, such as the Amazon Film Festival \u2013 Olhar do Norte, the Amazon Theater Festival (FTA), and the Amazon Literary Fair (FLAMA).<\/p>\n\n\n\n<p>This work, focused on education and cultural appreciation, strengthened his purpose of representing the Amazon from within \u2014 with its faces, gestures, and ways of life \u2014 and of revealing, through art, the power of envisioning possible futures from one&#8217;s own roots.<\/p>\n\n\n\n<p>His profound sense of connection to the territory and commitment to education is one reason why Yan was one of the artists invited by the Concertation to create two cards<br>for game <dfn class=\"word\"><a tabindex=\"0\">Dixit Amaz\u00f4nias<\/a> <span class=\"word__explanation\">Dixit Amaz\u00f4nias is a special edition of the game, created by the Concertation in partnership with publisher Asmodee. It features cards illustrated by Amazonian artists, representing five views of the region: Conserved, Converted, In Transition, Urban and Waters.<\/span><\/dfn>. Released in November 2025, Dixit&#8217;s special edition aims to be a tool for narrating the territory through sensitivity and listening. The game was distributed free of charge to local schools that take part in the Amazon <dfn class=\"word\"><a tabindex=\"0\">Amazon Itineraries program<\/a> <span class=\"word__explanation\">Amazon Itineraries is a project of iungo and Re\u00fana institutes with the Concertation, in partnership with BNDES, Hydro Sustainability Fund, Arapya\u00fa Institute, Movimento Bem Maior, and sponsored by Vale.<\/span><\/dfn>, which has impacted 44,000 educators by means of teaching materials and training processes that promote the Amazon in Brazilian schools. <\/p>\n\n\n\n<p><strong>Relatable Amazon: identity and belonging<\/strong><\/p>\n\n\n\n<p>A obra de Yan rejeita os clich\u00eas sobre a regi\u00e3o. Seus trabalhos mostram uma Amaz\u00f4nia plural, formada por povos ind\u00edgenas, quilombolas, ribeirinhos e popula\u00e7\u00f5es urbanas que compartilham modos de vida entrela\u00e7ados. \u201cA gente n\u00e3o \u00e9 s\u00f3 arara-vermelha, vit\u00f3ria-r\u00e9gia ou boto\u201d. Para ele, esses s\u00e3o elementos importantes, mas n\u00e3o os \u00fanicos a serem lembrados. \u201cTemos muitas Amaz\u00f4nias\u201d, afirma o artista.    <\/p>\n\n\n\n<p>&#8220;The river is our road, our path, our avenue. &#8220;It is how my parents and I still connect,&#8221; Yan affirms. By turning these experiences into imagery, he makes art a form of continuity: each drawn line is also a gesture of reverence for Amazonian memory and spirituality. <\/p>\n\n\n\n<div style=\"height:2rem\" aria-hidden=\"true\" class=\"wp-block-spacer\"><\/div>\n\n\n\n<figure class=\"wp-block-image aligncenter size-full is-resized\"><img fetchpriority=\"high\" fetchpriority=\"high\" decoding=\"async\" width=\"1920\" height=\"2396\" src=\"https:\/\/s3.sa-east-1.amazonaws.com\/concertacaoamazonia-com-br-wp-static-dev-sa\/assets\/uploads\/2025\/12\/Arte-05-Mae-brasileira2-@inkbentes.jpg\" alt=\"\" class=\"wp-image-88271\" style=\"width:600px\" srcset=\"https:\/\/concertacaoamazonia.com.br\/cultura\/wp-content\/uploads\/2025\/12\/Arte-05-Mae-brasileira2-@inkbentes.jpg 1920w, https:\/\/concertacaoamazonia.com.br\/cultura\/wp-content\/uploads\/2025\/12\/Arte-05-Mae-brasileira2-@inkbentes-240x300.jpg 240w, https:\/\/concertacaoamazonia.com.br\/cultura\/wp-content\/uploads\/2025\/12\/Arte-05-Mae-brasileira2-@inkbentes-821x1024.jpg 821w, https:\/\/concertacaoamazonia.com.br\/cultura\/wp-content\/uploads\/2025\/12\/Arte-05-Mae-brasileira2-@inkbentes-768x958.jpg 768w, https:\/\/concertacaoamazonia.com.br\/cultura\/wp-content\/uploads\/2025\/12\/Arte-05-Mae-brasileira2-@inkbentes-1231x1536.jpg 1231w, https:\/\/concertacaoamazonia.com.br\/cultura\/wp-content\/uploads\/2025\/12\/Arte-05-Mae-brasileira2-@inkbentes-1641x2048.jpg 1641w\" sizes=\"(max-width: 1920px) 100vw, 1920px\" \/><figcaption class=\"wp-element-caption\">M\u00e3e brasileira [Brazilian mother] (2022)<\/figcaption><\/figure>\n\n\n\n<div style=\"height:2rem\" aria-hidden=\"true\" class=\"wp-block-spacer\"><\/div>\n\n\n\n<p>His perspective on daily life reveals a political and emotional dimension: drawing one&#8217;s own land is an act of personal assertion. Yan values everyday gestures and objects \u2014 the straw hand-fan, his grandmother&#8217;s herbs, the bowl passed down through generations \u2014 showcasing the wisdom that exists in simplicity and continuity between generations. <\/p>\n\n\n\n<p>Each work, says the artist, is an invitation to reconnect with one&#8217;s origins. His compositions recreate family scenes, full of color and gentleness, as if insisting on reminding us that daily life in the Amazon is a space of creation and resistance. &#8220;We need to assert ourselves and celebrate our existence. Today, we experience forgetfulness, and it is crucial to reinforce how grand we are,&#8221; he says.  <\/p>\n\n\n\n<p>For Yan, COP30 represented an opportunity to overcome this invisibility: &#8220;I hope that they know that we exist, that we are doing a lot of great things.&#8221;<\/p>\n\n\n\n<div class=\"wp-block-group has-border-color has-black-border-color has-background is-layout-constrained wp-container-core-group-is-layout-16d6e2d2 wp-block-group-is-layout-constrained\" style=\"border-width:2px;background-color:#452f6638;padding-top:3rem;padding-right:3rem;padding-bottom:3rem;padding-left:3rem\">\n<p><strong>Imagining for existing: Amazonian art after COP30<\/strong><\/p>\n\n\n\n<p>When reflecting on what art can reveal in the climate discussion, Yan emphasizes the importance of recovering one&#8217;s capacity to imagine. Inspired by A\u00edlton Krenak, he advocates the idea that &#8220;we must dream to postpone the end of the world. In a fast-paced world, people have lost the ability to dream, something essential when it comes to the future of the Amazon. When we speak of the climate crisis, we think about the<br>end of the world. Art helps us dream of possible futures,&#8221; he says. <\/p>\n\n\n\n<p>Thus, broadening perception, producing other imagery, and expanding the field of sensitivity towards a biome frequently presented through the prism of destruction is one of the central themes of his work. In the scenes he depicts, the forest, the rivers, and the people who inhabit them appear not as distant symbols, but as protagonists of a future that can (and must) be imagined from within the region itself. <\/p>\n\n\n\n<p>For him, COP30 reinforced the importance of listening to those who live in that environment. And this is both a political and symbolic movement. &#8220;I hope that they know that we exist, that we are doing a lot of great things,&#8221; he says. The visibility achieved during and after the conference is not only a matter of individual recognition, but a call for more Amazonian artists to be given space, support, and the opportunity to envision other possible horizons for their communities.   <\/p>\n\n\n\n<p>In his work, imagination is not escapism. It is about insisting on continuity, affirming the power of Amazonian life, and challenging narratives of erasure. His visual compositions propose rifts in the hegemonic imagery of the region, reminding us that the Amazon produces culture, thought, aesthetics, and the future.  <\/p>\n<\/div>\n\n\n\n<p><strong>When life becomes imagery: works that tell stories<\/strong><\/p>\n\n\n\n<p>Yan Bentes&#8217; illustrations are permeated by memories that, when shared, invite others to recognize themselves in these fragments of Amazonian life.<\/p>\n\n\n\n<p>In Criancice [Childhood Play], for example, Yan revisits the afternoons when he and his friends would climb trees and jump into lake Jar\u00e1, in Juruti. The picture of the child in freefall, surrounded by piranhas and dolphins, embodies courage, playfulness, and a connection to the river. In the foreground, hands hold an a\u00e7a\u00ed bowl. These are the artist&#8217;s hands, portrayed by him, in a gesture that symbolizes offering and sharing: giving the public a memory that still has a pulse.   <\/p>\n\n\n\n<p><br>&#8220;Everything I do, I do with my own hands,&#8221; says Yan. Here, they become a bridge between the past and the present. <\/p>\n\n\n\n<div style=\"height:2rem\" aria-hidden=\"true\" class=\"wp-block-spacer\"><\/div>\n\n\n\n<figure class=\"wp-block-image aligncenter size-full is-resized\"><img decoding=\"async\" width=\"1920\" height=\"2396\" src=\"https:\/\/s3.sa-east-1.amazonaws.com\/concertacaoamazonia-com-br-wp-static-dev-sa\/assets\/uploads\/2025\/12\/Arte-09-Criancice-@inkbentes-2024.jpg\" alt=\"\" class=\"wp-image-88274\" style=\"width:600px\" srcset=\"https:\/\/concertacaoamazonia.com.br\/cultura\/wp-content\/uploads\/2025\/12\/Arte-09-Criancice-@inkbentes-2024.jpg 1920w, https:\/\/concertacaoamazonia.com.br\/cultura\/wp-content\/uploads\/2025\/12\/Arte-09-Criancice-@inkbentes-2024-240x300.jpg 240w, https:\/\/concertacaoamazonia.com.br\/cultura\/wp-content\/uploads\/2025\/12\/Arte-09-Criancice-@inkbentes-2024-821x1024.jpg 821w, https:\/\/concertacaoamazonia.com.br\/cultura\/wp-content\/uploads\/2025\/12\/Arte-09-Criancice-@inkbentes-2024-768x958.jpg 768w, https:\/\/concertacaoamazonia.com.br\/cultura\/wp-content\/uploads\/2025\/12\/Arte-09-Criancice-@inkbentes-2024-1231x1536.jpg 1231w, https:\/\/concertacaoamazonia.com.br\/cultura\/wp-content\/uploads\/2025\/12\/Arte-09-Criancice-@inkbentes-2024-1641x2048.jpg 1641w\" sizes=\"(max-width: 1920px) 100vw, 1920px\" \/><figcaption class=\"wp-element-caption\">Criancice 2 [Childhood Play 2] (2024)<\/figcaption><\/figure>\n\n\n\n<div style=\"height:2rem\" aria-hidden=\"true\" class=\"wp-block-spacer\"><\/div>\n\n\n\n<p>Work <em>Natureza e a Pandemia [Nature and the Pandemic] <\/em>portrays the forest&#8217;s return while people remained at home. Mother Nature expands over houses, canoes, and everyday objects, as if reclaiming the space that was interrupted by the urban routine. Earthy and warm tones reinforce the Amazonian heat, even amidst the silence of the streets. &#8220;I wanted to bring in this perspective of how nature was taking over everything again,&#8221; he explains.   <\/p>\n\n\n\n<div style=\"height:2rem\" aria-hidden=\"true\" class=\"wp-block-spacer\"><\/div>\n\n\n\n<figure class=\"wp-block-image aligncenter size-full is-resized\"><img decoding=\"async\" width=\"1920\" height=\"2396\" src=\"https:\/\/s3.sa-east-1.amazonaws.com\/concertacaoamazonia-com-br-wp-static-dev-sa\/assets\/uploads\/2025\/12\/Arte-10-Natureza-e-a-pandemia-@inkbentes-12020.jpg\" alt=\"\" class=\"wp-image-88277\" style=\"width:600px\" srcset=\"https:\/\/concertacaoamazonia.com.br\/cultura\/wp-content\/uploads\/2025\/12\/Arte-10-Natureza-e-a-pandemia-@inkbentes-12020.jpg 1920w, https:\/\/concertacaoamazonia.com.br\/cultura\/wp-content\/uploads\/2025\/12\/Arte-10-Natureza-e-a-pandemia-@inkbentes-12020-240x300.jpg 240w, https:\/\/concertacaoamazonia.com.br\/cultura\/wp-content\/uploads\/2025\/12\/Arte-10-Natureza-e-a-pandemia-@inkbentes-12020-821x1024.jpg 821w, https:\/\/concertacaoamazonia.com.br\/cultura\/wp-content\/uploads\/2025\/12\/Arte-10-Natureza-e-a-pandemia-@inkbentes-12020-768x958.jpg 768w, https:\/\/concertacaoamazonia.com.br\/cultura\/wp-content\/uploads\/2025\/12\/Arte-10-Natureza-e-a-pandemia-@inkbentes-12020-1231x1536.jpg 1231w, https:\/\/concertacaoamazonia.com.br\/cultura\/wp-content\/uploads\/2025\/12\/Arte-10-Natureza-e-a-pandemia-@inkbentes-12020-1641x2048.jpg 1641w\" sizes=\"(max-width: 1920px) 100vw, 1920px\" \/><figcaption class=\"wp-element-caption\">Natureza e a Pandemia (2020)<\/figcaption><\/figure>\n\n\n\n<div style=\"height:2rem\" aria-hidden=\"true\" class=\"wp-block-spacer\"><\/div>\n\n\n\n<p><strong>Bal\u00e3o Pirarucu [Pirarucu Balloon] (2024)<\/strong><\/p>\n\n\n\n<p>For the Amazon Theater Festival, Yan created a fantastic being: a pirarucu fish that transforms into a balloon and carries people and animals of different origins, as a metaphor for the collective dimension of Amazonian cultures. Combining river dolphin, cock of the rock, parakeet, golden lion tamarin, and other figures, this work celebrates the cultural exchange between Brazilian states and the presence of artists from several regions. <br>&#8220;I wanted to depict an insane Amazon, as insane as theater,&#8221; the artist jokes.<\/p>\n\n\n\n<div style=\"height:2rem\" aria-hidden=\"true\" class=\"wp-block-spacer\"><\/div>\n\n\n\n<figure class=\"wp-block-image aligncenter size-full is-resized\"><img loading=\"lazy\" loading=\"lazy\" decoding=\"async\" width=\"1920\" height=\"2396\" src=\"https:\/\/s3.sa-east-1.amazonaws.com\/concertacaoamazonia-com-br-wp-static-dev-sa\/assets\/uploads\/2025\/12\/Arte-02-Balao-pirarucu-@inkbentes-2024.jpg\" alt=\"\" class=\"wp-image-88270\" style=\"width:600px\" srcset=\"https:\/\/concertacaoamazonia.com.br\/cultura\/wp-content\/uploads\/2025\/12\/Arte-02-Balao-pirarucu-@inkbentes-2024.jpg 1920w, https:\/\/concertacaoamazonia.com.br\/cultura\/wp-content\/uploads\/2025\/12\/Arte-02-Balao-pirarucu-@inkbentes-2024-240x300.jpg 240w, https:\/\/concertacaoamazonia.com.br\/cultura\/wp-content\/uploads\/2025\/12\/Arte-02-Balao-pirarucu-@inkbentes-2024-821x1024.jpg 821w, https:\/\/concertacaoamazonia.com.br\/cultura\/wp-content\/uploads\/2025\/12\/Arte-02-Balao-pirarucu-@inkbentes-2024-768x958.jpg 768w, https:\/\/concertacaoamazonia.com.br\/cultura\/wp-content\/uploads\/2025\/12\/Arte-02-Balao-pirarucu-@inkbentes-2024-1231x1536.jpg 1231w, https:\/\/concertacaoamazonia.com.br\/cultura\/wp-content\/uploads\/2025\/12\/Arte-02-Balao-pirarucu-@inkbentes-2024-1641x2048.jpg 1641w\" sizes=\"auto, (max-width: 1920px) 100vw, 1920px\" \/><figcaption class=\"wp-element-caption\">Bal\u00e3o Pirarucu [Pirarucu Balloon] (2024)<\/figcaption><\/figure>\n\n\n\n<div style=\"height:2rem\" aria-hidden=\"true\" class=\"wp-block-spacer\"><\/div>\n\n\n\n<p><strong>With Yan, we can see an Amazon that imagines, creates and continues<\/strong><\/p>\n\n\n\n<p>Yan Bentes&#8217; work reaffirms the importance of recognizing those who live and create in the Amazons as protagonists of the narratives about their own home. His illustrations show that imagining the future requires sensitivity to listen to knowledge, memories, and experiences that are not always included in technical discussions, but that sustain life in the region. <\/p>\n\n\n\n<p>By sharing these stories, Yan broadens our understanding of Amazonian diversity and inspires new interpretations of the present and the future. His art reminds us that preserving and transforming the Amazons involves valuing people, cosmologies, and the ability to imagine worlds. An essential call for any agenda committed to the territory.  <\/p>\n\n\n\n<style>\/* corre\u00e7\u00e3o de hover dos \u00edcones sociais *\/\n    html .elementor-48223 .elementor-element.elementor-element-4154965 .elementor-share-btn:hover {\n        --e-share-buttons-secondary-color: var(--ucpa-color-2);\n    }\n<\/style><!--  <dfn class=\"word\"><a>WORD<\/a> <span class=\"word__explanation\">LOREM<\/span><\/dfn>  --><style>.word {\n        position: relative;\n        color: var(--ucpa-color-main, #900);\n        display: inline-flex !important;\n        p {\n            display: inline !important;\n        }\n    }\n\n    .word a {\n        cursor: pointer;\n        text-decoration: underline;\n        text-decoration-style: dotted;\n        text-underline-offset: 3px;\n    }\n\n    .word__explanation {\n        position: absolute;\n        top: 100%;\n        left: 0;\n        width: 22rem;\n        padding: 0.5rem 0.8rem 0.8rem;\n        font-size: 0.9rem;\n        background-color: color-mix(in lab, var(--ucpa-color-offwhite, #eee), white 30%);\n        border-radius: 0 0.8rem 0.8rem 0.8rem;\n        visibility: hidden;\n        opacity: 0;\n        transition: opacity 0.3s;\n        z-index: 100000;\n        pointer-events: none;\n        box-shadow: 0 0 0.5rem rgba(0, 0, 0, 0.1);\n    }\n\n    :is(.word:hover, .word:focus, .word:focus-within) .word__explanation {\n        visibility: visible;\n        opacity: 1;\n        pointer-events: all;\n    }\nhtml .linha-das-artes-template-default figcaption {\ncolor: var(--ucpa-color-text, #333);\n}\n\nhtml .wp-block-image {\npadding-top: 0;\n}\n<\/style>\n","protected":false},"excerpt":{"rendered":"<p>Among rivers, memories and enchantments, the artist constructs a plural and affective Amazon, where ancestry inspires visions of the future that transcend the climate crisis<\/p>\n","protected":false},"featured_media":91460,"template":"","paises":[59],"estados":[74],"cidades":[98],"ano":[57],"eixos":[],"class_list":["post-88764","linha-das-artes","type-linha-das-artes","status-publish","has-post-thumbnail","hentry"],"_links":{"self":[{"href":"https:\/\/concertacaoamazonia.com.br\/cultura\/en\/wp-json\/wp\/v2\/linha-das-artes\/88764","targetHints":{"allow":["GET"]}}],"collection":[{"href":"https:\/\/concertacaoamazonia.com.br\/cultura\/en\/wp-json\/wp\/v2\/linha-das-artes"}],"about":[{"href":"https:\/\/concertacaoamazonia.com.br\/cultura\/en\/wp-json\/wp\/v2\/types\/linha-das-artes"}],"wp:featuredmedia":[{"embeddable":true,"href":"https:\/\/concertacaoamazonia.com.br\/cultura\/en\/wp-json\/"}],"wp:attachment":[{"href":"https:\/\/concertacaoamazonia.com.br\/cultura\/en\/wp-json\/wp\/v2\/media?parent=88764"}],"wp:term":[{"taxonomy":"paises","embeddable":true,"href":"https:\/\/concertacaoamazonia.com.br\/cultura\/en\/wp-json\/wp\/v2\/paises?post=88764"},{"taxonomy":"estados","embeddable":true,"href":"https:\/\/concertacaoamazonia.com.br\/cultura\/en\/wp-json\/wp\/v2\/estados?post=88764"},{"taxonomy":"cidades","embeddable":true,"href":"https:\/\/concertacaoamazonia.com.br\/cultura\/en\/wp-json\/wp\/v2\/cidades?post=88764"},{"taxonomy":"ano","embeddable":true,"href":"https:\/\/concertacaoamazonia.com.br\/cultura\/en\/wp-json\/wp\/v2\/ano?post=88764"},{"taxonomy":"eixos","embeddable":true,"href":"https:\/\/concertacaoamazonia.com.br\/cultura\/en\/wp-json\/wp\/v2\/eixos?post=88764"}],"curies":[{"name":"wp","href":"https:\/\/api.w.org\/{rel}","templated":true}]}}