{"id":81680,"date":"2025-08-26T08:57:31","date_gmt":"2025-08-26T11:57:31","guid":{"rendered":"https:\/\/concertacaoamazonia.com.br\/linha-das-artes\/by-painting-sounds-pv-dias-imagines-new-futures-based-on-the-urban-music-scene-of-the-amazon\/"},"modified":"2025-08-26T08:57:31","modified_gmt":"2025-08-26T11:57:31","slug":"by-painting-sounds-pv-dias-imagines-new-futures-based-on-the-urban-music-scene-of-the-amazon","status":"publish","type":"linha-das-artes","link":"https:\/\/concertacaoamazonia.com.br\/cultura\/en\/linha-das-artes\/by-painting-sounds-pv-dias-imagines-new-futures-based-on-the-urban-music-scene-of-the-amazon\/","title":{"rendered":"By painting sounds, PV Dias imagines new futures based on the urban music scene of the Amazon"},"content":{"rendered":"\n<p class=\"has-text-align-center\"><\/p>\n\n<p class=\"has-text-align-center\"><strong>By painting sounds, PV Dias imagines new futures based on the urban music scene of the Amazon<\/strong><\/p>\n\n<div style=\"height:10px\" aria-hidden=\"true\" class=\"wp-block-spacer\"><\/div>\n\n<p class=\"has-text-align-center\"><em>Photography, video, digital art, augmented reality. Saturated and vibrant colors, pop aesthetics, references to  <dfn class=\"word\"><a tabindex=\"0\">Afrofuturism<\/a> <span class=\"word__explanation\"> Cultural, aesthetic and political movement that manifests itself in various fields of the arts from a Black perspective. It uses science fiction and fantasy to create narratives of Black protagonism, celebrating their identity, ancestry and history. <\/span><\/dfn><\/em><em> and the Caribbean and South American Amazons. These are central elements in the art of Paulo Victor Dias, PV Dias, an artist who will inspire our digital channels as of September <\/em><\/p>\n\n<div style=\"height:10px\" aria-hidden=\"true\" class=\"wp-block-spacer\"><\/div>\n\n<p>PV Dias brings the sound, visual and political pulse of the urban Amazon into his art. Inspired by the vibrant cultural scene of the outskirts of the city, his paintings visually convey the rhythms of tecnobrega\u2014electronic beats that blend synthesizers with elements of regional Amazonian music. <\/p>\n\n<p>Calypso, carimb\u00f3, forr\u00f3, and zouk are portrayed in his work linked with a pop aesthetic and the Afrofuturist movement, in visual narratives that stem from a careful listening to the regional past and present.<\/p>\n\n<p>Its strong connection with the effervescent nightlife scene inspires paintings that explore not only the rhythms, but the universe of the creative economy surrounding large-scale sound system parties: transportation and assembly of structures, decor, lighting, street vendors, and the exhaustion at the end of the events. Thus, the microcosm of Amazonian sound systems represents the appreciation of the aesthetics of celebrations and the Amazonian urban way of life beyond clich\u00e9s.  <\/p>\n\n<div style=\"height:10px\" aria-hidden=\"true\" class=\"wp-block-spacer\"><\/div>\n\n<p class=\"has-text-align-center\"><strong>PV Dias&#8217; artistic Amazon is little known to the rest of Brazil<\/strong><\/p>\n\n<p>PV considers the Amazon he grew up in his fundamental visual reference. He is from Bel\u00e9m and was raised between the capital city and Ananindeua, but he always visited inland Par\u00e1, where his family lives. His experience living in Rio de Janeiro changed the way he understood the region. \u201cLiving outside Par\u00e1 sharpened my perception. Things that I previously considered normal, like the soundscape of Bel\u00e9m, now seem unique to me,\u201d he says.   <\/p>\n\n<p>Contact with stereotypical views of his homeland prompted his desire to rewrite narratives, addressing the rhythms and colors of the outskirts. His works often associate the urban landscape with the economic dimension of behind the scenes of events, highlighting their social and cultural impact.  <\/p>\n\n<p>Its strong connection with the effervescent nightlife scene inspires paintings that explore not only the rhythms, but the universe of the creative economy surrounding large-scale sound system parties: transportation and assembly of structures, decor, lighting, street vendors, and the exhaustion at the end of the events. Fascinated by the visual impact of these events, PV seeks to show a different Amazon, which promotes gigantic celebrations every weekend, but is little known in the rest of Brazil.  <\/p>\n\n<div style=\"height:10px\" aria-hidden=\"true\" class=\"wp-block-spacer\"><\/div>\n\n<p class=\"has-text-align-center\"><strong>The cultural pulse that drives the Amazonian creative economy<\/strong><\/p>\n\n<p>Sound systems democratize culture and leisure, but they also have a strong economic impact. They employ truck drivers, loaders, audio and lighting engineers, visual artists, DJs and street vendors. These production chains support thousands of people who breathe music, become professionals, and their financial activity represent an important source of income.  <\/p>\n\n<p>Alongside other artists, PV highlights the role of local collectives in strengthening the Amazonian creative economy, which is becoming more and more independent of major sponsors. \u201cThere is a cultural pulse inland,\u201d he reports.\u201c<dfn class=\"word\"><a tabindex=\"0\">Camet\u00e1<\/a> <span class=\"word__explanation\"> Town in the state of Par\u00e1<\/span><\/dfn>, for instance, is bustling. What strengthens the scene is not the artist alone, but the collective, the small circuits, the support systems.\u201d Thus, by combining documents, imaginary characters, and pop elements, he creates what he calls \u201cvisual performance plots\u201d to narrate a living, dynamic territory.  <\/p>\n\n<div style=\"height:10px\" aria-hidden=\"true\" class=\"wp-block-spacer\"><\/div>\n\n<p class=\"has-text-align-center\"><strong>The Amazon connected to the world<\/strong><\/p>\n\n<p>The free flow of tecnobrega aesthetics is the theme of painting \u201cQuinze anos na aparelhagem\/Quincea\u00f1era en Sound System\u201d [Fifteen years in sound system] (2023). The work represents the cultural convergence between the Brazilian Amazon and other countries in the region, sometimes stronger than the territory&#8217;s identification with other parts of the country, one of the aspects of daily life of which PV is mindful. <\/p>\n\n<div style=\"height:32px\" aria-hidden=\"true\" class=\"wp-block-spacer\"><\/div>\n\n<figure class=\"wp-block-image aligncenter size-large is-resized\"><img fetchpriority=\"high\" fetchpriority=\"high\" decoding=\"async\" width=\"1024\" height=\"1024\" src=\"https:\/\/concertacaoamazonia.com.br\/wp-content\/uploads\/s3\/concertacaoamazonia.com.br\/assets\/uploads\/2025\/08\/Quinze-anos-na-Aparelhagem.-Quinceanera-en-Sound-System-2023-1024x1024.jpg\" alt=\"\" class=\"wp-image-81438\" style=\"width:600px\" srcset=\"https:\/\/concertacaoamazonia.com.br\/cultura\/wp-content\/uploads\/2025\/08\/Quinze-anos-na-Aparelhagem.-Quinceanera-en-Sound-System-2023-1024x1024.jpg 1024w, https:\/\/concertacaoamazonia.com.br\/cultura\/wp-content\/uploads\/2025\/08\/Quinze-anos-na-Aparelhagem.-Quinceanera-en-Sound-System-2023-300x300.jpg 300w, https:\/\/concertacaoamazonia.com.br\/cultura\/wp-content\/uploads\/2025\/08\/Quinze-anos-na-Aparelhagem.-Quinceanera-en-Sound-System-2023-150x150.jpg 150w, https:\/\/concertacaoamazonia.com.br\/cultura\/wp-content\/uploads\/2025\/08\/Quinze-anos-na-Aparelhagem.-Quinceanera-en-Sound-System-2023-768x768.jpg 768w, https:\/\/concertacaoamazonia.com.br\/cultura\/wp-content\/uploads\/2025\/08\/Quinze-anos-na-Aparelhagem.-Quinceanera-en-Sound-System-2023-1536x1536.jpg 1536w, https:\/\/concertacaoamazonia.com.br\/cultura\/wp-content\/uploads\/2025\/08\/Quinze-anos-na-Aparelhagem.-Quinceanera-en-Sound-System-2023-2048x2048.jpg 2048w\" sizes=\"(max-width: 1024px) 100vw, 1024px\" \/><figcaption class=\"wp-element-caption\">\u201cQuinze anos na Aparelhagem. Quincea\u00f1era en Sound System\u201d (2023)<br\/><\/figcaption><\/figure>\n\n<p>This connection is also made clear by the presence of animals that are part of the decor and visual imagery of the sound system parties in Par\u00e1. An example is work \u201cO B\u00fafalo: A fauna futurista das aparelhagens&#8221; [The Buffalo: The futuristic fauna of the sound systems], which is part of a trilogy of large-scale paintings that also includes the crocodile and the eagle. <\/p>\n\n<p>These figures, present at sound system parties, cross colonial borders and connect the Amazon to Caribbean and South American territories. According to PV, their inclusion in the parties&#8217; decor symbolizes how popular culture transcends geographical boundaries, leading sound, image and visual references beyond established borders. <\/p>\n\n<div style=\"height:32px\" aria-hidden=\"true\" class=\"wp-block-spacer\"><\/div>\n\n<figure class=\"wp-block-image aligncenter size-large is-resized\"><img decoding=\"async\" width=\"724\" height=\"1024\" src=\"https:\/\/concertacaoamazonia.com.br\/wp-content\/uploads\/s3\/concertacaoamazonia.com.br\/assets\/uploads\/2025\/08\/O-Bufalo.-A-Fauna-Futurista-das-Aparelhagens-2021-724x1024.jpg\" alt=\"\" class=\"wp-image-81442\" style=\"width:600px\" srcset=\"https:\/\/concertacaoamazonia.com.br\/cultura\/wp-content\/uploads\/2025\/08\/O-Bufalo.-A-Fauna-Futurista-das-Aparelhagens-2021-724x1024.jpg 724w, https:\/\/concertacaoamazonia.com.br\/cultura\/wp-content\/uploads\/2025\/08\/O-Bufalo.-A-Fauna-Futurista-das-Aparelhagens-2021-212x300.jpg 212w, https:\/\/concertacaoamazonia.com.br\/cultura\/wp-content\/uploads\/2025\/08\/O-Bufalo.-A-Fauna-Futurista-das-Aparelhagens-2021-768x1086.jpg 768w, https:\/\/concertacaoamazonia.com.br\/cultura\/wp-content\/uploads\/2025\/08\/O-Bufalo.-A-Fauna-Futurista-das-Aparelhagens-2021-1086x1536.jpg 1086w, https:\/\/concertacaoamazonia.com.br\/cultura\/wp-content\/uploads\/2025\/08\/O-Bufalo.-A-Fauna-Futurista-das-Aparelhagens-2021-1448x2048.jpg 1448w\" sizes=\"(max-width: 724px) 100vw, 724px\" \/><figcaption class=\"wp-element-caption\">\u201cO B\u00fafalo. A Fauna Futurista das Aparelhagens\u201d (2021)<br\/><\/figcaption><\/figure>\n\n<p>In work \u201cLuzes da noite FM\u201d [Night lights FM} (2023), the artist portrays nightlife DJs in dialogue with the culture of the Colombian <dfn class=\"word\"><a tabindex=\"0\">pic\u00f3s<\/a> <span class=\"word__explanation\"> &#8220;pic\u00f3s&#8221; refers to the powerful sound systems that are an essential part of picotera culture, especially in cities like Cartagena and Barranquilla. These sound systems, decorated with colorful and cheerful designs, are used at parties and events to amplify the music, especially styles like champeta and other Afro-Caribbean rhythms. <\/span><\/dfn> highlighting the international transit of sound system that unites Jamaica, Maranh\u00e3o and Colombia.<br\/><\/p>\n\n<div style=\"height:32px\" aria-hidden=\"true\" class=\"wp-block-spacer\"><\/div>\n\n<figure class=\"wp-block-image aligncenter size-large is-resized\"><img decoding=\"async\" width=\"1013\" height=\"1024\" src=\"https:\/\/concertacaoamazonia.com.br\/wp-content\/uploads\/s3\/concertacaoamazonia.com.br\/assets\/uploads\/2025\/08\/Luzes-da-Noite.-FM-2025-1013x1024.jpg\" alt=\"\" class=\"wp-image-81446\" style=\"width:600px\" srcset=\"https:\/\/concertacaoamazonia.com.br\/cultura\/wp-content\/uploads\/2025\/08\/Luzes-da-Noite.-FM-2025-1013x1024.jpg 1013w, https:\/\/concertacaoamazonia.com.br\/cultura\/wp-content\/uploads\/2025\/08\/Luzes-da-Noite.-FM-2025-297x300.jpg 297w, https:\/\/concertacaoamazonia.com.br\/cultura\/wp-content\/uploads\/2025\/08\/Luzes-da-Noite.-FM-2025-768x776.jpg 768w, https:\/\/concertacaoamazonia.com.br\/cultura\/wp-content\/uploads\/2025\/08\/Luzes-da-Noite.-FM-2025-1520x1536.jpg 1520w, https:\/\/concertacaoamazonia.com.br\/cultura\/wp-content\/uploads\/2025\/08\/Luzes-da-Noite.-FM-2025-2026x2048.jpg 2026w\" sizes=\"(max-width: 1013px) 100vw, 1013px\" \/><figcaption class=\"wp-element-caption\">\u201cLuzes da Noite FM\u201d (2023)<\/figcaption><\/figure>\n\n<p class=\"has-text-align-center\"><strong>An artist who projects the future with an Amazonian accent<\/strong><\/p>\n\n<p><strong><br\/><\/strong>Afrofuturism, in its \u201canarchic and Amazonian\u201d version, is also an essential element in PV Dias\u2019 art. Its strong connection with the effervescent nightlife scene inspires paintings that explore not only the rhythms, but the universe of the creative economy surrounding large-scale sound system parties: transportation and assembly of structures, decor, lighting, street vendors, and the exhaustion at the end of the events. <\/p>\n\n<p>It is in the projection of this future that not only his Black and urban roots converge, but also the rhythms, colors, scenes, technologies, traditions and stories that show a powerful and creative Amazon. \u201cI am telling my story, which can be made up, just as other stories have been. (&#8230;) A future in which architectural, collaborative, visual and musical dynamics also come from an Amazonian perspective,\u201d he explains. <\/p>\n\n<p>And when art arises from the North, with its sparkle, beats and bodies in motion, it not only imagines new worlds, it opens up possibilities.<\/p>\n\n<div style=\"height:10px\" aria-hidden=\"true\" class=\"wp-block-spacer\"><\/div>\n\n<p class=\"has-text-align-center\"><strong>An Amazon at the forefront of modernity<\/strong><\/p>\n\n<p>PV Dias&#8217; art immortalizes an electronic and digital Amazon. The inspiration from tecnobrega sound systems challenges the stereotypical notion of an isolated, pre-modern Amazon. His work proves that the North is a creative power and innovation hub\u2014a territory capable of influencing global aesthetics with colors, rhythms, and references to Black urbanity.  <\/p>\n\n<div style=\"height:64px\" aria-hidden=\"true\" class=\"wp-block-spacer\"><\/div>\n\n\n<style>\/* corre\u00e7\u00e3o de hover dos \u00edcones sociais *\/\n    html .elementor-48223 .elementor-element.elementor-element-4154965 .elementor-share-btn:hover {\n        --e-share-buttons-secondary-color: var(--ucpa-color-2);\n    }\n<\/style><!--  <dfn class=\"word\"><a>WORD<\/a> <span class=\"word__explanation\">LOREM<\/span><\/dfn>  --><style>.word {\n        position: relative;\n        color: var(--ucpa-color-main, #900);\n        display: inline-flex !important;\n        p {\n            display: inline !important;\n        }\n    }\n\n    .word a {\n        cursor: pointer;\n        text-decoration: underline;\n        text-decoration-style: dotted;\n        text-underline-offset: 3px;\n    }\n\n    .word__explanation {\n        position: absolute;\n        top: 100%;\n        left: 0;\n        width: 22rem;\n        padding: 0.5rem 0.8rem 0.8rem;\n        font-size: 0.9rem;\n        background-color: color-mix(in lab, var(--ucpa-color-offwhite, #eee), white 30%);\n        border-radius: 0 0.8rem 0.8rem 0.8rem;\n        visibility: hidden;\n        opacity: 0;\n        transition: opacity 0.3s;\n        z-index: 100000;\n        pointer-events: none;\n        box-shadow: 0 0 0.5rem rgba(0, 0, 0, 0.1);\n    }\n\n    :is(.word:hover, .word:focus, .word:focus-within) .word__explanation {\n        visibility: visible;\n        opacity: 1;\n        pointer-events: all;\n    }\nhtml .linha-das-artes-template-default figcaption {\ncolor: var(--ucpa-color-text, #333);\n}\n\nhtml .wp-block-image {\npadding-top: 0;\n}\n<\/style>\n","protected":false},"excerpt":{"rendered":"<p>By painting sounds, PV Dias imagines new futures based on the urban music scene of the Amazon Photography, video, digital art, augmented reality. Saturated and vibrant colors, pop aesthetics, references to Afrofuturism Cultural, aesthetic and political movement that manifests itself in various fields of the arts from a Black perspective. It uses science fiction and [&hellip;]<\/p>\n","protected":false},"featured_media":0,"template":"","paises":[59],"estados":[74],"cidades":[88],"ano":[57],"eixos":[],"class_list":["post-81680","linha-das-artes","type-linha-das-artes","status-publish","hentry"],"_links":{"self":[{"href":"https:\/\/concertacaoamazonia.com.br\/cultura\/en\/wp-json\/wp\/v2\/linha-das-artes\/81680","targetHints":{"allow":["GET"]}}],"collection":[{"href":"https:\/\/concertacaoamazonia.com.br\/cultura\/en\/wp-json\/wp\/v2\/linha-das-artes"}],"about":[{"href":"https:\/\/concertacaoamazonia.com.br\/cultura\/en\/wp-json\/wp\/v2\/types\/linha-das-artes"}],"wp:attachment":[{"href":"https:\/\/concertacaoamazonia.com.br\/cultura\/en\/wp-json\/wp\/v2\/media?parent=81680"}],"wp:term":[{"taxonomy":"paises","embeddable":true,"href":"https:\/\/concertacaoamazonia.com.br\/cultura\/en\/wp-json\/wp\/v2\/paises?post=81680"},{"taxonomy":"estados","embeddable":true,"href":"https:\/\/concertacaoamazonia.com.br\/cultura\/en\/wp-json\/wp\/v2\/estados?post=81680"},{"taxonomy":"cidades","embeddable":true,"href":"https:\/\/concertacaoamazonia.com.br\/cultura\/en\/wp-json\/wp\/v2\/cidades?post=81680"},{"taxonomy":"ano","embeddable":true,"href":"https:\/\/concertacaoamazonia.com.br\/cultura\/en\/wp-json\/wp\/v2\/ano?post=81680"},{"taxonomy":"eixos","embeddable":true,"href":"https:\/\/concertacaoamazonia.com.br\/cultura\/en\/wp-json\/wp\/v2\/eixos?post=81680"}],"curies":[{"name":"wp","href":"https:\/\/api.w.org\/{rel}","templated":true}]}}