{"id":60259,"date":"2024-08-23T14:02:39","date_gmt":"2024-08-23T17:02:39","guid":{"rendered":"https:\/\/concertacaoamazonia.com.br\/linha-das-artes\/carmezia-emiliano-paints-so-as-not-to-be-forgotten\/"},"modified":"2024-08-23T14:02:39","modified_gmt":"2024-08-23T17:02:39","slug":"carmezia-emiliano-paints-so-as-not-to-be-forgotten","status":"publish","type":"linha-das-artes","link":"https:\/\/concertacaoamazonia.com.br\/cultura\/en\/linha-das-artes\/carmezia-emiliano-paints-so-as-not-to-be-forgotten\/","title":{"rendered":"Carm\u00e9zia Emiliano paints so as not to forget"},"content":{"rendered":"\n<p>Becoming acquainted with Carm\u00e9zia Emiliano&#8217;s work is delving into the artist&#8217;s ongoing effort to record every detail of the culture of her people, the Macuxi. Art whose every line, color, shape and scene reflects a choice, and is meticulously constructed in coherence with her \u201cmantra\u201d: \u201cI paint so as not to forget my culture\u201d.&#13;\n<\/p>\n\n<p>A desire so ingrained in her that it made her astonished when asked why she had never painted Boa Vista, the city where she has lived in for over 30 years. Despite having lived in the capital city of Roraima for quite long, the city does not offer her memories that she wishes to paint. \u201cMaybe one day I\u2019ll paint a picture of indigenous people who abandon their tribes and come out here,\u201d she replied. &#13;\n<\/p>\n\n<p>Carm\u00e9zia&#8217;s canvases with their scenes from Macuxi everyday life, their myths and rites, festivals, their relationship with nature and ancestral knowledge, painted in bright colors and a plethora of details, catch the eye. Her perspective as an indigenous woman also captures nuances of the division of labor between men and women in activities such as planting, hunting, preparing food, and childcare. The vivid scenes appear in repetitions, like an amulet against oblivion. &#13;\n<\/p>\n\n<blockquote class=\"wp-block-quote is-layout-flow wp-block-quote-is-layout-flow\">\n<p class=\"has-text-align-center\"><em>&#13;\n<\/em><i><span style=\"font-weight: 400;\">\u201c<\/span><\/i><b><i>Giving out your first work of art is no good\u201d<\/i><\/b><\/p>\n<\/blockquote>\n\n<p>The artist was born in Maloca do Jap\u00f3, a Macuxi village in the Raposa Serra do Sol Indigenous Land (RR), in 1960 and moved to Boa Vista in the late 1980s in search of work. It was there that she met her husband, L\u00e9o Malabarista, a circus artist, with whom she began to attend cultural events in Roraima<\/p>\n\n<p><span style=\"font-weight: 400;\">In 1992, she visited her first art exhibition, which featured works by Eli\u00e9zer Rufino, brother of the poet<\/span>\u00a0<a id=\"ref1\" href=\"#nota1\">Eliakin Rufino<sup>1<\/sup><\/a>.&#13;\n&#13;\n<span style=\"font-weight: 400;\">There, she realized her desire to become a painter as well. It was Eliakin who presented her with a canvas and paints so that she could try them. In a statement to Roseli Anater<\/span><span style=\"font-weight: 400;\">, Carm\u00e9zia said that she didn&#8217;t think of anything she wanted to paint, but inspired by a painting by Eli\u00e9zer depicting a buriti palm tree, she decided to paint one as well. She then offered painting \u201cVeado no buritizeiro\u201d to Eliakin, but he refused, saying that \u201cgiving out your first work of art is no good&#8230;\u201d.<\/span><\/p>\n\n<p>From then on, Carm\u00e9zia never stopped painting. Initially, as she had trouble buying paints, she produced her own from leaves, fruits, seeds and other elements of nature, as she explained in an interview:<\/p>\n\n<blockquote class=\"wp-block-quote is-layout-flow wp-block-quote-is-layout-flow\">\n<p class=\"has-text-align-left\">\u201cI produced paint myself using green chili pepper leaves, purple cotton leaves, and annatto, which is called colorau, jenipapo brabo, coal, yellow potatoes, things that come from nature. I used to make these colors, I would crush the leaves and then I would draw on paper, not on canvas, because the canvas barely holds it (this paint). Then I painted on paper using these colors.\u201d<\/p>\n<\/blockquote>\n\n<p class=\"has-text-align-center\"><i><span style=\"font-weight: 400;\">\u00a0<\/span><\/i><b><i>In Carm\u00e9zia&#8217;s work, painting is an affirmation of Macuxi culture<\/i><\/b><\/p>\n\n<p>Her themes come from Macuxi life and culture, which she paints so as not to forget, and to share with other people. In her words:&#13;\n<\/p>\n\n<blockquote class=\"wp-block-quote is-layout-flow wp-block-quote-is-layout-flow\">\n<p><a href=\"#nota3\">\u00a0<\/a>&#13;\n&#13;\n<span style=\"font-weight: 400;\">\u201cMy story is beautiful, because I was born an observer, I grew up an observer. I was born in nature, I grew up doing things, I grew up in the community, in the forest, working in the countryside&#8230; I watched everything my mother did. (&#8230;) I depict these memories on canvas: making <\/span><a id=\"ref3\" href=\"#nota3\">beiju<sup>3<\/sup><\/a>, making <a id=\"ref4\" href=\"#nota4\">caxiri<sup>4<\/sup><\/a>, grating cassava, weaving cotton, making hammocks.\u201d<\/p>\n<\/blockquote>\n\n<p>The characteristics of her work place her as a notable representative of na\u00eff art in Brazil, a movement that uses bright and cheerful tones, simple forms and the idealization of nature, in contrast to more usual artistic techniques, such as perspective, conventional forms of composition and use of colors.&#13;\n<\/p>\n\n<p>The artist&#8217;s trajectory outside of the Roraima circles in the following decades is a reflection of the constant growth in the quality of her work, the appreciation of her style and indigenous art.&#13;\n<\/p>\n\n<p>Carm\u00e9zia was a constant presence at the Sesc Piracicaba Na\u00eff Biennial from 2006 to 2020, the year in which she received authentic recognition in the contemporary arts circuit. Since then, her works of art were exposed in major museums, exhibitions and galleries, such as MASP (S\u00e3o Paulo Museum of Art), S\u00e3o Paulo Biennial and Biennial of the Amazons in Bel\u00e9m (PA), as well as abroad. An experience that has given her the opportunity to visit other places, meet other artists and, most importantly, to show her culture. &#13;\n<\/p>\n\n<p class=\"has-text-align-center\"><strong><em>Carm\u00e9zia&#8217;s work inspires Concerta\u00e7\u00e3o&#8217;s digital channels<\/em><\/strong><\/p>\n\n<p>As of August 2024, Carm\u00e9zia brings into the Concertation&#8217;s visual identity inspiration from ten paintings: \u201cFazendo beiju\u201d, \u201cAraras\u201d, \u201cContando hist\u00f3rias\u201d, \u201cEstudando\u201d, \u201cFazendo panela\u201d, \u201cMoqueando peixe\u201d, \u201cMaloca do Cont\u00e3o\u201d, \u201cQuatis\u201d, \u201cWazak\u00e1\u201d and \u201cPescaria\u201d, made available by the Augusto Luitgards Collection. The artist spoke about some of them.&#13;\n<\/p>\n\n<div style=\"height:64px\" aria-hidden=\"true\" class=\"wp-block-spacer\"><\/div>\n\n<p class=\"has-text-align-center\"><strong>ESTUDANDO (2022)<\/strong><\/p>\n\n<figure class=\"wp-block-image aligncenter size-large is-resized\"><img fetchpriority=\"high\" fetchpriority=\"high\" decoding=\"async\" width=\"1024\" height=\"878\" src=\"https:\/\/concertacaoamazonia.com.br\/wp-content\/uploads\/2024\/08\/Estudando-60x70-2022-Grande-1024x878.jpeg\" alt=\"\" class=\"wp-image-59434\" style=\"width:600px\" srcset=\"https:\/\/concertacaoamazonia.com.br\/cultura\/wp-content\/uploads\/2024\/08\/Estudando-60x70-2022-Grande-1024x878.jpeg 1024w, https:\/\/concertacaoamazonia.com.br\/cultura\/wp-content\/uploads\/2024\/08\/Estudando-60x70-2022-Grande-300x257.jpeg 300w, https:\/\/concertacaoamazonia.com.br\/cultura\/wp-content\/uploads\/2024\/08\/Estudando-60x70-2022-Grande-768x658.jpeg 768w, https:\/\/concertacaoamazonia.com.br\/cultura\/wp-content\/uploads\/2024\/08\/Estudando-60x70-2022-Grande.jpeg 1280w\" sizes=\"(max-width: 1024px) 100vw, 1024px\" \/><\/figure>\n\n<p><span style=\"font-weight: 400;\">In this work of art, which portrays a school, one can see a teacher teaching Portuguese and Macuxi. Emiliano says that ever since she was a child, she has never stopped speaking the language of her people, but her daughter cannot speak it, and many young people prefer to speak Portuguese. Therefore, around the school, she portrayed her grandparents teaching traditional knowledge, highlighting its relevance for the continuity of the Macuxi culture. These are activities such as making hammocks,<\/span>\u00a0<a id=\"ref5\" href=\"#nota5\">tipiti<sup>5<\/sup><\/a>, <span style=\"font-weight: 400;\">braiding, shredding cotton, making arrows and clay pots.<\/span><\/p>\n\n<div style=\"height:64px\" aria-hidden=\"true\" class=\"wp-block-spacer\"><\/div>\n\n<p class=\"has-text-align-center\"><strong>MOQUEANDO PEIXE (2022)<\/strong><\/p>\n\n<figure class=\"wp-block-image aligncenter size-large is-resized\"><img decoding=\"async\" width=\"1024\" height=\"878\" src=\"https:\/\/concertacaoamazonia.com.br\/wp-content\/uploads\/2024\/08\/Moqueando-Peixe-60x70-2022-Grande-1024x878.jpeg\" alt=\"\" class=\"wp-image-59442\" style=\"width:600px\" srcset=\"https:\/\/concertacaoamazonia.com.br\/cultura\/wp-content\/uploads\/2024\/08\/Moqueando-Peixe-60x70-2022-Grande-1024x878.jpeg 1024w, https:\/\/concertacaoamazonia.com.br\/cultura\/wp-content\/uploads\/2024\/08\/Moqueando-Peixe-60x70-2022-Grande-300x257.jpeg 300w, https:\/\/concertacaoamazonia.com.br\/cultura\/wp-content\/uploads\/2024\/08\/Moqueando-Peixe-60x70-2022-Grande-768x658.jpeg 768w, https:\/\/concertacaoamazonia.com.br\/cultura\/wp-content\/uploads\/2024\/08\/Moqueando-Peixe-60x70-2022-Grande.jpeg 1162w\" sizes=\"(max-width: 1024px) 100vw, 1024px\" \/><\/figure>\n\n<blockquote class=\"wp-block-quote is-layout-flow wp-block-quote-is-layout-flow\">\n<p><span style=\"font-weight: 400;\">\u201cThis canvas shows the way we live. Because \u00a0we don&#8217;t have a shop to buy food, we don&#8217;t have money to buy nylon thread, we live off the land and fishing (&#8230;). When we go fishing, we take the<\/span>\u00a0<a id=\"ref6\" href=\"#nota6\">jiqui<sup>6<\/sup><\/a>. <span style=\"font-weight: 400;\">Here, the men and boys are fishing and the women are &#8220;moqueando&#8221;<\/span> <a id=\"ref7\" href=\"#nota7\">(roasting)<sup>7<\/sup><\/a> the fish.\u201d<\/p>\n<\/blockquote>\n\n<p class=\"has-text-align-center\"><strong>WAZAK\u00c1 (2022)<\/strong><\/p>\n\n<figure class=\"wp-block-image aligncenter size-large is-resized\"><img decoding=\"async\" width=\"874\" height=\"1024\" src=\"https:\/\/concertacaoamazonia.com.br\/wp-content\/uploads\/2024\/08\/WAZAKA_70x60cm_2022-Grande-874x1024.jpeg\" alt=\"\" class=\"wp-image-59448\" style=\"width:600px\" srcset=\"https:\/\/concertacaoamazonia.com.br\/cultura\/wp-content\/uploads\/2024\/08\/WAZAKA_70x60cm_2022-Grande-874x1024.jpeg 874w, https:\/\/concertacaoamazonia.com.br\/cultura\/wp-content\/uploads\/2024\/08\/WAZAKA_70x60cm_2022-Grande-256x300.jpeg 256w, https:\/\/concertacaoamazonia.com.br\/cultura\/wp-content\/uploads\/2024\/08\/WAZAKA_70x60cm_2022-Grande-768x899.jpeg 768w, https:\/\/concertacaoamazonia.com.br\/cultura\/wp-content\/uploads\/2024\/08\/WAZAKA_70x60cm_2022-Grande.jpeg 1093w\" sizes=\"(max-width: 874px) 100vw, 874px\" \/><\/figure>\n\n<p>Founding myth of several indigenous peoples of the Amazon, Wazak\u00e1 is the name of the Tree of Life and the legend of the emergence of Mount Roraima. According to the story that Carm\u00e9zia&#8217;s uncle told her, brothers Ariqu\u00e9 and Esquir\u00e3 starved because they didn&#8217;t know where to find fruit. They had an agouti, and one day the little animal slept with its mouth open, revealing fruit remains between its teeth.&#13;\n<\/p>\n\n<p>The next day, Ariqu\u00e9 and Esquir\u00e3 followed the agouti and found this huge tree. As there was no fruit on the ground, they decided to cut it down to reach the ones that were higher up. The tree fell to the north and this is why there are many fruits in that region. From the sap that flowed down the trunk, the Ma\u00f4 river in Guyana, the Urariquera river in Venezuela and the Branco river in Brazil emerged. So, Ariqu\u00e9 and Esquir\u00e3 turned the tree trunk into a mountain, which is called Mount Roraima.<\/p>\n\n<blockquote class=\"wp-block-quote is-layout-flow wp-block-quote-is-layout-flow\">\n<p class=\"has-text-align-center\"><i><span style=\"font-weight: 400;\">\u00a0<\/span><\/i><b><i>\u201cMy art takes me places I never thought I would go to\u201d<\/i><\/b><i><span style=\"font-weight: 400;\">\u00a0<\/span><\/i><\/p>\n<\/blockquote>\n\n<p>Carm\u00e9zia&#8217;s wish now is to continue painting and display her work abroad. She has already exhibited in the United States, but he wants to take Macuxi culture even further.&#13;\n<\/p>\n\n<blockquote class=\"wp-block-quote is-layout-flow wp-block-quote-is-layout-flow\">\n<p class=\"has-text-align-center\"><strong><em>\u201cIf it weren\u2019t for my art, I wouldn\u2019t be able to see the world. I didn\u2019t expect to get to these places through my art, but I\u2019m very pleased, because it is very important for me to be able to show my culture to the entire world\u201d.&#13;\n<\/em><\/strong><\/p>\n\n\n\n<div style=\"height:64px\" aria-hidden=\"true\" class=\"wp-block-spacer\"><\/div>\n\n\n\n<p class=\"has-text-align-center\"><strong>NOTES<\/strong><\/p>\n\n\n\n<style>\n    @keyframes blink-animation {\n        0%,\n        10%,\n        20%,\n        30% {\n            background-color: var(--ucpa-color-5, #fff);\n        }\n        5%,\n        15%,\n        25%,\n        100% {\n            background-color: transparent;\n        }\n    }\n\n    @keyframes pulse-animation {\n        0% {\n            box-shadow: 0 0 0 0px rgba(var(--color-blink, #f60), 0.3), 0 0 0 0 rgba(var(--color-blink, #f60), 0.3);\n        }\n        100% {\n            box-shadow: 0 0 0 32px rgba(var(--color-blink, #f60), 0), 0 0 0 16px rgba(var(--color-blink, #f60), 0);\n        }\n    }\n\n    @keyframes blink-animation-a11y {\n        0%,\n        99% {\n            background-color: var(--ucpa-color-5, #fff);\n        }\n        100% {\n            background-color: transparent;\n        }\n    }\n\n    @keyframes pulse-animation-a11y {\n        0%,\n        99% {\n            box-shadow: 0 0 0 6px rgba(var(--color-blink, #f60), 0.3), 0 0 0 12px rgba(var(--color-blink, #f60), 0.3);\n        }\n        100% {\n            box-shadow: 0 0 0 6px rgba(var(--color-blink, #f60), 0), 0 0 0 12px rgba(var(--color-blink, #f60), 0);\n        }\n    }\n\n    body.postid-60124 [data-elementor-id=\"48223\"] sup a {\n        display: inline-block;\n        aspect-ratio: 1;\n        border-radius: 50%;\n    }\n\n    :has(:target sup) {\n        scroll-padding-top: 20rem;\n    }\n    :has(.footnotes :target) {\n        scroll-padding-top: 20rem;\n    }\n\n    body.postid-60124 [data-elementor-id=\"48223\"] :target:has(sup) {\n        --color-blink: 197, 93, 22;\n        animation-name: pulse-animation;\n        animation-duration: 500ms;\n        animation-timing-function: ease-in-out;\n        animation-iteration-count: 5;\n        animation-delay: 1s;\n    }\n\n    .footnotes li {\n        padding: 0.3rem 0.6rem;\n        border-radius: 1rem;\n    }\n\n    .footnotes :target {\n        animation-name: blink-animation;\n        animation-duration: 4000ms;\n        animation-timing-function: ease-in-out;\n        animation-iteration-count: 1;\n        animation-delay: 1s;\n        \/* transition: all 2000ms 1.5s ease-in-out; *\/\n    }\n\n    \/* a11y *\/\n    .a11y body.postid-60124 [data-elementor-id=\"48223\"] sup a:target {\n        animation-name: pulse-animation-a11y;\n        animation-duration: 500ms;\n        animation-timing-function: linear;\n        animation-iteration-count: 1;\n        animation-delay: 1s;\n    }\n    .a11y .footnotes :target {\n        animation-name: blink-animation-a11y;\n        animation-duration: 2000ms;\n        animation-timing-function: ease-in-out;\n        animation-iteration-count: 1;\n        animation-delay: 1s;\n    }\n    @media (prefers-reduced-motion: reduce) {\n        body.postid-60124 [data-elementor-id=\"48223\"] sup a:target {\n            animation-name: pulse-animation-a11y;\n            animation-duration: 500ms;\n            animation-timing-function: linear;\n            animation-iteration-count: 1;\n            animation-delay: 1s;\n        }\n        .footnotes :target {\n            animation-name: blink-animation-a11y;\n            animation-duration: 2000ms;\n            animation-timing-function: ease-in-out;\n            animation-iteration-count: 1;\n            animation-delay: 1s;\n        }\n    }\n<\/style>\n<ol class=\"footnotes\">\n    <li id=\"nota1\">\n        <a href=\"https:\/\/www.instagram.com\/eliakinrufino\" target=\"_blank\" rel=\"noopener\">Eliakin Rufino<\/a> is a poet from Roraima, writer, philosopher, university professor, cultural producer and journalist.\n        <a href=\"#ref1\">\u21a9<\/a>\n    <\/li>\n    <li id=\"nota2\">\n        Master&#8217;s Dissertation UFRR 2014: \u201cPainting so as not to forget: The visual and oral narratives of Carm\u00e9zia Emiliano\u201d (<a href=\"http:\/\/www.bdtd.ufrr.br\/tde_busca\/arquivo.php?codArquivo=189\" target=\"_blank\" rel=\"noopener\">http:\/\/www.bdtd.ufrr.br\/tde_busca\/arquivo.php?codArquivo=189<\/a>) <a href=\"#ref2\" rel=\"\">\u21a9<\/a>\n    <\/li>\n    <li id=\"nota3\">Beiju:dish of indigenous origin; tapioca <a href=\"#ref3\">\u21a9<\/a><\/li>\n    <li id=\"nota4\">Caxiri: traditional alcoholic drink of the indigenous peoples of the Amazon, made from cassava <a href=\"#ref4\">\u21a9<\/a><\/li>\n    <li id=\"nota5\">Tipiti is a type of press or woven straw squeezer, used to squeeze, drain and dry roots, usually cassava.. <a href=\"#ref5\">\u21a9<\/a><\/li>\n    <li id=\"nota6\">Jiqui: River fishing trap, consisting of a long, tapered basket <a href=\"#ref6\">\u21a9<\/a><\/li>\n    <li id=\"nota7\">Moquear: roasting or smoking fish on a moqu\u00e9m, a handmade grill supported by wooden forks stuck in the ground <a href=\"#ref7\">\u21a9<\/a><\/li>\n<\/ol>\n\n\n<style>\n    \/* corre\u00e7\u00e3o de hover dos \u00edcones sociais *\/\n    html .elementor-48223 .elementor-element.elementor-element-4154965 .elementor-share-btn:hover {\n        --e-share-buttons-secondary-color: var( --ucpa-color-2 );\n    }\n<\/style>\n<\/blockquote>\n","protected":false},"excerpt":{"rendered":"<p>Becoming acquainted with Carm\u00e9zia Emiliano&#8217;s work is delving into the artist&#8217;s ongoing effort to record every detail of the culture of her people, the Macuxi. Art whose every line, color, shape and scene reflects a choice, and is meticulously constructed in coherence with her \u201cmantra\u201d: \u201cI paint so as not to forget my culture\u201d.<\/p>\n","protected":false},"featured_media":59449,"template":"","paises":[59],"estados":[81],"cidades":[80],"ano":[72],"eixos":[],"class_list":["post-60259","linha-das-artes","type-linha-das-artes","status-publish","has-post-thumbnail","hentry"],"_links":{"self":[{"href":"https:\/\/concertacaoamazonia.com.br\/cultura\/en\/wp-json\/wp\/v2\/linha-das-artes\/60259","targetHints":{"allow":["GET"]}}],"collection":[{"href":"https:\/\/concertacaoamazonia.com.br\/cultura\/en\/wp-json\/wp\/v2\/linha-das-artes"}],"about":[{"href":"https:\/\/concertacaoamazonia.com.br\/cultura\/en\/wp-json\/wp\/v2\/types\/linha-das-artes"}],"wp:featuredmedia":[{"embeddable":true,"href":"https:\/\/concertacaoamazonia.com.br\/cultura\/en\/wp-json\/wp\/v2\/media\/59449"}],"wp:attachment":[{"href":"https:\/\/concertacaoamazonia.com.br\/cultura\/en\/wp-json\/wp\/v2\/media?parent=60259"}],"wp:term":[{"taxonomy":"paises","embeddable":true,"href":"https:\/\/concertacaoamazonia.com.br\/cultura\/en\/wp-json\/wp\/v2\/paises?post=60259"},{"taxonomy":"estados","embeddable":true,"href":"https:\/\/concertacaoamazonia.com.br\/cultura\/en\/wp-json\/wp\/v2\/estados?post=60259"},{"taxonomy":"cidades","embeddable":true,"href":"https:\/\/concertacaoamazonia.com.br\/cultura\/en\/wp-json\/wp\/v2\/cidades?post=60259"},{"taxonomy":"ano","embeddable":true,"href":"https:\/\/concertacaoamazonia.com.br\/cultura\/en\/wp-json\/wp\/v2\/ano?post=60259"},{"taxonomy":"eixos","embeddable":true,"href":"https:\/\/concertacaoamazonia.com.br\/cultura\/en\/wp-json\/wp\/v2\/eixos?post=60259"}],"curies":[{"name":"wp","href":"https:\/\/api.w.org\/{rel}","templated":true}]}}