{"id":48285,"date":"2023-12-11T14:09:16","date_gmt":"2023-12-11T17:09:16","guid":{"rendered":"https:\/\/concertacaoamazonia.com.br\/?post_type=linha-das-artes&#038;p=48285"},"modified":"2023-12-13T19:25:22","modified_gmt":"2023-12-13T22:25:22","slug":"laiza-ferreira","status":"publish","type":"linha-das-artes","link":"https:\/\/concertacaoamazonia.com.br\/cultura\/en\/linha-das-artes\/laiza-ferreira\/","title":{"rendered":"La\u00edza Ferreira"},"content":{"rendered":"\n<p>A busca pelo preenchimento das lacunas da mem\u00f3ria move a arte da paraense La\u00edza Ferreira desde a inf\u00e2ncia. Antes mesmo de se entender como artista, ela foi seduzida pelo universo das imagens e passou a encarar a cria\u00e7\u00e3o art\u00edstica como uma estrat\u00e9gia de sobreviv\u00eancia, \u201cuma rota de fuga, um meio de transformar a subjetividade, meus imagin\u00e1rios de mim mesma e de outras pessoas\u201d.<\/p>\n\n<figure class=\"wp-block-image aligncenter size-full\"><img fetchpriority=\"high\" fetchpriority=\"high\" decoding=\"async\" width=\"546\" height=\"640\" src=\"https:\/\/concertacaoamazonia.com.br\/wp-content\/uploads\/2023\/10\/Memoria-ancestral-2018fotocolagem__-Media.jpeg\" alt=\"\" class=\"wp-image-47940\" srcset=\"https:\/\/concertacaoamazonia.com.br\/cultura\/wp-content\/uploads\/2023\/10\/Memoria-ancestral-2018fotocolagem__-Media.jpeg 546w, https:\/\/concertacaoamazonia.com.br\/cultura\/wp-content\/uploads\/2023\/10\/Memoria-ancestral-2018fotocolagem__-Media-256x300.jpeg 256w\" sizes=\"(max-width: 546px) 100vw, 546px\" \/><figcaption class=\"wp-element-caption\">Mem\u00f3ria ancestral, fotocolagem, 2018<\/figcaption><\/figure>\n\n<p>Diante do apagamento cultural e hist\u00f3rico de sua comunidade, La\u00edza s\u00f3 teve acesso a informa\u00e7\u00f5es sobre sua origem quilombola por meio da oralidade de sua av\u00f3 materna, Cassiana, com quem cultivava uma liga\u00e7\u00e3o especial. Ela lhe contava hist\u00f3rias de seu passado, dos lugares onde viveu e da vontade de retornar \u00e0 comunidade quilombola onde cresceu, embora n\u00e3o soubesse especificar onde ficava. Detalhes sobre a Vila S\u00e3o Manoel, no Quilombo Jambua\u00e7u, em Moju, no Par\u00e1, s\u00f3 foram conhecidos por La\u00edza ap\u00f3s a morte da av\u00f3, durante a realiza\u00e7\u00e3o de seu trabalho de conclus\u00e3o de curso (TCC) na universidade.<\/p>\n\n<blockquote class=\"wp-block-quote has-text-align-center is-layout-flow wp-block-quote-is-layout-flow\">\n<p><\/p>\n<cite><strong>\u201cA minha av\u00f3 sempre falou sobre o territ\u00f3rio, mas ela n\u00e3o conhecia, n\u00e3o sabia onde era. Ent\u00e3o quando eu fiz o meu TCC que eu fui descobrindo os lugares, porque ela n\u00e3o se lembrava de muitos lugares, e foi a partir das hist\u00f3rias que ela me contava que fui investigando\u201d<\/strong><\/cite><\/blockquote>\n\n<p>A descoberta tardia a fez perceber que os v\u00e1cuos de sua hist\u00f3ria pessoal que tanto buscava preencher eram ainda mais profundos. Pesquisando sobre o Quilombo Jambua\u00e7u, buscando conhecer o passado de Dona Cassiana em um processo que descreve como imensamente doloroso, ela se deu conta do que j\u00e1 intu\u00eda: as dimens\u00f5es do apagamento cultural dos povos origin\u00e1rios da Amaz\u00f4nia s\u00e3o imensas. La\u00edza conta que at\u00e9 hoje n\u00e3o conseguiu descobrir se ainda possui familiares no quilombo, embora imagine que sim.<\/p>\n\n<figure class=\"wp-block-image aligncenter size-full\"><img decoding=\"async\" width=\"462\" height=\"640\" src=\"https:\/\/concertacaoamazonia.com.br\/wp-content\/uploads\/2023\/12\/Cassiana-memoria-ancestral-Media.jpeg\" alt=\"\" class=\"wp-image-48089\" srcset=\"https:\/\/concertacaoamazonia.com.br\/cultura\/wp-content\/uploads\/2023\/12\/Cassiana-memoria-ancestral-Media.jpeg 462w, https:\/\/concertacaoamazonia.com.br\/cultura\/wp-content\/uploads\/2023\/12\/Cassiana-memoria-ancestral-Media-217x300.jpeg 217w\" sizes=\"(max-width: 462px) 100vw, 462px\" \/><figcaption class=\"wp-element-caption\">Cassiana, mem\u00f3ria ancestral<\/figcaption><\/figure>\n\n<blockquote class=\"wp-block-quote has-text-align-center is-layout-flow wp-block-quote-is-layout-flow\">\n<p><\/p>\n<cite><strong>\u201cNossas hist\u00f3rias foram apagadas. N\u00e3o conhecemos lugares, pessoas, hist\u00f3rias; n\u00e3o temos acesso a arquivos hist\u00f3ricos. A historiografia oficial, colonial, apagou tudo\u201d<\/strong><\/cite><\/blockquote>\n\n<p>Mesmo antes do aprofundamento dessa consci\u00eancia, a arte de La\u00edza j\u00e1 buscava substituir as brechas da mem\u00f3ria e gerar questionamentos, reflex\u00f5es e po\u00e9ticas. Sua cria\u00e7\u00e3o partia das hist\u00f3rias da av\u00f3, de sua imagina\u00e7\u00e3o, de experi\u00eancias do cotidiano e de quest\u00f5es pol\u00edticas que a incomodam, por meio de colagens anal\u00f3gicas ou digitais.<\/p>\n\n<blockquote class=\"wp-block-quote has-text-align-center is-layout-flow wp-block-quote-is-layout-flow\">\n<p><\/p>\n<cite><strong>\u201cAcesso essas mem\u00f3rias como um campo de for\u00e7a onde crio outras possibilidades de exist\u00eancia. \u00c9 uma forma de tecer caminhos alternativos e de compreender as pr\u00f3prias narrativas\u201d<\/strong><\/cite><\/blockquote>\n\n<p>Nascida e criada em Ananindeua (PA), a artista entrou em contato com o universo das colagens ainda muito jovem, quando passou a montar fanzines com amigos, atividade que logo se tornaria seu primeiro trabalho profissional. Al\u00e9m de encant\u00e1-la, a t\u00e9cnica tinha a vantagem de ser acess\u00edvel financeira e materialmente, pois j\u00e1 dispunha de muito material de pesquisa, livros e revistas antigas, folhas amareladas, elementos que a atra\u00edam muito. E lhe permitiu avan\u00e7ar para misturas diferentes e novos caminhos.<\/p>\n\n<figure class=\"wp-block-image aligncenter size-full\"><img decoding=\"async\" width=\"640\" height=\"640\" src=\"https:\/\/concertacaoamazonia.com.br\/wp-content\/uploads\/2023\/06\/interseccao-colagem-digital-existencia-2020-Media.jpeg\" alt=\"\" class=\"wp-image-47739\" srcset=\"https:\/\/concertacaoamazonia.com.br\/cultura\/wp-content\/uploads\/2023\/06\/interseccao-colagem-digital-existencia-2020-Media.jpeg 640w, https:\/\/concertacaoamazonia.com.br\/cultura\/wp-content\/uploads\/2023\/06\/interseccao-colagem-digital-existencia-2020-Media-300x300.jpeg 300w, https:\/\/concertacaoamazonia.com.br\/cultura\/wp-content\/uploads\/2023\/06\/interseccao-colagem-digital-existencia-2020-Media-150x150.jpeg 150w\" sizes=\"(max-width: 640px) 100vw, 640px\" \/><figcaption class=\"wp-element-caption\">Intersec\u00e7\u00e3o, colagem digital exist\u00eancia, 2020<\/figcaption><\/figure>\n\n<blockquote class=\"wp-block-quote has-text-align-center is-layout-flow wp-block-quote-is-layout-flow\">\n<p><\/p>\n<cite><strong>\u201cEstimo o imagin\u00e1rio para me reconectar com os que me antecederam atrav\u00e9s do deslocamento de imagens e sobreposi\u00e7\u00e3o de camadas\u201d<\/strong><\/cite><\/blockquote>\n\n<p>A consci\u00eancia sobre as lacunas da pr\u00f3pria hist\u00f3ria e da invisibilidade do territ\u00f3rio amaz\u00f4nico j\u00e1 se expressava em seu trabalho por meio do imagin\u00e1rio que, em suas palavras, \u00e9 \u201cesse lugar de reconstru\u00e7\u00e3o de narrativas no qual a mem\u00f3ria ancestral \u00e9 um processo de reinven\u00e7\u00e3o subjetiva\u201d.\u00a0<\/p>\n\n<blockquote class=\"wp-block-quote has-text-align-center is-layout-flow wp-block-quote-is-layout-flow\">\n<p><\/p>\n<cite><strong>\u201cMinhas obras se baseiam em investiga\u00e7\u00f5es que se iniciam em mem\u00f3rias, fic\u00e7\u00f5es, territ\u00f3rios e temporalidades distintas, a partir de imagens que evocam a imagina\u00e7\u00e3o pol\u00edtica\u201d<\/strong><\/cite><\/blockquote>\n\n<p>Com base no que absorve dessa mem\u00f3ria ancestral, de refer\u00eancias liter\u00e1rias e experi\u00eancias do cotidiano, La\u00edza busca interseccionar e criar uma concep\u00e7\u00e3o que seja nova para ela, uma tecnologia \u00edntima. \u201cUma tecnologia ancestral\u201d.<\/p>\n\n<figure class=\"wp-block-image aligncenter size-full\"><img loading=\"lazy\" loading=\"lazy\" decoding=\"async\" width=\"565\" height=\"640\" src=\"https:\/\/concertacaoamazonia.com.br\/wp-content\/uploads\/2021\/10\/Quaseilhas-2019-Colagem-analogica-118x134-cm-Media.jpeg\" alt=\"\" class=\"wp-image-47705\" srcset=\"https:\/\/concertacaoamazonia.com.br\/cultura\/wp-content\/uploads\/2021\/10\/Quaseilhas-2019-Colagem-analogica-118x134-cm-Media.jpeg 565w, https:\/\/concertacaoamazonia.com.br\/cultura\/wp-content\/uploads\/2021\/10\/Quaseilhas-2019-Colagem-analogica-118x134-cm-Media-265x300.jpeg 265w\" sizes=\"auto, (max-width: 565px) 100vw, 565px\" \/><figcaption class=\"wp-element-caption\">Quaseilhas, colagem anal\u00f3gica, 2019<\/figcaption><\/figure>\n\n<p>Dessa forma, suas obras prop\u00f5em um rompimento com a temporalidade ocidental, linear, cartesiana e violenta com as realidades e subjetividades amaz\u00f4nidas, que mata a sensibilidade humana. Ela acredita que essa ruptura pode nos mostrar outros caminhos de cria\u00e7\u00e3o, reflex\u00e3o e discuss\u00e3o sobre a Amaz\u00f4nia, que permitam aos amaz\u00f4nidas pensar novas possibilidades de sonho, de ter suas subjetividades e identidades afirmadas, reconhecidas e respeitadas.<\/p>\n\n<blockquote class=\"wp-block-quote has-text-align-center is-layout-flow wp-block-quote-is-layout-flow\">\n<p><\/p>\n<cite><strong>\u201cO territ\u00f3rio e a floresta s\u00e3o parte do meu pr\u00f3prio corpo. Por que destruir algo que \u00e9 parte do seu corpo? Isso tamb\u00e9m \u00e9 algo que os povos origin\u00e1rios nos trazem, ensinamentos de respeito e de rever\u00eancia para com a natureza\u201d<\/strong><\/cite><\/blockquote>\n\n<figure class=\"wp-block-image aligncenter size-full\"><img loading=\"lazy\" loading=\"lazy\" decoding=\"async\" width=\"454\" height=\"640\" src=\"https:\/\/concertacaoamazonia.com.br\/wp-content\/uploads\/2023\/12\/C02-Media.jpeg\" alt=\"\" class=\"wp-image-47827\" srcset=\"https:\/\/concertacaoamazonia.com.br\/cultura\/wp-content\/uploads\/2023\/12\/C02-Media.jpeg 454w, https:\/\/concertacaoamazonia.com.br\/cultura\/wp-content\/uploads\/2023\/12\/C02-Media-213x300.jpeg 213w\" sizes=\"auto, (max-width: 454px) 100vw, 454px\" \/><figcaption class=\"wp-element-caption\">CO2<\/figcaption><\/figure>\n\n<p>Esse esfor\u00e7o criativo j\u00e1 rendeu \u00e0 artista o Pr\u00eamio Margem Fotografia Potiguar em 2020, pela s\u00e9rie \u201cMem\u00f3ria Ancestral\u201d, e a indica\u00e7\u00e3o ao Pr\u00eamio PIPA em 2021, al\u00e9m de exposi\u00e7\u00f5es no Brasil, Col\u00f4mbia e Espanha.<\/p>\n\n<p>Dona Cassiana infelizmente partiu sem realizar o sonho de retornar \u00e0 comunidade quilombola de S\u00e3o Manoel, mas a neta La\u00edza pretende honr\u00e1-lo em seu lugar.<\/p>\n\n<p>A no\u00e7\u00e3o mais precisa da extens\u00e3o de seu pr\u00f3prio apagamento produziu um choque, uma \u201crasura\u201d em sua arte. Ao perceber que havia sido privada de uma parte de sua vida, passou a questionar: como prosseguir? O que construir agora? Hoje, j\u00e1 sentindo-se melhor, d\u00e1-se conta de que um processo f\u00e9rtil pode surgir a partir da\u00ed.<\/p>\n\n<p>Em outra frente, La\u00edza milita pela arte-educa\u00e7\u00e3o, atividade que para ela precisa estar inserida nos processos art\u00edsticos, uma vez que a nossa rela\u00e7\u00e3o com as imagens \u00e9 muito problem\u00e1tica.\u00a0<\/p>\n\n<blockquote class=\"wp-block-quote has-text-align-center is-layout-flow wp-block-quote-is-layout-flow\">\n<p><\/p>\n<cite><strong>\u201cA todo tempo somos bombardeados por imagens violentas, que ferem o nosso cotidiano e nossa sa\u00fade mental. Por isso, os artistas, enquanto pessoas ativas, pensantes, t\u00eam um importante trabalho: trazer na educa\u00e7\u00e3o uma nova rela\u00e7\u00e3o com as imagens, que possa estar dentro do contexto social e cultural de diversos grupos como um caminho para se construir algo pol\u00edtico, coletivo, de autogest\u00e3o e que n\u00e3o fira os nossos imagin\u00e1rios\u201d <\/strong><\/cite><\/blockquote>\n\n<p>Para avan\u00e7ar nesse trabalho educativo, a artista, que \u00e9 graduada em Artes Visuais pela UFRN, agora cursa p\u00f3s-gradua\u00e7\u00e3o em Ensino de Artes Visuais e desenvolve atividades nessa \u00e1rea em paralelo \u00e0 cria\u00e7\u00e3o art\u00edstica.<\/p>\n","protected":false},"excerpt":{"rendered":"<p><b>La\u00edza Ferreira intertwines memory, fictions, territories and temporalities, and creates new possibilities of re-existence.<\/b><\/p>\n<p>Through collage, the artist who inspires the visual identity of the Concertation&#8217;s digital channels instigates imagery to reconnect with those who preceded her and fill the gaps left by the Amazonian cultural erasure.<\/p>\n","protected":false},"featured_media":48088,"template":"","paises":[59],"estados":[],"cidades":[],"ano":[64],"eixos":[],"class_list":["post-48285","linha-das-artes","type-linha-das-artes","status-publish","has-post-thumbnail","hentry"],"_links":{"self":[{"href":"https:\/\/concertacaoamazonia.com.br\/cultura\/en\/wp-json\/wp\/v2\/linha-das-artes\/48285","targetHints":{"allow":["GET"]}}],"collection":[{"href":"https:\/\/concertacaoamazonia.com.br\/cultura\/en\/wp-json\/wp\/v2\/linha-das-artes"}],"about":[{"href":"https:\/\/concertacaoamazonia.com.br\/cultura\/en\/wp-json\/wp\/v2\/types\/linha-das-artes"}],"wp:featuredmedia":[{"embeddable":true,"href":"https:\/\/concertacaoamazonia.com.br\/cultura\/en\/wp-json\/wp\/v2\/media\/48088"}],"wp:attachment":[{"href":"https:\/\/concertacaoamazonia.com.br\/cultura\/en\/wp-json\/wp\/v2\/media?parent=48285"}],"wp:term":[{"taxonomy":"paises","embeddable":true,"href":"https:\/\/concertacaoamazonia.com.br\/cultura\/en\/wp-json\/wp\/v2\/paises?post=48285"},{"taxonomy":"estados","embeddable":true,"href":"https:\/\/concertacaoamazonia.com.br\/cultura\/en\/wp-json\/wp\/v2\/estados?post=48285"},{"taxonomy":"cidades","embeddable":true,"href":"https:\/\/concertacaoamazonia.com.br\/cultura\/en\/wp-json\/wp\/v2\/cidades?post=48285"},{"taxonomy":"ano","embeddable":true,"href":"https:\/\/concertacaoamazonia.com.br\/cultura\/en\/wp-json\/wp\/v2\/ano?post=48285"},{"taxonomy":"eixos","embeddable":true,"href":"https:\/\/concertacaoamazonia.com.br\/cultura\/en\/wp-json\/wp\/v2\/eixos?post=48285"}],"curies":[{"name":"wp","href":"https:\/\/api.w.org\/{rel}","templated":true}]}}